{"id":1017,"date":"2025-10-27T10:39:42","date_gmt":"2025-10-27T10:39:42","guid":{"rendered":"https:\/\/bs.xl.pt\/conferencia-do-poder\/?post_type=attendants&#038;p=1017"},"modified":"2025-10-27T10:39:42","modified_gmt":"2025-10-27T10:39:42","slug":"vitor-pereira","status":"publish","type":"attendants","link":"https:\/\/bs.xl.pt\/conferencia-do-poder\/attendants\/vitor-pereira\/","title":{"rendered":"V\u00edtor Pereira"},"content":{"rendered":"\n<p>V\u00edtor Pereira \u00e9 membro da Comiss\u00e3o Executiva do Bankinter Portugal, diretor de Desenvolvimento de Neg\u00f3cio, Banca Digital do banco e diretor do Bankinter Consumer Finance. \u00c9 ainda professor auxiliar convidado na Faculdade de Economia do Porto, no Mestrado Executivo de Banca e Finan\u00e7as.&nbsp;<\/p>\n\n\n\n<p>Ingressou no Bankinter em 2016, ap\u00f3s uma carreira de mais de duas d\u00e9cadas no setor banc\u00e1rio, passando pelo Banco Esp\u00edrito Santo e pelo Barclays Bank Portugal, onde exerceu fun\u00e7\u00f5es de dire\u00e7\u00e3o nas \u00e1reas de neg\u00f3cios e marketing.&nbsp;<\/p>\n\n\n\n<p>&nbsp;<br>Licenciado em Gest\u00e3o de Empresas pela Universidade Fernando Pessoa, possui um Master em <em>Banking Business Management<\/em> pela Universidade Cat\u00f3lica Portuguesa e completou o <em>Advanced Management Program<\/em> da Kellogg School of Management \/ Universidade Cat\u00f3lica.&nbsp;<\/p>\n\n\n\n<p>&nbsp;<br>Com um percurso marcado pela inova\u00e7\u00e3o e foco no cliente, V\u00edtor Pereira tem estado envolvido na estrat\u00e9gia de transforma\u00e7\u00e3o digital do Bankinter em Portugal.&nbsp;<\/p>\n\n\n\n<p><strong>V\u00edtor Pereira &#8211; Nota biogr\u00e1fica \u2013 vers\u00e3o longa<\/strong>&nbsp;<\/p>\n\n\n\n<p>Iniciou a sua carreira profissional em 1992, na Banca de Retalho no Banco Esp\u00edrito Santo, onde permaneceu durante 15 anos com diferentes fun\u00e7\u00f5es comerciais, sendo que a \u00faltima foi como Diretor de Banca de Neg\u00f3cios.&nbsp;<\/p>\n\n\n\n<p>&nbsp;<br>Em maio de 2007, juntou-se ao Barclays Bank Portugal como Diretor de Neg\u00f3cios para a regi\u00e3o Norte implementando este segmento na \u00e1rea de Retalho. Em 2008 assumiu a responsabilidade do segmento a n\u00edvel nacional incluindo a rede de distribui\u00e7\u00e3o.&nbsp;<\/p>\n\n\n\n<p>&nbsp;<br>Em 2011, foi nomeado como Diretor de Segmentos e Proposta de Valor para os segmentos de Neg\u00f3cios, Premier e Particulares. Em 2012, desempenhou a fun\u00e7\u00e3o de Diretor de Marketing de Neg\u00f3cios para a Ib\u00e9ria, e em 2013 assumiu a fun\u00e7\u00e3o de Diretor de Marketing, Clientes e Produtos para Portugal.&nbsp;<\/p>\n\n\n\n<p>&nbsp;<br>Em 2013, foi membro do Conselho para a Europa (Portugal, Espanha, Fran\u00e7a, It\u00e1lia e UK) e participou no desenvolvimento da proposta de valor para os segmentos Premier e Neg\u00f3cios a n\u00edvel pan-europeu.&nbsp;<\/p>\n\n\n\n<p>&nbsp;<br>Em 2014, foi nomeado Chief Marketing Officer e Membro da Comiss\u00e3o Executiva do Barclays Portugal, agregando a responsabilidade da proposta valor de clientes para as \u00e1reas de Retalho e Wealth.&nbsp;<\/p>\n\n\n\n<p>&nbsp;<br>Desde abril de 2016, integra o Bankinter Portugal, como Membro da Comiss\u00e3o Executiva, e exerce atualmente as fun\u00e7\u00f5es de diretor de Desenvolvimento de Neg\u00f3cio, Banca Digital e Bankinter Consumer Finance.&nbsp;<\/p>\n\n\n\n<p>&nbsp;<br>V\u00edtor Pereira possui uma licenciatura em Gest\u00e3o de Empresas, pela Universidade Fernando Pessoa do Porto, um Master em Banking Business Management, pela Universidade Cat\u00f3lica de lisboa e um Advanced Management Program pela Universidade Cat\u00f3lica e Kellog School of Management \u2013 Northwestern University Chicago. Foi professor convidado no Instituto Polit\u00e9cnico do Cavado na disciplina de Gest\u00e3o de Institui\u00e7\u00f5es Financeiras. \u00c9 ainda professor auxiliar convidado na Faculdade de Economia do Porto, no Mestrado Executivo de Banca e Finan\u00e7as.&nbsp;<\/p>\n","protected":false},"featured_media":1020,"template":"","meta":[],"categories":[],"tags":[15],"attendant_categories":[],"class_list":["post-1017","attendants","type-attendants","status-publish","has-post-thumbnail","hentry","tag-negocios-25"],"_links":{"self":[{"href":"https:\/\/bs.xl.pt\/conferencia-do-poder\/wp-json\/wp\/v2\/attendants\/1017","targetHints":{"allow":["GET"]}}],"collection":[{"href":"https:\/\/bs.xl.pt\/conferencia-do-poder\/wp-json\/wp\/v2\/attendants"}],"about":[{"href":"https:\/\/bs.xl.pt\/conferencia-do-poder\/wp-json\/wp\/v2\/types\/attendants"}],"wp:featuredmedia":[{"embeddable":true,"href":"https:\/\/bs.xl.pt\/conferencia-do-poder\/wp-json\/wp\/v2\/media\/1020"}],"wp:attachment":[{"href":"https:\/\/bs.xl.pt\/conferencia-do-poder\/wp-json\/wp\/v2\/media?parent=1017"}],"wp:term":[{"taxonomy":"category","embeddable":true,"href":"https:\/\/bs.xl.pt\/conferencia-do-poder\/wp-json\/wp\/v2\/categories?post=1017"},{"taxonomy":"post_tag","embeddable":true,"href":"https:\/\/bs.xl.pt\/conferencia-do-poder\/wp-json\/wp\/v2\/tags?post=1017"},{"taxonomy":"attendant_categories","embeddable":true,"href":"https:\/\/bs.xl.pt\/conferencia-do-poder\/wp-json\/wp\/v2\/attendant_categories?post=1017"}],"curies":[{"name":"wp","href":"https:\/\/api.w.org\/{rel}","templated":true}]}}