{"id":217,"date":"2023-11-06T12:22:59","date_gmt":"2023-11-06T12:22:59","guid":{"rendered":"https:\/\/bs.xl.pt\/conferencia-do-poder\/?post_type=attendants&#038;p=217"},"modified":"2024-10-15T16:31:33","modified_gmt":"2024-10-15T16:31:33","slug":"rui-maciel","status":"publish","type":"attendants","link":"https:\/\/bs.xl.pt\/conferencia-do-poder\/attendants\/rui-maciel\/","title":{"rendered":"Rui Maciel"},"content":{"rendered":"\n<p>Chamo-me Rui Maciel, nasci em 1996 na cidade do Porto. Sou mestre em Economia e em Ci\u00eancias de Comunica\u00e7\u00e3o pela Universidade Nova de Lisboa e encontro-me, neste&nbsp;momento, a estudar Ci\u00eancia de Dados na Barcelona School of Economics.&nbsp;<\/p>\n\n\n\n<p>Trabalhei no Minist\u00e9rio das Finan\u00e7as Portugu\u00eas, no Banco de Portugal e, durante os \u00faltimos dois anos, no Banco Central Europeu como cientista de dados.<\/p>\n\n\n\n<p>Sou um apaixonado por pol\u00edtica e comunica\u00e7\u00e3o. Desde os meus tempos de licenciatura na Faculdade de Economia da Universidade do Porto participo ativamente em debates, tendo sido em 2017 campe\u00e3o nacional de Debate Competitivo Universit\u00e1rio. Desde 2021, tenho um podcast denominado &#8220;M\u00e3o Vis\u00edvel&#8221;, que tem como objetivo aproximar dos mais jovens a economia e a atualidade pol\u00edtica .<\/p>\n\n\n\n<p>\u00c9 um gosto enorme ser orador nesta Confer\u00eancia &#8220;O Poder de Fazer Acontecer&#8221; e quero com a minha participa\u00e7\u00e3o promover pol\u00edticas p\u00fablicas que fa\u00e7am com que n\u00e3o sejamos a primeira gera\u00e7\u00e3o com pior qualidade de vida que a anterior.<\/p>\n","protected":false},"featured_media":220,"template":"","meta":[],"categories":[],"tags":[10],"attendant_categories":[],"class_list":["post-217","attendants","type-attendants","status-publish","has-post-thumbnail","hentry","tag-negocios-23"],"_links":{"self":[{"href":"https:\/\/bs.xl.pt\/conferencia-do-poder\/wp-json\/wp\/v2\/attendants\/217","targetHints":{"allow":["GET"]}}],"collection":[{"href":"https:\/\/bs.xl.pt\/conferencia-do-poder\/wp-json\/wp\/v2\/attendants"}],"about":[{"href":"https:\/\/bs.xl.pt\/conferencia-do-poder\/wp-json\/wp\/v2\/types\/attendants"}],"wp:featuredmedia":[{"embeddable":true,"href":"https:\/\/bs.xl.pt\/conferencia-do-poder\/wp-json\/wp\/v2\/media\/220"}],"wp:attachment":[{"href":"https:\/\/bs.xl.pt\/conferencia-do-poder\/wp-json\/wp\/v2\/media?parent=217"}],"wp:term":[{"taxonomy":"category","embeddable":true,"href":"https:\/\/bs.xl.pt\/conferencia-do-poder\/wp-json\/wp\/v2\/categories?post=217"},{"taxonomy":"post_tag","embeddable":true,"href":"https:\/\/bs.xl.pt\/conferencia-do-poder\/wp-json\/wp\/v2\/tags?post=217"},{"taxonomy":"attendant_categories","embeddable":true,"href":"https:\/\/bs.xl.pt\/conferencia-do-poder\/wp-json\/wp\/v2\/attendant_categories?post=217"}],"curies":[{"name":"wp","href":"https:\/\/api.w.org\/{rel}","templated":true}]}}