{"id":864,"date":"2025-10-03T16:40:28","date_gmt":"2025-10-03T16:40:28","guid":{"rendered":"https:\/\/bs.xl.pt\/conferencia-do-poder\/?post_type=attendants&#038;p=864"},"modified":"2025-10-03T16:41:42","modified_gmt":"2025-10-03T16:41:42","slug":"jose-teixeira","status":"publish","type":"attendants","link":"https:\/\/bs.xl.pt\/conferencia-do-poder\/attendants\/jose-teixeira\/","title":{"rendered":"Jos\u00e9 Teixeira"},"content":{"rendered":"\n<p>Empres\u00e1rio de Braga, Mestre em Engenharia Civil pela Universidade do Minho, administrador e Presidente do Conselho de Administra\u00e7\u00e3o de diversas empresas do dstgroup, bem como de outras empresas, ligadas \u00e0s \u00e1reas de engenharia &amp; constru\u00e7\u00e3o, ambiente, energias renov\u00e1veis, telecomunica\u00e7\u00f5es, real estate e ventures. Orador e moderador convidado em diversas confer\u00eancias ligadas aos temas do ambiente, das telecomunica\u00e7\u00f5es, das energias renov\u00e1veis, responsabilidade social e cultural e outros.<\/p>\n\n\n\n<p>Vice presidente do Conselho Geral da Universidade do Minho. Presidente da Assembleia Geral da AEMINHO &#8211; Associa\u00e7\u00e3o Empresarial do Minho; Presidente da Assembleia Geral da Associa\u00e7\u00e3o ProChild CoLab Against Poverty and Social Exclusion; Presidente do Conselho Estrat\u00e9gico do IBS &#8211; Institute of Science and Innovation for Bio-Sustainability; Presidente do Comit\u00e9 de Investimento do Minho Inova\u00e7\u00e3o e Internacionaliza\u00e7\u00e3o, FCR; Membro do Conselho Consultivo da Sociedade Civil da Casa do Conhecimento da Universidade do Minho; Membro do Comit\u00e9 de Fundraising da Universidade do Minho; Membro Externo da Comiss\u00e3o de Autoavalia\u00e7\u00e3o da Faculdade de Filosofia e Ci\u00eancias Sociais da Universidade Cat\u00f3lica de Braga; Membro do Conselho Estrat\u00e9gico para o Desenvolvimento Intermunicipal das CIM C\u00e1vado e do Ave; Membro individual do Conselho Estrat\u00e9gico da Investbraga; Embaixador Empresarial da Cidade de Braga, Business Angel \u2013 sbs capital fund; Membro do Conselho de Orienta\u00e7\u00e3o da Licenciatura em Ci\u00eancias e Sociedade da U. Cat\u00f3lica. <\/p>\n\n\n\n<p>A cultura assume-se como uma op\u00e7\u00e3o estrat\u00e9gica que tem em vista um elevado desempenho econ\u00f3mico. Aposta num programa de responsabilidade social que abrange \u00e1reas como a cultura, a educa\u00e7\u00e3o, a sa\u00fade, a seguran\u00e7a, o ambiente e o conhecimento, tendo vindo a manter a t\u00f3nica no mecenato.<\/p>\n","protected":false},"featured_media":867,"template":"","meta":[],"categories":[],"tags":[15],"attendant_categories":[],"class_list":["post-864","attendants","type-attendants","status-publish","has-post-thumbnail","hentry","tag-negocios-25"],"_links":{"self":[{"href":"https:\/\/bs.xl.pt\/conferencia-do-poder\/wp-json\/wp\/v2\/attendants\/864","targetHints":{"allow":["GET"]}}],"collection":[{"href":"https:\/\/bs.xl.pt\/conferencia-do-poder\/wp-json\/wp\/v2\/attendants"}],"about":[{"href":"https:\/\/bs.xl.pt\/conferencia-do-poder\/wp-json\/wp\/v2\/types\/attendants"}],"wp:featuredmedia":[{"embeddable":true,"href":"https:\/\/bs.xl.pt\/conferencia-do-poder\/wp-json\/wp\/v2\/media\/867"}],"wp:attachment":[{"href":"https:\/\/bs.xl.pt\/conferencia-do-poder\/wp-json\/wp\/v2\/media?parent=864"}],"wp:term":[{"taxonomy":"category","embeddable":true,"href":"https:\/\/bs.xl.pt\/conferencia-do-poder\/wp-json\/wp\/v2\/categories?post=864"},{"taxonomy":"post_tag","embeddable":true,"href":"https:\/\/bs.xl.pt\/conferencia-do-poder\/wp-json\/wp\/v2\/tags?post=864"},{"taxonomy":"attendant_categories","embeddable":true,"href":"https:\/\/bs.xl.pt\/conferencia-do-poder\/wp-json\/wp\/v2\/attendant_categories?post=864"}],"curies":[{"name":"wp","href":"https:\/\/api.w.org\/{rel}","templated":true}]}}