{"id":397,"date":"2024-10-04T16:47:33","date_gmt":"2024-10-04T16:47:33","guid":{"rendered":"https:\/\/bs.xl.pt\/conferencia-do-poder\/?page_id=397"},"modified":"2024-10-04T16:47:33","modified_gmt":"2024-10-04T16:47:33","slug":"negocios-23","status":"publish","type":"page","link":"https:\/\/bs.xl.pt\/conferencia-do-poder\/negocios-23\/","title":{"rendered":"Neg\u00f3cios 23"},"content":{"rendered":"\n<div class=\"wp-block-group\"><div class=\"wp-block-group__inner-container is-layout-constrained wp-block-group-is-layout-constrained\">\n<h2 class=\"wp-block-heading\">Introdu\u00e7\u00e3o<\/h2>\n\n\n\n<h4 class=\"wp-block-heading uk-margin-small-top\"><strong>21 de novembro | 09H00 | Lisboa<\/strong><\/h4>\n\n\n\n<p>Confer\u00eancia #O Poder de Fazer Acontecer, marca o 20\u00baanivers\u00e1rio do Jornal de Neg\u00f3cios.<br>Neste encontro o poder vai estar no centro do debate com especialistas e l\u00edderes relevantes de todo o mundo, com a presen\u00e7a especial do economista e vencedor do Pr\u00e9mio Nobel, Paul Krugman.<br>Venham descobrir o poder das ideias de grandes l\u00edderes.<\/p>\n\n\n\n<div class=\"wp-block-group\"><div class=\"wp-block-group__inner-container is-layout-constrained wp-block-group-is-layout-constrained\">\n<h4 class=\"wp-block-heading\"><strong>Garanta a sua presen\u00e7a<\/strong><\/h4>\n\n\n\n<a class=\"uk-button uk-button-large uk-margin-top\" style=\"background-color:#E91D26;color: white;font-size: 14px\" href=\"https:\/\/eventos_vnbnitjv.bol.pt\/Comprar\/Bilhetes\/130857-conferencia_o_poder_de_fazer_acontecer-estufa_fria\/\"><span style=\"color:#000000\"><b># <\/b><\/span><b>Inscreva-se<\/b><\/a>\n<\/div><\/div>\n<\/div><\/div>\n\n\n\n<div class=\"wp-block-group\"><div class=\"wp-block-group__inner-container is-layout-constrained wp-block-group-is-layout-constrained\">\n<h2 class=\"wp-block-heading\">Confer\u00eancia o Poder de Fazer Acontecer<\/h2>\n\n\n\n<h4 class=\"wp-block-heading\"><strong>PROGRAMA | 21 de novembro<\/strong><\/h4>\n\n\n\n<h5 class=\"wp-block-heading\">09h00 BOAS VINDAS<\/h5>\n\n\n\n<p><strong>Diana Ramos<\/strong>, Diretora, Jornal de Neg\u00f3cios<\/p>\n\n\n\n<h5 class=\"wp-block-heading\">09h10 ABERTURA INSTITUCIONAL<\/h5>\n\n\n\n<p><strong>Fernando Medina, <\/strong>Ministro das Finan\u00e7as<\/p>\n\n\n\n<h5 class=\"wp-block-heading\">09h30 KEYNOTE SPEAKER<\/h5>\n\n\n\n<p><strong>Paul Krugman<\/strong>, Economista<\/p>\n\n\n\n<h5 class=\"wp-block-heading\">10h20 APRESENTA\u00c7\u00c3O DO ESTUDO E INQU\u00c9RITO \u201cOS MAIS PODEROSOS\u201d<\/h5>\n\n\n\n<h5 class=\"wp-block-heading\">10h30 PAINEL 1 | A ECONOMIA E AS FINAN\u00c7AS COMO MOTOR DA SOCIEDADE<\/h5>\n\n\n\n<p><strong>Ant\u00f3nio Ramalho<\/strong>, Ex-presidente, Novo Banco<br><strong>Isabel Vaz<\/strong>, CEO, Luz Sa\u00fade<br><strong>Sandra Maximiano<\/strong>, Economista e Docente, ISEG<\/p>\n\n\n\n<p><strong>Modera\u00e7\u00e3o: <strong>Diana Ramos<\/strong><\/strong>, Diretora, Jornal de Neg\u00f3cios<\/p>\n\n\n\n<h5 class=\"wp-block-heading\">11H20 COFFEE BREAK<\/h5>\n\n\n\n<h5 class=\"wp-block-heading\">11H50 APRESENTA\u00c7\u00c3O DOS RESULTADOS DO ESTUDO E INQU\u00c9RITO \u201cOS MAIS PODEROSOS\u201d<\/h5>\n\n\n\n<h5 class=\"wp-block-heading\">12h00 PITCH: AS MUDAN\u00c7AS GLOBAIS AOS OLHOS DOS CEO PORTUGUESES | KPMG<\/h5>\n\n\n\n<p><strong>Jo\u00e3o Sousa Leal, <\/strong>Head of Advisory, KPMG Portugal<\/p>\n\n\n\n<h5 class=\"wp-block-heading\">12h10 PAINEL 2 | OS CAMINHOS DA POL\u00cdTICA E AS ARMAS DA DIPLOMACIA<\/h5>\n\n\n\n<p><strong>Ant\u00f3nio Martins da Cruz<\/strong>, Embaixador e Ex-Ministro dos Neg\u00f3cios Estrangeiros<br><strong>Isabel Mota<\/strong>, Ex-Presidente da Gulbenkian<br><strong>L\u00edvia Franco<\/strong>, Professora e Investigadora Principal, IEP-Cat\u00f3lica<br><strong>Rita Faden<\/strong>, Presidente do Conselho de Administra\u00e7\u00e3o e do Conselho Executivo, FLAD<\/p>\n\n\n\n<p><strong>Modera\u00e7\u00e3o: Celso Filipe<\/strong>, Diretor-Adjunto, Jornal de Neg\u00f3cios<\/p>\n\n\n\n<h5 class=\"wp-block-heading\">13H00 ALMO\u00c7O<\/h5>\n\n\n\n<h5 class=\"wp-block-heading\">14h30 MOMENTO FORA DOS LIMITES DO PODER:<\/h5>\n\n\n\n<h5 class=\"wp-block-heading\">Grupo1 | Poder da Tecnologia: a arma que transformar\u00e1 o mundo?<\/h5>\n\n\n\n<p>Jovens alunos do T\u00e9cnico desafiados a questionar <strong><strong>Paulo Carreira<\/strong><\/strong>, Co-fundador, Sensei<strong> <\/strong>e <strong>Joana Mendon\u00e7a<\/strong>, ex-presidente da ANI e l\u00edder do grupo de trabalho sobre o Poder da Tecnologia<\/p>\n\n\n\n<h5 class=\"wp-block-heading\">Grupo2 | A Justi\u00e7a como bloqueio \u00e0 mudan\u00e7a<\/h5>\n\n\n\n<p>Jovens alunos da Cat\u00f3lica, da Porto Business School e da FDUL desafiados a questionar <strong>Agostinho Pereira de Miranda<\/strong>, Advogado e l\u00edder do grupo de trabalho sobre o Poder da Justi\u00e7a e <strong>Lu\u00eds Barreto Xavier<\/strong>, Presidente, Instituto do Conhecimento<\/p>\n\n\n\n<h5 class=\"wp-block-heading\">Grupo3 | \u00c9 o desporto uma nova forma de poder?<\/h5>\n\n\n\n<p>Jovens jogadores desafiados a questionar <strong>Jo\u00e3o Fonseca<\/strong>, Senior Strategy &amp; Corporate Development Manager, FIFA &amp; <strong>Diana Gomes<\/strong>, Presidente, Comiss\u00e3o Atletas Ol\u00edmpicos<\/p>\n\n\n\n<h5 class=\"wp-block-heading\">15h30 COFFEE BREAK<\/h5>\n\n\n\n<h5 class=\"wp-block-heading\">16h00 PAINEL 3 | O poder das novas gera\u00e7\u00f5es &#8211; O que mudar e como l\u00e1 chegar?<\/h5>\n\n\n\n<p><strong>In\u00eas Odila, <\/strong>Country Manager, Coverflex<br><strong>Jo\u00e3o Maria Jonet, <\/strong>Secret\u00e1rio-Geral, Plataforma para o Crescimento Sustent\u00e1vel<br><strong>Mafalda Rebord\u00e3o<\/strong>, Strategic Partnerships Manager, Google<br><strong>Rui Maciel<\/strong>, Economista <br><strong>Rui Oliveira, <\/strong>Presidente<em>,<\/em>&nbsp;Conselho Nacional de&nbsp;Juventude<\/p>\n\n\n\n<p><strong>Modera\u00e7\u00e3o: Paulo Ribeiro Pinto<\/strong>, Editor de Economia, Jornal de Neg\u00f3cios<\/p>\n\n\n\n<h5 class=\"wp-block-heading\">16h40 KEYNOTE SPEAKER | MOMENTO INSPIRADOR<\/h5>\n\n\n\n<p><strong>Roza Salih<\/strong>, Councillor for Greater Pollok, Glasgow City Council<\/p>\n\n\n\n<h5 class=\"wp-block-heading\">17h00 ENCERRAMENTO<\/h5>\n<\/div><\/div>\n\n\n\n<div class=\"wp-block-group\"><div class=\"wp-block-group__inner-container is-layout-constrained wp-block-group-is-layout-constrained\">\n<h2 class=\"wp-block-heading\">Flash Interviews<\/h2>\n\n\n<div><iframe width=\"1280\" height=\"720\" src=\"\/\/www.youtube.com\/embed\/ERsSZxYU2gw?showinfo=0\" frameborder=\"0\" allowfullscreen data-uk-responsive loading=\"lazy\" title=\"Flash Interview | Ana Trigo Morais\" referrerpolicy=\"no-referrer-when-downgrade\"><\/iframe><p class=\"uk-margin-top uk-h4\">Flash Interview | Ana Trigo Morais<\/p><\/div>\n\n\n<div><iframe width=\"1280\" height=\"720\" src=\"\/\/www.youtube.com\/embed\/ikmXGO-vGBs?showinfo=0\" frameborder=\"0\" allowfullscreen data-uk-responsive loading=\"lazy\" title=\"Flash Interview | Anto\u0301nio Casanova\" referrerpolicy=\"no-referrer-when-downgrade\"><\/iframe><p class=\"uk-margin-top uk-h4\">Flash Interview | Anto\u0301nio Casanova<\/p><\/div>\n\n\n<div><iframe width=\"1280\" height=\"720\" src=\"\/\/www.youtube.com\/embed\/Ut8S2X8X6CA?showinfo=0\" frameborder=\"0\" allowfullscreen data-uk-responsive loading=\"lazy\" title=\"Flash Interview | Miguel Stilwell d'Andrade\" referrerpolicy=\"no-referrer-when-downgrade\"><\/iframe><p class=\"uk-margin-top uk-h4\">Flash Interview | Miguel Stilwell d'Andrade<\/p><\/div>\n\n\n<div><iframe width=\"1280\" height=\"720\" src=\"\/\/www.youtube.com\/embed\/XyQCfcPB17g?showinfo=0\" frameborder=\"0\" allowfullscreen data-uk-responsive loading=\"lazy\" title=\"Flash Interview | Pedro Castro e Almeida\" referrerpolicy=\"no-referrer-when-downgrade\"><\/iframe><p class=\"uk-margin-top uk-h4\">Flash Interview | Pedro Castro e Almeida<\/p><\/div>\n\n\n<div><iframe width=\"1280\" height=\"720\" src=\"\/\/www.youtube.com\/embed\/XgNPQoSl_PA?showinfo=0\" frameborder=\"0\" allowfullscreen data-uk-responsive loading=\"lazy\" title=\"Flash Interview | Rodolfo Florit Schmid\" referrerpolicy=\"no-referrer-when-downgrade\"><\/iframe><p class=\"uk-margin-top uk-h4\">Flash Interview | Rodolfo Florit Schmid<\/p><\/div>\n\n\n<div><iframe width=\"1280\" height=\"720\" src=\"\/\/www.youtube.com\/embed\/_dn5oLESAJQ?showinfo=0\" frameborder=\"0\" allowfullscreen data-uk-responsive loading=\"lazy\" title=\"Flash Interview | Viktoria Kaufmann\" referrerpolicy=\"no-referrer-when-downgrade\"><\/iframe><p class=\"uk-margin-top uk-h4\">Flash Interview | Viktoria Kaufmann<\/p><\/div>\n\n\n<div><iframe width=\"1280\" height=\"720\" src=\"\/\/www.youtube.com\/embed\/fN8kv77rgIE?showinfo=0\" frameborder=\"0\" allowfullscreen data-uk-responsive loading=\"lazy\" title=\"Flash Intveriew | Vitor Pereira\" referrerpolicy=\"no-referrer-when-downgrade\"><\/iframe><p class=\"uk-margin-top uk-h4\">Flash Intveriew | Vitor Pereira<\/p><\/div>\n<\/div><\/div>\n\n\n\n<div class=\"wp-block-group\"><div class=\"wp-block-group__inner-container is-layout-constrained wp-block-group-is-layout-constrained\">\n<h2 class=\"wp-block-heading\">Keynotes &amp; Pain\u00e9is Tem\u00e1ticos<\/h2>\n\n\n<div><iframe width=\"1280\" height=\"720\" src=\"\/\/www.youtube.com\/embed\/yXgWm726tp0?showinfo=0\" frameborder=\"0\" allowfullscreen data-uk-responsive loading=\"lazy\" title=\"1. Fernando Medina\" referrerpolicy=\"no-referrer-when-downgrade\"><\/iframe><p class=\"uk-margin-top uk-h4\">1. Fernando Medina<\/p><\/div>\n\n\n<div><iframe width=\"1280\" height=\"720\" src=\"\/\/www.youtube.com\/embed\/Os64WI87nW8?showinfo=0\" frameborder=\"0\" allowfullscreen data-uk-responsive loading=\"lazy\" title=\"2. A economia e as finan\u00e7as como motor da sociedade\" referrerpolicy=\"no-referrer-when-downgrade\"><\/iframe><p class=\"uk-margin-top uk-h4\">2. A economia e as finan\u00e7as como motor da sociedade<\/p><\/div>\n\n\n<div><iframe width=\"1280\" height=\"720\" src=\"\/\/www.youtube.com\/embed\/i9d6W0e8mKw?showinfo=0\" frameborder=\"0\" allowfullscreen data-uk-responsive loading=\"lazy\" title=\"3. Os caminhos da poli\u0301tica e as armas da diplomacia\" referrerpolicy=\"no-referrer-when-downgrade\"><\/iframe><p class=\"uk-margin-top uk-h4\">3. Os caminhos da poli\u0301tica e as armas da diplomacia<\/p><\/div>\n\n\n<div><iframe width=\"1280\" height=\"720\" src=\"\/\/www.youtube.com\/embed\/g6T-ziB0d_A?showinfo=0\" frameborder=\"0\" allowfullscreen data-uk-responsive loading=\"lazy\" title=\"4. Joa\u0303o Sousa Leal\" referrerpolicy=\"no-referrer-when-downgrade\"><\/iframe><p class=\"uk-margin-top uk-h4\">4. Joa\u0303o Sousa Leal<\/p><\/div>\n\n\n<div><iframe width=\"1280\" height=\"720\" src=\"\/\/www.youtube.com\/embed\/GSs1I6dfP8M?showinfo=0\" frameborder=\"0\" allowfullscreen data-uk-responsive loading=\"lazy\" title=\"5. O Poder das Novas Gerac\u0327o\u0303es\" referrerpolicy=\"no-referrer-when-downgrade\"><\/iframe><p class=\"uk-margin-top uk-h4\">5. O Poder das Novas Gerac\u0327o\u0303es<\/p><\/div>\n<\/div><\/div>\n","protected":false},"excerpt":{"rendered":"<p>Introdu\u00e7\u00e3o 21 de novembro | 09H00 | Lisboa Confer\u00eancia #O Poder de Fazer Acontecer, marca o 20\u00baanivers\u00e1rio do Jornal de Neg\u00f3cios.Neste encontro o poder vai estar no centro do debate com especialistas e l\u00edderes relevantes de todo o mundo, com a presen\u00e7a especial do economista e vencedor do Pr\u00e9mio Nobel, Paul Krugman.Venham descobrir o poder [&hellip;]<\/p>\n","protected":false},"author":29,"featured_media":0,"parent":0,"menu_order":0,"comment_status":"closed","ping_status":"closed","template":"","meta":{"footnotes":""},"class_list":["post-397","page","type-page","status-publish","hentry"],"_links":{"self":[{"href":"https:\/\/bs.xl.pt\/conferencia-do-poder\/wp-json\/wp\/v2\/pages\/397","targetHints":{"allow":["GET"]}}],"collection":[{"href":"https:\/\/bs.xl.pt\/conferencia-do-poder\/wp-json\/wp\/v2\/pages"}],"about":[{"href":"https:\/\/bs.xl.pt\/conferencia-do-poder\/wp-json\/wp\/v2\/types\/page"}],"author":[{"embeddable":true,"href":"https:\/\/bs.xl.pt\/conferencia-do-poder\/wp-json\/wp\/v2\/users\/29"}],"replies":[{"embeddable":true,"href":"https:\/\/bs.xl.pt\/conferencia-do-poder\/wp-json\/wp\/v2\/comments?post=397"}],"version-history":[{"count":1,"href":"https:\/\/bs.xl.pt\/conferencia-do-poder\/wp-json\/wp\/v2\/pages\/397\/revisions"}],"predecessor-version":[{"id":400,"href":"https:\/\/bs.xl.pt\/conferencia-do-poder\/wp-json\/wp\/v2\/pages\/397\/revisions\/400"}],"wp:attachment":[{"href":"https:\/\/bs.xl.pt\/conferencia-do-poder\/wp-json\/wp\/v2\/media?parent=397"}],"curies":[{"name":"wp","href":"https:\/\/api.w.org\/{rel}","templated":true}]}}