{"id":4336,"date":"2025-01-28T17:38:14","date_gmt":"2025-01-28T17:38:14","guid":{"rendered":"https:\/\/bs.xl.pt\/electric-summit\/?post_type=attendants&#038;p=4336"},"modified":"2025-02-17T15:32:10","modified_gmt":"2025-02-17T15:32:10","slug":"nuno-marques-antunes","status":"publish","type":"attendants","link":"https:\/\/bs.xl.pt\/electric-summit\/attendants\/nuno-marques-antunes\/","title":{"rendered":"Nuno Marques Antunes"},"content":{"rendered":"\n<p>Nuno Marques Antunes \u00e9 S\u00f3cio da \u2018Miranda &amp; Associados\u2019 (2006-2025), sendo co-coordenador da \u00e1rea de \u2018Energia e Recursos Naturais\u2019. Assessora principalmente clientes do setor da energia, em particular em projetos de petr\u00f3leo e g\u00e1s (incluindo LNG), renov\u00e1veis (incluindo <em>offshore<\/em>), <em>power-to-X<\/em> (hidrog\u00e9nio, amon\u00edaco verde, e-metano), CCUS, ou biometano.<\/p>\n\n\n\n<p>Foi Oficial da Marinha Portuguesa, tendo servido em navios, no Instituto Hidrogr\u00e1fico e na Escola Naval. Nomeado como personalidade de reconhecido m\u00e9rito para a Comiss\u00e3o Estrat\u00e9gica dos Oceanos (2003-2004). Assessor jur\u00eddico do Primeiro-Ministro de Timor-Leste para o setor petrol\u00edfero e negocia\u00e7\u00f5es dos recursos petrol\u00edferos no Mar de Timor (2004-2005). Coordenador jur\u00eddico da Estrutura de Miss\u00e3o para a Extens\u00e3o da Plataforma Continental (2005-2006). \u00c9 membro da lista de \u00e1rbitros da \u2018<em>Conven\u00e7\u00e3o das Na\u00e7\u00f5es Unidas sobre o Direito do Mar (1982)<\/em>\u2019, nomeado por Portugal (desde 2011).<\/p>\n\n\n\n<p>Licenciado em Direito e em Ci\u00eancias Militares Navais, obteve o grau de Ph.D. pela Universidade de Durham, Reino Unido (<em>Towards the Conceptualisation of Maritime Delimitation<\/em>, Martinus Nijhoff, 2003).<\/p>\n","protected":false},"featured_media":4447,"template":"","meta":[],"categories":[1192],"tags":[],"attendant_categories":[],"class_list":["post-4336","attendants","type-attendants","status-publish","has-post-thumbnail","hentry","category-energy-outlook-2025"],"_links":{"self":[{"href":"https:\/\/bs.xl.pt\/electric-summit\/wp-json\/wp\/v2\/attendants\/4336","targetHints":{"allow":["GET"]}}],"collection":[{"href":"https:\/\/bs.xl.pt\/electric-summit\/wp-json\/wp\/v2\/attendants"}],"about":[{"href":"https:\/\/bs.xl.pt\/electric-summit\/wp-json\/wp\/v2\/types\/attendants"}],"wp:featuredmedia":[{"embeddable":true,"href":"https:\/\/bs.xl.pt\/electric-summit\/wp-json\/wp\/v2\/media\/4447"}],"wp:attachment":[{"href":"https:\/\/bs.xl.pt\/electric-summit\/wp-json\/wp\/v2\/media?parent=4336"}],"wp:term":[{"taxonomy":"category","embeddable":true,"href":"https:\/\/bs.xl.pt\/electric-summit\/wp-json\/wp\/v2\/categories?post=4336"},{"taxonomy":"post_tag","embeddable":true,"href":"https:\/\/bs.xl.pt\/electric-summit\/wp-json\/wp\/v2\/tags?post=4336"},{"taxonomy":"attendant_categories","embeddable":true,"href":"https:\/\/bs.xl.pt\/electric-summit\/wp-json\/wp\/v2\/attendant_categories?post=4336"}],"curies":[{"name":"wp","href":"https:\/\/api.w.org\/{rel}","templated":true}]}}