{"id":4318,"date":"2025-01-28T17:53:14","date_gmt":"2025-01-28T17:53:14","guid":{"rendered":"https:\/\/bs.xl.pt\/electric-summit\/?post_type=seminars&#038;p=4318"},"modified":"2025-11-11T10:02:59","modified_gmt":"2025-11-11T10:02:59","slug":"energy-outlook-2025-the-new-era-of-power-politics","status":"publish","type":"seminars","link":"https:\/\/bs.xl.pt\/electric-summit\/seminars\/energy-outlook-2025-the-new-era-of-power-politics\/","title":{"rendered":"Energy Outlook 2025 &#8211; The new era of Power Politics"},"content":{"rendered":"\n<div class=\"wp-block-group\"><div class=\"wp-block-group__inner-container is-layout-constrained wp-block-group-is-layout-constrained\">\n<p>Este evento re\u00fane especialistas e l\u00edderes da ind\u00fastria para debater pilares cr\u00edticos da nova era que se avizinha &#8211; a seguran\u00e7a do abastecimento, a transi\u00e7\u00e3o para renov\u00e1veis e a digitaliza\u00e7\u00e3o das redes.<\/p>\n<\/div><\/div>\n\n\n\n<div class=\"wp-block-group\"><div class=\"wp-block-group__inner-container is-layout-constrained wp-block-group-is-layout-constrained\">\n<h2 class=\"wp-block-heading\">Keynotes e pain\u00e9is tem\u00e1ticos<\/h2>\n\n\n<div class=\"youtube-video\"><iframe width=\"1280\" height=\"720\" src=\"\/\/www.youtube.com\/embed\/3tu6iweGH5A?showinfo=0\" frameborder=\"0\" allowfullscreen data-uk-responsive loading=\"lazy\" referrerpolicy=\"no-referrer-when-downgrade\" title=\"Boas-vindas e discurso de abertura<br\/>Diana Ramos\"><\/iframe><h4 class=\"uk-margin-top\">Boas-vindas e discurso de abertura<br\/>Diana Ramos<\/h4><\/div>\n\n\n<div class=\"youtube-video\"><iframe width=\"1280\" height=\"720\" src=\"\/\/www.youtube.com\/embed\/GAr0CzFWxmA?showinfo=0\" frameborder=\"0\" allowfullscreen data-uk-responsive loading=\"lazy\" referrerpolicy=\"no-referrer-when-downgrade\" title=\"Boas-vindas e discurso de abertura<br\/>Francisco Rocha Gon\u00e7alves\"><\/iframe><h4 class=\"uk-margin-top\">Boas-vindas e discurso de abertura<br\/>Francisco Rocha Gon\u00e7alves<\/h4><\/div>\n\n\n<div class=\"youtube-video\"><iframe width=\"1280\" height=\"720\" src=\"\/\/www.youtube.com\/embed\/YMYL84wmYgA?showinfo=0\" frameborder=\"0\" allowfullscreen data-uk-responsive loading=\"lazy\" referrerpolicy=\"no-referrer-when-downgrade\" title=\"Ernest Scheyder<br\/>A transi\u00e7\u00e3o energ\u00e9tica e a sobreviv\u00eancia da Europa\"><\/iframe><h4 class=\"uk-margin-top\">Ernest Scheyder<br\/>A transi\u00e7\u00e3o energ\u00e9tica e a sobreviv\u00eancia da Europa<\/h4><\/div>\n\n\n<div class=\"youtube-video\"><iframe width=\"1280\" height=\"720\" src=\"\/\/www.youtube.com\/embed\/N2Uz2-W5Gyg?showinfo=0\" frameborder=\"0\" allowfullscreen data-uk-responsive loading=\"lazy\" referrerpolicy=\"no-referrer-when-downgrade\" title=\"Paul Micallef | Keynote: Grinds4speed<br\/>e o impacto da digitaliza\u00e7\u00e3o da economia na rede\"><\/iframe><h4 class=\"uk-margin-top\">Paul Micallef | Keynote: Grinds4speed<br\/>e o impacto da digitaliza\u00e7\u00e3o da economia na rede<\/h4><\/div>\n\n\n<div class=\"youtube-video\"><iframe width=\"1280\" height=\"720\" src=\"\/\/www.youtube.com\/embed\/0Vw3olxJhPU?showinfo=0\" frameborder=\"0\" allowfullscreen data-uk-responsive loading=\"lazy\" referrerpolicy=\"no-referrer-when-downgrade\" title=\"Portugal, CCILC e AMCHAM:<br\/>as novas fortalezas\"><\/iframe><h4 class=\"uk-margin-top\">Portugal, CCILC e AMCHAM:<br\/>as novas fortalezas<\/h4><\/div>\n\n\n<div class=\"youtube-video\"><iframe width=\"1280\" height=\"720\" src=\"\/\/www.youtube.com\/embed\/b2I96ixW3Pk?showinfo=0\" frameborder=\"0\" allowfullscreen data-uk-responsive loading=\"lazy\" referrerpolicy=\"no-referrer-when-downgrade\" title=\"Peter Ammann<br\/>A import\u00e2ncia do hidrog\u00e9nio para a Europa\"><\/iframe><h4 class=\"uk-margin-top\">Peter Ammann<br\/>A import\u00e2ncia do hidrog\u00e9nio para a Europa<\/h4><\/div>\n\n\n<div class=\"youtube-video\"><iframe width=\"1280\" height=\"720\" src=\"\/\/www.youtube.com\/embed\/ryNt9SlPAHQ?showinfo=0\" frameborder=\"0\" allowfullscreen data-uk-responsive loading=\"lazy\" referrerpolicy=\"no-referrer-when-downgrade\" title=\"A energ\u00eda na Hist\u00f3ria,<br\/>no Presente e no Futuro\"><\/iframe><h4 class=\"uk-margin-top\">A energ\u00eda na Hist\u00f3ria,<br\/>no Presente e no Futuro<\/h4><\/div>\n\n\n<div class=\"youtube-video\"><iframe width=\"1280\" height=\"720\" src=\"\/\/www.youtube.com\/embed\/f6hOd7qdm5g?showinfo=0\" frameborder=\"0\" allowfullscreen data-uk-responsive loading=\"lazy\" referrerpolicy=\"no-referrer-when-downgrade\" title=\"Wrap-Up\"><\/iframe><h4 class=\"uk-margin-top\">Wrap-Up<\/h4><\/div>\n\n\n<div class=\"youtube-video\"><iframe width=\"1280\" height=\"720\" src=\"\/\/www.youtube.com\/embed\/j7sBCPky6D0?showinfo=0\" frameborder=\"0\" allowfullscreen data-uk-responsive loading=\"lazy\" referrerpolicy=\"no-referrer-when-downgrade\" title=\"Encerramento<br\/>Miguel Pinto Luz\"><\/iframe><h4 class=\"uk-margin-top\">Encerramento<br\/>Miguel Pinto Luz<\/h4><\/div>\n<\/div><\/div>\n\n\n\n<div class=\"wp-block-group\"><div class=\"wp-block-group__inner-container is-layout-constrained wp-block-group-is-layout-constrained\">\n<h2 class=\"wp-block-heading\">Programa<\/h2>\n\n\n\n<h4 class=\"wp-block-heading\">09h00 | Rece\u00e7\u00e3o dos participantes<\/h4>\n\n\n\n<h4 class=\"wp-block-heading\">09h30 | Boas-vindas e discurso de abertura<\/h4>\n\n\n\n<p><strong>Diana Ramos, <\/strong>Diretora, Jornal de Neg\u00f3cios<\/p>\n\n\n\n<h4 class=\"wp-block-heading\">09h35 | Boas-vindas e discurso de abertura <\/h4>\n\n\n\n<p><strong>Francisco Rocha Gon\u00e7alves<\/strong>, Vice-Presidente, C\u00e2mara Municipal de Oeiras<\/p>\n\n\n\n<h4 class=\"wp-block-heading\">09h40 | A TRANSI\u00c7\u00c3O ENERG\u00c9TICA E A SOBREVIV\u00caNCIA DA EUROPA<\/h4>\n\n\n\n<p><strong>Ernest Scheyder<\/strong>, Jornalista premiado, Autor do livro \u201cThe War Below: Lithium, Copper, and the Global Battle to Power Our Lives\u201d e Especialista Ambiental<\/p>\n\n\n\n<h4 class=\"wp-block-heading\">10h50 | O PAPEL DO ESTADO: ACELERADOR OU COMPLICADOR?<\/h4>\n\n\n\n<p><strong>Jo\u00e3o Galamba<\/strong>, Consultor, Enline Energy Solutions<br><strong>Pedro Sampaio Nunes<\/strong>, Membro do Conselho Consultivo, iLab &#8211; Laborat\u00f3rio de Ac\u00e7\u00e3o Pol\u00edtica da Iniciativa Liberal<br><strong>Rui Rei<\/strong> Presidente, Parques Tejo<\/p>\n\n\n\n<p><strong>Moderador: <\/strong>B\u00e1rbara Silva, Jornalista, Jornal de Neg\u00f3cios<\/p>\n\n\n\n<h4 class=\"wp-block-heading\">11h20 | COFFEE BREAK<\/h4>\n\n\n\n<h4 class=\"wp-block-heading\">11h40 | KEYNOTE: GRIDS4SPEED E O IMPACTO DA DIGITALIZA\u00c7\u00c3O DA ECONOMIA NA REDE<\/h4>\n\n\n\n<p><strong>Paul Micallef<\/strong>, Global Digital Grid Leader, EY<\/p>\n\n\n\n<h4 class=\"wp-block-heading\">12h00 | Portugal, CCILC e AMCHAM: AS NOVAS FORTALEZAS<\/h4>\n\n\n\n<p><strong>Miguel Frasquilho<\/strong>, Anfitri\u00e3o do programa \u201cEconomia Sem Fronteiras\u201d e ex-presidente, AICEP<br><strong>Ant\u00f3nio Martins da Costa<\/strong>, Presidente, AMCHAM \u2013 C\u00e2mara de Com\u00e9rcio Americana em Portugal<br><strong>Bernardo Mendia,<\/strong> Secret\u00e1rio-Geral, CCILC \u2013 C\u00e2mara de Com\u00e9rcio e Ind\u00fastria Luso-Chinesa<\/p>\n\n\n\n<p><strong>Moderador: <\/strong>Paulo Moutinho, Editor Executivo, Jornal de Neg\u00f3cios<\/p>\n\n\n\n<h4 class=\"wp-block-heading\">13h00 | ALMO\u00c7O<\/h4>\n\n\n\n<h4 class=\"wp-block-heading\">14h30 | A IMPORT\u00c2NCIA DO HIDROG\u00c9NIO PARA A EUROPA<\/h4>\n\n\n\n<p><strong>Peter Ammann<\/strong>, Head para o Centro de Compet\u00eancia de Green H2, Siemens<\/p>\n\n\n\n<h4 class=\"wp-block-heading\">14H50 | ENERGY FINANCE: CUSTO OU INVESTIMENTO?<\/h4>\n\n\n\n<p><strong>Jo\u00e3o Fonseca Santos, <\/strong>Chefe do Escrit\u00f3rio de Representa\u00e7\u00e3o em Portugal, Grupo Banco Europeu de Investimento<br><strong>Nuno Marques Antunes<\/strong>, Partner da Miranda e Associados, Sociedade de Advogados<br><strong>Gon\u00e7alo Regalado<\/strong>,<strong> <\/strong>Presidente Executivo, Banco de Fomento<\/p>\n\n\n\n<p><strong>Moderador:<\/strong> Diana Ramos, Diretora, Jornal de Neg\u00f3cios<\/p>\n\n\n\n<h4 class=\"wp-block-heading\">15h30 | A ENERGIA NA HIST\u00d3RIA, NO PRESENTE E NO FUTURO<\/h4>\n\n\n\n<p><strong>Ant\u00f3nio Nogueira Leite<\/strong>, Economista<br><strong>Vitor Santos<\/strong>, Professor Catedr\u00e1tico de Economia, ISEG&nbsp;\u2013 Lisbon School of Economics &amp; Management, Universidade de Lisboa<\/p>\n\n\n\n<p><strong>Moderador:<\/strong> Patr\u00edcia Matos, Jornalista, Medialivre<\/p>\n\n\n\n<h4 class=\"wp-block-heading\">16h00 | WRAP-UP<\/h4>\n\n\n\n<p><strong><strong>Jo\u00e3o Diogo Marques da Silva<\/strong><\/strong>, Co-CEO, Galp<br><strong>Fernando Silva<\/strong>, Administrador Executivo, Siemens Portugal<br><strong>Jo\u00e3o Faria Concei\u00e7\u00e3o<\/strong>, Administrador Executivo, REN<\/p>\n\n\n\n<p><strong>Moderador:<\/strong> Paulo Moutinho, Editor Executivo, Jornal de Neg\u00f3cios<\/p>\n\n\n\n<h4 class=\"wp-block-heading\">16h45| Encerramento<\/h4>\n\n\n\n<p><strong>Miguel Pinto Luz<\/strong>, Ministro das Infraestruturas e da Habita\u00e7\u00e3o<\/p>\n<\/div><\/div>\n","protected":false},"excerpt":{"rendered":"<p>Este evento re\u00fane especialistas e l\u00edderes da ind\u00fastria para debater pilares cr\u00edticos da nova era que se avizinha &#8211; a seguran\u00e7a do abastecimento, a transi\u00e7\u00e3o para renov\u00e1veis e a digitaliza\u00e7\u00e3o das redes. Keynotes e pain\u00e9is tem\u00e1ticos Programa 09h00 | Rece\u00e7\u00e3o dos participantes 09h30 | Boas-vindas e discurso de abertura Diana Ramos, Diretora, Jornal de Neg\u00f3cios [&hellip;]<\/p>\n","protected":false},"featured_media":4303,"template":"single-seminars-old.php","meta":[],"categories":[1192],"tags":[1197],"class_list":["post-4318","seminars","type-seminars","status-publish","has-post-thumbnail","hentry","category-energy-outlook-2025","tag-3a-edicao"],"_links":{"self":[{"href":"https:\/\/bs.xl.pt\/electric-summit\/wp-json\/wp\/v2\/seminars\/4318","targetHints":{"allow":["GET"]}}],"collection":[{"href":"https:\/\/bs.xl.pt\/electric-summit\/wp-json\/wp\/v2\/seminars"}],"about":[{"href":"https:\/\/bs.xl.pt\/electric-summit\/wp-json\/wp\/v2\/types\/seminars"}],"wp:featuredmedia":[{"embeddable":true,"href":"https:\/\/bs.xl.pt\/electric-summit\/wp-json\/wp\/v2\/media\/4303"}],"wp:attachment":[{"href":"https:\/\/bs.xl.pt\/electric-summit\/wp-json\/wp\/v2\/media?parent=4318"}],"wp:term":[{"taxonomy":"category","embeddable":true,"href":"https:\/\/bs.xl.pt\/electric-summit\/wp-json\/wp\/v2\/categories?post=4318"},{"taxonomy":"post_tag","embeddable":true,"href":"https:\/\/bs.xl.pt\/electric-summit\/wp-json\/wp\/v2\/tags?post=4318"}],"curies":[{"name":"wp","href":"https:\/\/api.w.org\/{rel}","templated":true}]}}