{"id":904,"date":"2022-09-15T08:21:15","date_gmt":"2022-09-15T08:21:15","guid":{"rendered":"https:\/\/bs.xl.pt\/pensar-o-futuro\/?post_type=videocasts&#038;p=904"},"modified":"2025-01-21T15:26:22","modified_gmt":"2025-01-21T15:26:22","slug":"vai-se-menos-aos-centros-comerciais-mas-gasta-se-mais","status":"publish","type":"videocasts","link":"https:\/\/bs.xl.pt\/pensar-o-futuro\/videocasts\/vai-se-menos-aos-centros-comerciais-mas-gasta-se-mais\/","title":{"rendered":"\u201cVai-se menos aos centros comerciais, mas gasta-se mais\u201d"},"content":{"rendered":"","protected":false},"excerpt":{"rendered":"<p>Os portugueses est\u00e3o com menor poder de compra, mas na FNAC ainda n\u00e3o se sentiu esse impacto. Empresa enfrenta este per\u00edodo complicado com confian\u00e7a, pois faz parte da sua estrat\u00e9gia ter sempre a preocupa\u00e7\u00e3o do controlo de custos. Quem o diz \u00e9 Nuno Luz, CEO da FNAC, o convidado de Andr\u00e9 Macedo no \u00e2mbito da iniciativa \u201cPensar o Futuro\u201d, que junta o Jornal de Neg\u00f3cios e a Fidelidade.<\/p>\n","protected":false},"featured_media":907,"template":"","meta":[],"categories":[295],"tags":[310],"class_list":["post-904","videocasts","type-videocasts","status-publish","has-post-thumbnail","hentry","category-distribuicao-2022","tag-310"],"_links":{"self":[{"href":"https:\/\/bs.xl.pt\/pensar-o-futuro\/wp-json\/wp\/v2\/videocasts\/904","targetHints":{"allow":["GET"]}}],"collection":[{"href":"https:\/\/bs.xl.pt\/pensar-o-futuro\/wp-json\/wp\/v2\/videocasts"}],"about":[{"href":"https:\/\/bs.xl.pt\/pensar-o-futuro\/wp-json\/wp\/v2\/types\/videocasts"}],"wp:featuredmedia":[{"embeddable":true,"href":"https:\/\/bs.xl.pt\/pensar-o-futuro\/wp-json\/wp\/v2\/media\/907"}],"wp:attachment":[{"href":"https:\/\/bs.xl.pt\/pensar-o-futuro\/wp-json\/wp\/v2\/media?parent=904"}],"wp:term":[{"taxonomy":"category","embeddable":true,"href":"https:\/\/bs.xl.pt\/pensar-o-futuro\/wp-json\/wp\/v2\/categories?post=904"},{"taxonomy":"post_tag","embeddable":true,"href":"https:\/\/bs.xl.pt\/pensar-o-futuro\/wp-json\/wp\/v2\/tags?post=904"}],"curies":[{"name":"wp","href":"https:\/\/api.w.org\/{rel}","templated":true}]}}