{"id":1235,"date":"2024-02-28T13:49:13","date_gmt":"2024-02-28T13:49:13","guid":{"rendered":"https:\/\/bs.xl.pt\/portugal-inspirador\/?page_id=1235"},"modified":"2024-12-13T12:28:45","modified_gmt":"2024-12-13T12:28:45","slug":"1a-edicao","status":"publish","type":"page","link":"https:\/\/bs.xl.pt\/portugal-inspirador\/vencedores\/1a-edicao\/","title":{"rendered":"1\u00aa Edi\u00e7\u00e3o"},"content":{"rendered":"\n<div class=\"wp-block-group uk-margin-remove-top\"><div class=\"wp-block-group__inner-container is-layout-constrained wp-block-group-is-layout-constrained\">\n<div class=\"wp-block-columns is-layout-flex wp-container-core-columns-is-layout-9d6595d7 wp-block-columns-is-layout-flex\">\n<div class=\"wp-block-column uk-text-left is-layout-flow wp-block-column-is-layout-flow\">\n<p>A primeira edi\u00e7\u00e3o da iniciativa foi lan\u00e7ada no final de 2021 e decorreu durante todo o ano de 2022.<\/p>\n\n\n\n<p>Nesta edi\u00e7\u00e3o da iniciativa, as empresas n\u00e3o se candidataram, foram seleccionadas com base em dados da Informa D&amp;B, de acordo com os crit\u00e9rios de avalia\u00e7\u00e3o definidos pela Accenture.<\/p>\n\n\n\n<p>Categorias 1\u00aa edi\u00e7\u00e3o:<\/p>\n\n\n\n<ul class=\"wp-block-list\">\n<li>Agricultura<\/li>\n\n\n\n<li>Turismo e Servi\u00e7os<\/li>\n\n\n\n<li>Inova\u00e7\u00e3o, Tecnologia e Ind\u00fastria<\/li>\n\n\n\n<li>Sustentabilidade e Economia Social<\/li>\n<\/ul>\n\n\n\n<p>\u00c1reas de premia\u00e7\u00e3o:<\/p>\n\n\n\n<ul class=\"wp-block-list\">\n<li>Grandes Empresas<\/li>\n\n\n\n<li>PME\u00b4s<\/li>\n<\/ul>\n\n\n\n<p>Empresas vencedoras da primeira edi\u00e7\u00e3o:<\/p>\n<\/div>\n<\/div>\n<\/div><\/div>\n\n\n\n<div class=\"wp-block-group\"><div class=\"wp-block-group__inner-container is-layout-constrained wp-block-group-is-layout-constrained\">\n<h3 class=\"wp-block-heading\">Agricultura &#8211; <strong>Grandes Empresas<\/strong>&nbsp;<\/h3>\n\n\n\n<div class=\"wp-block-group\"><div class=\"wp-block-group__inner-container is-layout-constrained wp-block-group-is-layout-constrained\">\n<h4 class=\"wp-block-heading\">Vencedor<\/h4>\n\n\n\n<p>Casa Santos Lima<\/p>\n\n\n<div class=\"uk-inline\"><img decoding=\"async\" src=\"https:\/\/cdn.xl.pt\/bs\/uploads\/sites\/71\/2024\/02\/OriginalSize2022_11_25_14_25_36_441311.jpg\" alt=\"1\u00aa Edi\u00e7\u00e3o\" loading=\"lazy\" \/><\/div><p class=\"uk-hidden@s uk-text-small uk-text-muted uk-margin-small-top uk-margin-medium-bottom uk-text-left\"><\/p>\n<\/div><\/div>\n\n\n\n<div class=\"wp-block-group\"><div class=\"wp-block-group__inner-container is-layout-constrained wp-block-group-is-layout-constrained\">\n<h4 class=\"wp-block-heading\">Men\u00e7\u00e3o Honrosa<\/h4>\n\n\n\n<p>Novarroz<\/p>\n\n\n<div class=\"uk-inline\"><img decoding=\"async\" src=\"https:\/\/cdn.xl.pt\/bs\/uploads\/sites\/71\/2024\/02\/OriginalSize2022_11_25_14_33_04_441314.jpg\" alt=\"1\u00aa Edi\u00e7\u00e3o\" loading=\"lazy\" \/><\/div><p class=\"uk-hidden@s uk-text-small uk-text-muted uk-margin-small-top uk-margin-medium-bottom uk-text-left\"><\/p>\n<\/div><\/div>\n\n\n\n<div class=\"wp-block-group\"><div class=\"wp-block-group__inner-container is-layout-constrained wp-block-group-is-layout-constrained\">\n<h4 class=\"wp-block-heading\">Men\u00e7\u00e3o Honrosa<\/h4>\n\n\n\n<p>Sovena<\/p>\n\n\n<div class=\"uk-inline\"><img decoding=\"async\" src=\"https:\/\/cdn.xl.pt\/bs\/uploads\/sites\/71\/2024\/02\/OriginalSize2022_11_25_14_33_05_441315.jpg\" alt=\"1\u00aa Edi\u00e7\u00e3o\" loading=\"lazy\" \/><\/div><p class=\"uk-hidden@s uk-text-small uk-text-muted uk-margin-small-top uk-margin-medium-bottom uk-text-left\"><\/p>\n<\/div><\/div>\n<\/div><\/div>\n\n\n\n<div class=\"wp-block-group\"><div class=\"wp-block-group__inner-container is-layout-constrained wp-block-group-is-layout-constrained\">\n<h3 class=\"wp-block-heading\">Agricultura &#8211; <strong>PME<\/strong><\/h3>\n\n\n\n<div class=\"wp-block-group\"><div class=\"wp-block-group__inner-container is-layout-constrained wp-block-group-is-layout-constrained\">\n<h4 class=\"wp-block-heading\">Vencedor<\/h4>\n\n\n\n<p>Olivomundo<\/p>\n\n\n<div class=\"uk-inline\"><img decoding=\"async\" src=\"https:\/\/cdn.xl.pt\/bs\/uploads\/sites\/71\/2024\/02\/OriginalSize2022_11_25_14_33_07_441316.jpg\" alt=\"1\u00aa Edi\u00e7\u00e3o\" loading=\"lazy\" \/><\/div><p class=\"uk-hidden@s uk-text-small uk-text-muted uk-margin-small-top uk-margin-medium-bottom uk-text-left\"><\/p>\n<\/div><\/div>\n\n\n\n<div class=\"wp-block-group\"><div class=\"wp-block-group__inner-container is-layout-constrained wp-block-group-is-layout-constrained\">\n<h4 class=\"wp-block-heading\">Men\u00e7\u00e3o Honrosa<\/h4>\n\n\n\n<p>Vinoquel<\/p>\n\n\n<div class=\"uk-inline\"><img decoding=\"async\" src=\"https:\/\/cdn.xl.pt\/bs\/uploads\/sites\/71\/2024\/02\/OriginalSize2022_11_25_14_33_08_441317.jpg\" alt=\"1\u00aa Edi\u00e7\u00e3o\" loading=\"lazy\" \/><\/div><p class=\"uk-hidden@s uk-text-small uk-text-muted uk-margin-small-top uk-margin-medium-bottom uk-text-left\"><\/p>\n<\/div><\/div>\n\n\n\n<div class=\"wp-block-group\"><div class=\"wp-block-group__inner-container is-layout-constrained wp-block-group-is-layout-constrained\">\n<h4 class=\"wp-block-heading\">Men\u00e7\u00e3o Honrosa<\/h4>\n\n\n\n<p>Colossus Plants<\/p>\n\n\n<\/div><\/div>\n\n\n\n<div class=\"wp-block-group\"><div class=\"wp-block-group__inner-container is-layout-constrained wp-block-group-is-layout-constrained\">\n<h4 class=\"wp-block-heading\">Personalidade do Ano<\/h4>\n\n\n\n<p>Diogo Amorim, da padaria Gleba<\/p>\n\n\n<div class=\"uk-inline\"><img decoding=\"async\" src=\"https:\/\/cdn.xl.pt\/bs\/uploads\/sites\/71\/2024\/02\/OriginalSize2022_11_25_14_33_09_441318.jpg\" alt=\"1\u00aa Edi\u00e7\u00e3o\" loading=\"lazy\" \/><\/div><p class=\"uk-hidden@s uk-text-small uk-text-muted uk-margin-small-top uk-margin-medium-bottom uk-text-left\"><\/p>\n<\/div><\/div>\n<\/div><\/div>\n\n\n\n<div class=\"wp-block-group\"><div class=\"wp-block-group__inner-container is-layout-constrained wp-block-group-is-layout-constrained\">\n<h3 class=\"wp-block-heading\"><strong>Inova\u00e7\u00e3o, Tecnologia e Ind\u00fastria<\/strong> &#8211; <strong>Grandes Empresas<\/strong>&nbsp;<\/h3>\n\n\n\n<div class=\"wp-block-group\"><div class=\"wp-block-group__inner-container is-layout-constrained wp-block-group-is-layout-constrained\">\n<h4 class=\"wp-block-heading\">Vencedor<\/h4>\n\n\n\n<p>S. Roque \u2013 M\u00e1quinas e Tecnologias Laser<\/p>\n\n\n<div class=\"uk-inline\"><img decoding=\"async\" src=\"https:\/\/cdn.xl.pt\/bs\/uploads\/sites\/71\/2024\/02\/OriginalSize2022_11_25_14_44_14_441320.jpg\" alt=\"1\u00aa Edi\u00e7\u00e3o\" loading=\"lazy\" \/><\/div><p class=\"uk-hidden@s uk-text-small uk-text-muted uk-margin-small-top uk-margin-medium-bottom uk-text-left\"><\/p>\n<\/div><\/div>\n\n\n\n<div class=\"wp-block-group\"><div class=\"wp-block-group__inner-container is-layout-constrained wp-block-group-is-layout-constrained\">\n<h4 class=\"wp-block-heading\">Men\u00e7\u00e3o Honrosa<\/h4>\n\n\n\n<p>Ria Stone \u2013 F\u00e1brica de Lou\u00e7a de Mesa em Gr\u00e9s<\/p>\n\n\n<div class=\"uk-inline\"><img decoding=\"async\" src=\"https:\/\/cdn.xl.pt\/bs\/uploads\/sites\/71\/2024\/02\/OriginalSize2022_11_25_14_44_14_441321.jpg\" alt=\"1\u00aa Edi\u00e7\u00e3o\" loading=\"lazy\" \/><\/div><p class=\"uk-hidden@s uk-text-small uk-text-muted uk-margin-small-top uk-margin-medium-bottom uk-text-left\"><\/p>\n<\/div><\/div>\n<\/div><\/div>\n\n\n\n<div class=\"wp-block-group\"><div class=\"wp-block-group__inner-container is-layout-constrained wp-block-group-is-layout-constrained\">\n<h3 class=\"wp-block-heading\"><strong>Inova\u00e7\u00e3o, Tecnologia e Ind\u00fastria<\/strong> &#8211; <strong>PME&nbsp;<\/strong><\/h3>\n\n\n\n<div class=\"wp-block-group\"><div class=\"wp-block-group__inner-container is-layout-constrained wp-block-group-is-layout-constrained\">\n<h4 class=\"wp-block-heading\">Vencedor<\/h4>\n\n\n\n<p>Bysteel FS<\/p>\n\n\n<div class=\"uk-inline\"><img decoding=\"async\" src=\"https:\/\/cdn.xl.pt\/bs\/uploads\/sites\/71\/2024\/02\/OriginalSize2022_11_25_14_58_15_441322.jpg\" alt=\"1\u00aa Edi\u00e7\u00e3o\" loading=\"lazy\" \/><\/div><p class=\"uk-hidden@s uk-text-small uk-text-muted uk-margin-small-top uk-margin-medium-bottom uk-text-left\"><\/p>\n<\/div><\/div>\n\n\n\n<div class=\"wp-block-group\"><div class=\"wp-block-group__inner-container is-layout-constrained wp-block-group-is-layout-constrained\">\n<h4 class=\"wp-block-heading\">Men\u00e7\u00e3o Honrosa<\/h4>\n\n\n\n<p>Picadvanced<\/p>\n\n\n<\/div><\/div>\n\n\n\n<div class=\"wp-block-group\"><div class=\"wp-block-group__inner-container is-layout-constrained wp-block-group-is-layout-constrained\">\n<h4 class=\"wp-block-heading\">Personalidade do Ano<\/h4>\n\n\n\n<p>Jos\u00e9 Teixeira, presidente CA do Grupo dst<\/p>\n\n\n<div class=\"uk-inline\"><img decoding=\"async\" src=\"https:\/\/cdn.xl.pt\/bs\/uploads\/sites\/71\/2024\/02\/OriginalSize2022_11_25_14_58_16_441323.jpg\" alt=\"1\u00aa Edi\u00e7\u00e3o\" loading=\"lazy\" \/><\/div><p class=\"uk-hidden@s uk-text-small uk-text-muted uk-margin-small-top uk-margin-medium-bottom uk-text-left\"><\/p>\n<\/div><\/div>\n<\/div><\/div>\n\n\n\n<div class=\"wp-block-group\"><div class=\"wp-block-group__inner-container is-layout-constrained wp-block-group-is-layout-constrained\">\n<h3 class=\"wp-block-heading\"><strong>Eixo da Sustentabilidade<\/strong>&nbsp;&#8211; <strong>Grandes Empresas<\/strong>&nbsp;<\/h3>\n\n\n\n<div class=\"wp-block-group\"><div class=\"wp-block-group__inner-container is-layout-constrained wp-block-group-is-layout-constrained\">\n<h4 class=\"wp-block-heading\">Vencedor<\/h4>\n\n\n\n<p>EDIA<\/p>\n\n\n<div class=\"uk-inline\"><img decoding=\"async\" src=\"https:\/\/cdn.xl.pt\/bs\/uploads\/sites\/71\/2024\/02\/OriginalSize2022_11_25_15_11_25_441324.jpg\" alt=\"1\u00aa Edi\u00e7\u00e3o\" loading=\"lazy\" \/><\/div><p class=\"uk-hidden@s uk-text-small uk-text-muted uk-margin-small-top uk-margin-medium-bottom uk-text-left\"><\/p>\n<\/div><\/div>\n\n\n\n<div class=\"wp-block-group\"><div class=\"wp-block-group__inner-container is-layout-constrained wp-block-group-is-layout-constrained\">\n<h4 class=\"wp-block-heading\"><strong>Men\u00e7\u00e3o Honrosa<\/strong><\/h4>\n\n\n\n<p>Casais<\/p>\n\n\n<div class=\"uk-inline\"><img decoding=\"async\" src=\"https:\/\/cdn.xl.pt\/bs\/uploads\/sites\/71\/2024\/02\/OriginalSize2022_11_25_15_11_26_441325.jpg\" alt=\"1\u00aa Edi\u00e7\u00e3o\" loading=\"lazy\" \/><\/div><p class=\"uk-hidden@s uk-text-small uk-text-muted uk-margin-small-top uk-margin-medium-bottom uk-text-left\"><\/p>\n<\/div><\/div>\n\n\n\n<div class=\"wp-block-group\"><div class=\"wp-block-group__inner-container is-layout-constrained wp-block-group-is-layout-constrained\">\n<h4 class=\"wp-block-heading\"><strong>Men\u00e7\u00e3o Honrosa<\/strong><\/h4>\n\n\n\n<p>Indaqua<\/p>\n\n\n<div class=\"uk-inline\"><img decoding=\"async\" src=\"https:\/\/cdn.xl.pt\/bs\/uploads\/sites\/71\/2024\/02\/OriginalSize2022_11_25_15_11_27_441327.jpg\" alt=\"1\u00aa Edi\u00e7\u00e3o\" loading=\"lazy\" \/><\/div><p class=\"uk-hidden@s uk-text-small uk-text-muted uk-margin-small-top uk-margin-medium-bottom uk-text-left\"><\/p>\n<\/div><\/div>\n\n\n\n<div class=\"wp-block-group\"><div class=\"wp-block-group__inner-container is-layout-constrained wp-block-group-is-layout-constrained\">\n<h4 class=\"wp-block-heading\"><strong>Men\u00e7\u00e3o Honrosa<\/strong><\/h4>\n\n\n\n<p>To Good To Go<\/p>\n\n\n<div class=\"uk-inline\"><img decoding=\"async\" src=\"https:\/\/cdn.xl.pt\/bs\/uploads\/sites\/71\/2024\/02\/OriginalSize2022_11_25_15_11_28_441328.jpg\" alt=\"1\u00aa Edi\u00e7\u00e3o\" loading=\"lazy\" \/><\/div><p class=\"uk-hidden@s uk-text-small uk-text-muted uk-margin-small-top uk-margin-medium-bottom uk-text-left\"><\/p>\n<\/div><\/div>\n<\/div><\/div>\n\n\n\n<div class=\"wp-block-group\"><div class=\"wp-block-group__inner-container is-layout-constrained wp-block-group-is-layout-constrained\">\n<h3 class=\"wp-block-heading\"><strong><strong>Eixo da Sustentabilidade<\/strong><\/strong> &#8211; <strong><strong>PME&nbsp;<\/strong><\/strong>&nbsp;<\/h3>\n\n\n\n<div class=\"wp-block-group\"><div class=\"wp-block-group__inner-container is-layout-constrained wp-block-group-is-layout-constrained\">\n<h4 class=\"wp-block-heading\">Vencedor<\/h4>\n\n\n\n<p>Zero \u2013 Associa\u00e7\u00e3o Sistema Terrestre Sustent\u00e1vel<\/p>\n\n\n<div class=\"uk-inline\"><img decoding=\"async\" src=\"https:\/\/cdn.xl.pt\/bs\/uploads\/sites\/71\/2024\/02\/OriginalSize2022_11_25_15_11_26_441326.jpg\" alt=\"1\u00aa Edi\u00e7\u00e3o\" loading=\"lazy\" \/><\/div><p class=\"uk-hidden@s uk-text-small uk-text-muted uk-margin-small-top uk-margin-medium-bottom uk-text-left\"><\/p>\n<\/div><\/div>\n\n\n\n<div class=\"wp-block-group\"><div class=\"wp-block-group__inner-container is-layout-constrained wp-block-group-is-layout-constrained\">\n<h4 class=\"wp-block-heading\">Personalidade do Ano<\/h4>\n\n\n\n<p>Helena Freitas, professora catedr\u00e1tica na \u00e1rea da biodiversidade e ecologia no Departamento de Ci\u00eancias da Vida da Faculdade de Ci\u00eancias e Tecnologia da Universidade de Coimbra<\/p>\n\n\n<div class=\"uk-inline\"><img decoding=\"async\" src=\"https:\/\/cdn.xl.pt\/bs\/uploads\/sites\/71\/2024\/02\/OriginalSize2022_11_25_15_11_29_441329.jpg\" alt=\"1\u00aa Edi\u00e7\u00e3o\" loading=\"lazy\" \/><\/div><p class=\"uk-hidden@s uk-text-small uk-text-muted uk-margin-small-top uk-margin-medium-bottom uk-text-left\"><\/p>\n<\/div><\/div>\n<\/div><\/div>\n\n\n\n<div class=\"wp-block-group\"><div class=\"wp-block-group__inner-container is-layout-constrained wp-block-group-is-layout-constrained\">\n<h3 class=\"wp-block-heading\"><strong>Eixo da Economia Social<\/strong> &#8211; <strong>Grandes Empresas<\/strong>&nbsp;<\/h3>\n\n\n\n<div class=\"wp-block-group\"><div class=\"wp-block-group__inner-container is-layout-constrained wp-block-group-is-layout-constrained\">\n<h4 class=\"wp-block-heading\">Vencedor<\/h4>\n\n\n\n<p>Delta<\/p>\n\n\n<div class=\"uk-inline\"><img decoding=\"async\" src=\"https:\/\/cdn.xl.pt\/bs\/uploads\/sites\/71\/2024\/02\/OriginalSize2022_11_25_15_25_36_441330.jpg\" alt=\"1\u00aa Edi\u00e7\u00e3o\" loading=\"lazy\" \/><\/div><p class=\"uk-hidden@s uk-text-small uk-text-muted uk-margin-small-top uk-margin-medium-bottom uk-text-left\"><\/p>\n<\/div><\/div>\n<\/div><\/div>\n\n\n\n<div class=\"wp-block-group\"><div class=\"wp-block-group__inner-container is-layout-constrained wp-block-group-is-layout-constrained\">\n<h3 class=\"wp-block-heading\"><strong>Eixo da Economia Social<\/strong> &#8211; <strong>PME &#8211; Projetos de Sustentabilidade&nbsp;<\/strong>&nbsp;<\/h3>\n\n\n\n<div class=\"wp-block-group\"><div class=\"wp-block-group__inner-container is-layout-constrained wp-block-group-is-layout-constrained\">\n<h4 class=\"wp-block-heading\">Vencedor<\/h4>\n\n\n\n<p>Programa editorial da Funda\u00e7\u00e3o Francisco Manuel dos Santos<\/p>\n\n\n<div class=\"uk-inline\"><img decoding=\"async\" src=\"https:\/\/cdn.xl.pt\/bs\/uploads\/sites\/71\/2024\/02\/OriginalSize2022_11_25_15_25_37_441331.jpg\" alt=\"1\u00aa Edi\u00e7\u00e3o\" loading=\"lazy\" \/><\/div><p class=\"uk-hidden@s uk-text-small uk-text-muted uk-margin-small-top uk-margin-medium-bottom uk-text-left\"><\/p>\n<\/div><\/div>\n\n\n\n<div class=\"wp-block-group\"><div class=\"wp-block-group__inner-container is-layout-constrained wp-block-group-is-layout-constrained\">\n<h4 class=\"wp-block-heading\">Men\u00e7\u00e3o Honrosa<\/h4>\n\n\n\n<p>Programa ColorAdd nas escolas, ColorAdd Social<\/p>\n\n\n<div class=\"uk-inline\"><img decoding=\"async\" src=\"https:\/\/cdn.xl.pt\/bs\/uploads\/sites\/71\/2024\/02\/OriginalSize2022_11_25_15_25_39_441332.jpg\" alt=\"1\u00aa Edi\u00e7\u00e3o\" loading=\"lazy\" \/><\/div><p class=\"uk-hidden@s uk-text-small uk-text-muted uk-margin-small-top uk-margin-medium-bottom uk-text-left\"><\/p>\n<\/div><\/div>\n\n\n\n<div class=\"wp-block-group\"><div class=\"wp-block-group__inner-container is-layout-constrained wp-block-group-is-layout-constrained\">\n<h4 class=\"wp-block-heading\">Personalidade do Ano<\/h4>\n\n\n\n<p>Paulo Magalh\u00e3es, jurista e investigador do CIJE \u2013 Centro de Investiga\u00e7\u00e3o Jur\u00eddico-Econ\u00f3mica<\/p>\n\n\n<div class=\"uk-inline\"><img decoding=\"async\" src=\"https:\/\/cdn.xl.pt\/bs\/uploads\/sites\/71\/2024\/02\/OriginalSize2022_11_25_15_25_40_441333.jpg\" alt=\"1\u00aa Edi\u00e7\u00e3o\" loading=\"lazy\" \/><\/div><p class=\"uk-hidden@s uk-text-small uk-text-muted uk-margin-small-top uk-margin-medium-bottom uk-text-left\"><\/p>\n<\/div><\/div>\n<\/div><\/div>\n\n\n\n<div class=\"wp-block-group\"><div class=\"wp-block-group__inner-container is-layout-constrained wp-block-group-is-layout-constrained\">\n<h3 class=\"wp-block-heading\"><strong><strong>Turismo e servi\u00e7os<\/strong><\/strong> &#8211; <strong>Grandes Empresas<\/strong>&nbsp;<\/h3>\n\n\n\n<div class=\"wp-block-group\"><div class=\"wp-block-group__inner-container is-layout-constrained wp-block-group-is-layout-constrained\">\n<h4 class=\"wp-block-heading\">Vencedor<\/h4>\n\n\n\n<p>Vila Gal\u00e9<\/p>\n\n\n<div class=\"uk-inline\"><img decoding=\"async\" src=\"https:\/\/cdn.xl.pt\/bs\/uploads\/sites\/71\/2024\/02\/OriginalSize2022_11_25_15_37_33_441334.jpg\" alt=\"1\u00aa Edi\u00e7\u00e3o\" loading=\"lazy\" \/><\/div><p class=\"uk-hidden@s uk-text-small uk-text-muted uk-margin-small-top uk-margin-medium-bottom uk-text-left\"><\/p>\n<\/div><\/div>\n\n\n\n<div class=\"wp-block-group\"><div class=\"wp-block-group__inner-container is-layout-constrained wp-block-group-is-layout-constrained\">\n<h4 class=\"wp-block-heading\">Men\u00e7\u00e3o Honrosa<\/h4>\n\n\n\n<p>Primefood<\/p>\n\n\n<div class=\"uk-inline\"><img decoding=\"async\" src=\"https:\/\/cdn.xl.pt\/bs\/uploads\/sites\/71\/2024\/02\/OriginalSize2022_11_25_15_37_33_441335.jpg\" alt=\"1\u00aa Edi\u00e7\u00e3o\" loading=\"lazy\" \/><\/div><p class=\"uk-hidden@s uk-text-small uk-text-muted uk-margin-small-top uk-margin-medium-bottom uk-text-left\"><\/p>\n<\/div><\/div>\n<\/div><\/div>\n\n\n\n<div class=\"wp-block-group\"><div class=\"wp-block-group__inner-container is-layout-constrained wp-block-group-is-layout-constrained\">\n<h3 class=\"wp-block-heading\"><strong><strong>Turismo e servi\u00e7os<\/strong><\/strong> &#8211; <strong>PME&nbsp;<\/strong><\/h3>\n\n\n\n<div class=\"wp-block-group\"><div class=\"wp-block-group__inner-container is-layout-constrained wp-block-group-is-layout-constrained\">\n<h4 class=\"wp-block-heading\">Vencedor<\/h4>\n\n\n\n<p>Sublime Comporta Beach Club<\/p>\n\n\n<div class=\"uk-inline\"><img decoding=\"async\" src=\"https:\/\/cdn.xl.pt\/bs\/uploads\/sites\/71\/2024\/02\/OriginalSize2022_11_25_15_37_34_441336.jpg\" alt=\"1\u00aa Edi\u00e7\u00e3o\" loading=\"lazy\" \/><\/div><p class=\"uk-hidden@s uk-text-small uk-text-muted uk-margin-small-top uk-margin-medium-bottom uk-text-left\"><\/p>\n<\/div><\/div>\n\n\n\n<div class=\"wp-block-group\"><div class=\"wp-block-group__inner-container is-layout-constrained wp-block-group-is-layout-constrained\">\n<h4 class=\"wp-block-heading\">Men\u00e7\u00e3o Honrosa<\/h4>\n\n\n\n<p>The Best 3 C<\/p>\n\n\n<div class=\"uk-inline\"><img decoding=\"async\" src=\"https:\/\/cdn.xl.pt\/bs\/uploads\/sites\/71\/2024\/02\/OriginalSize2022_11_25_15_37_35_441337.jpg\" alt=\"1\u00aa Edi\u00e7\u00e3o\" loading=\"lazy\" \/><\/div><p class=\"uk-hidden@s uk-text-small uk-text-muted uk-margin-small-top uk-margin-medium-bottom uk-text-left\"><\/p>\n<\/div><\/div>\n\n\n\n<div class=\"wp-block-group\"><div class=\"wp-block-group__inner-container is-layout-constrained wp-block-group-is-layout-constrained\">\n<h4 class=\"wp-block-heading\">Personalidade do Ano<\/h4>\n\n\n\n<p>Margarida Almeida, Amazing \u2013 Gest\u00e3o de Hot\u00e9is<\/p>\n\n\n<div class=\"uk-inline\"><img decoding=\"async\" src=\"https:\/\/cdn.xl.pt\/bs\/uploads\/sites\/71\/2024\/02\/OriginalSize2022_11_25_15_37_36_441338.jpg\" alt=\"1\u00aa Edi\u00e7\u00e3o\" loading=\"lazy\" \/><\/div><p class=\"uk-hidden@s uk-text-small uk-text-muted uk-margin-small-top uk-margin-medium-bottom uk-text-left\"><\/p>\n<\/div><\/div>\n<\/div><\/div>\n","protected":false},"excerpt":{"rendered":"<p>A primeira edi\u00e7\u00e3o da iniciativa foi lan\u00e7ada no final de 2021 e decorreu durante todo o ano de 2022. Nesta edi\u00e7\u00e3o da iniciativa, as empresas n\u00e3o se candidataram, foram seleccionadas com base em dados da Informa D&amp;B, de acordo com os crit\u00e9rios de avalia\u00e7\u00e3o definidos pela Accenture. Categorias 1\u00aa edi\u00e7\u00e3o: \u00c1reas de premia\u00e7\u00e3o: Empresas vencedoras [&hellip;]<\/p>\n","protected":false},"author":29,"featured_media":0,"parent":1229,"menu_order":0,"comment_status":"closed","ping_status":"closed","template":"page-vencedores-children.php","meta":{"footnotes":""},"class_list":["post-1235","page","type-page","status-publish","hentry"],"_links":{"self":[{"href":"https:\/\/bs.xl.pt\/portugal-inspirador\/wp-json\/wp\/v2\/pages\/1235","targetHints":{"allow":["GET"]}}],"collection":[{"href":"https:\/\/bs.xl.pt\/portugal-inspirador\/wp-json\/wp\/v2\/pages"}],"about":[{"href":"https:\/\/bs.xl.pt\/portugal-inspirador\/wp-json\/wp\/v2\/types\/page"}],"author":[{"embeddable":true,"href":"https:\/\/bs.xl.pt\/portugal-inspirador\/wp-json\/wp\/v2\/users\/29"}],"replies":[{"embeddable":true,"href":"https:\/\/bs.xl.pt\/portugal-inspirador\/wp-json\/wp\/v2\/comments?post=1235"}],"version-history":[{"count":11,"href":"https:\/\/bs.xl.pt\/portugal-inspirador\/wp-json\/wp\/v2\/pages\/1235\/revisions"}],"predecessor-version":[{"id":3019,"href":"https:\/\/bs.xl.pt\/portugal-inspirador\/wp-json\/wp\/v2\/pages\/1235\/revisions\/3019"}],"up":[{"embeddable":true,"href":"https:\/\/bs.xl.pt\/portugal-inspirador\/wp-json\/wp\/v2\/pages\/1229"}],"wp:attachment":[{"href":"https:\/\/bs.xl.pt\/portugal-inspirador\/wp-json\/wp\/v2\/media?parent=1235"}],"curies":[{"name":"wp","href":"https:\/\/api.w.org\/{rel}","templated":true}]}}