{"id":1103,"date":"2024-02-28T10:43:32","date_gmt":"2024-02-28T10:43:32","guid":{"rendered":"https:\/\/bs.xl.pt\/portugal-inspirador\/?post_type=talks&#038;p=1103"},"modified":"2024-09-27T10:59:44","modified_gmt":"2024-09-27T09:59:44","slug":"agricultura","status":"publish","type":"talks","link":"https:\/\/bs.xl.pt\/portugal-inspirador\/talks\/agricultura\/","title":{"rendered":"Agricultura"},"content":{"rendered":"\n<div class=\"wp-block-group\"><div class=\"wp-block-group__inner-container is-layout-constrained wp-block-group-is-layout-constrained\">\n<h4 class=\"wp-block-heading\"><strong>15h30 Boas Vindas<\/strong><\/h4>\n\n\n\n<p><strong>Armando Esteves Pereira<\/strong>, Diretor geral editorial adjunto, Correio da Manh\u00e3<\/p>\n\n\n\n<h4 class=\"wp-block-heading\"><strong>15h35 Abertura&nbsp;&nbsp;&nbsp;<\/strong><\/h4>\n\n\n\n<p><strong>Rafael Rodrigues<\/strong>, Chefe da Divis\u00e3o de Desenvolvimento Econ\u00f3mico, CM \u00c9vora<\/p>\n\n\n\n<h4 class=\"wp-block-heading\"><strong>15h45 <strong><strong><strong>Colhendo o Futuro: Inova\u00e7\u00e3o e Harmonia na Agricultura<\/strong><\/strong><\/strong><\/strong><\/h4>\n\n\n\n<p><strong>\u00c2ngela Gon\u00e7alves Marques<\/strong>, CMTV<br><strong>Alfredo Cunhal Sendim<\/strong>, Respons\u00e1vel pela Herdade do Freixo do Meio<\/p>\n\n\n\n<h4 class=\"wp-block-heading\"><strong>16h15 <strong><strong>Ra\u00edzes Profundas<\/strong><\/strong><\/strong><\/h4>\n\n\n\n<p><strong>Jos\u00e9 Velez<\/strong>, Vice-Presidente, Comiss\u00e3o de Coordena\u00e7\u00e3o e Desenvolvimento Regional do Alentejo<br><strong>Miguel Silva<\/strong>, Director Comercial da Dire\u00e7\u00e3o de Empresas do Alentejo, Santander<br><strong>Rafael S\u00e1nchez Gavil\u00e1n<\/strong>, Diretor Executivo, AgroManed<br><strong>Rita Horta Rosado<\/strong>, Diretora Financeira, Cartuxa &#8211; Funda\u00e7\u00e3o Eug\u00e9nio de Almeida<br><strong>Rui Batista<\/strong>, Gestor, Conqueiros Invest Lda<\/p>\n\n\n\n<p><strong>Modera\u00e7\u00e3o:<\/strong> \u00c2ngela Gon\u00e7alves Marques, CMTV<\/p>\n\n\n\n<h4 class=\"wp-block-heading\"><strong>17h00 Encerramento<\/strong><\/h4>\n\n\n\n<p><strong>Lu\u00eds Lima Gomes<\/strong>, Respons\u00e1vel da Rede Particulares e Neg\u00f3cios Sul e Ilhas, Santander<\/p>\n<\/div><\/div>\n\n\n\n<div class=\"wp-block-group\"><div class=\"wp-block-group__inner-container is-layout-constrained wp-block-group-is-layout-constrained\">\n<h2 class=\"wp-block-heading\">&#8220;Ra\u00edzes Profundas&#8221;<\/h2>\n\n\n\n<p>O Pr\u00e9mio Portugal Inspirador, visitou a cidade de \u00c9vora e promoveu uma Confer\u00eancia centrada na Agricultura.<\/p>\n\n\n<div class=\"uk-margin-medium\"><iframe width=\"1280\" height=\"720\" src=\"\/\/www.youtube.com\/embed\/c9ZraHGdvHM?showinfo=0\" frameborder=\"0\" allowfullscreen data-uk-responsive loading=\"lazy\" referrerpolicy=\"no-referrer-when-downgrade\" title=\"\"><\/iframe><\/div>\n<\/div><\/div>\n\n\n\n<div class=\"wp-block-group\"><div class=\"wp-block-group__inner-container is-layout-constrained wp-block-group-is-layout-constrained\">\n<figure class=\"wp-block-gallery has-nested-images columns-default is-cropped wp-block-gallery-1 is-layout-flex wp-block-gallery-is-layout-flex\">\n<figure class=\"wp-block-image size-large\"><img loading=\"lazy\" decoding=\"async\" width=\"1024\" height=\"684\" data-id=\"2389\" src=\"https:\/\/cdn.xl.pt\/bs\/uploads\/sites\/71\/2024\/09\/Premio-Portugal-Inspirador-Evora-19-09-2024-Rececao-1-1024x684.jpg\" alt=\"\" class=\"wp-image-2389\" srcset=\"\/\/cdn.xl.pt\/bs\/uploads\/sites\/71\/2024\/09\/Premio-Portugal-Inspirador-Evora-19-09-2024-Rececao-1-1024x684.jpg 1024w, \/\/cdn.xl.pt\/bs\/uploads\/sites\/71\/2024\/09\/Premio-Portugal-Inspirador-Evora-19-09-2024-Rececao-1-300x200.jpg 300w, \/\/cdn.xl.pt\/bs\/uploads\/sites\/71\/2024\/09\/Premio-Portugal-Inspirador-Evora-19-09-2024-Rececao-1-768x513.jpg 768w, \/\/cdn.xl.pt\/bs\/uploads\/sites\/71\/2024\/09\/Premio-Portugal-Inspirador-Evora-19-09-2024-Rececao-1-1536x1025.jpg 1536w, \/\/cdn.xl.pt\/bs\/uploads\/sites\/71\/2024\/09\/Premio-Portugal-Inspirador-Evora-19-09-2024-Rececao-1-600x400.jpg 600w, \/\/cdn.xl.pt\/bs\/uploads\/sites\/71\/2024\/09\/Premio-Portugal-Inspirador-Evora-19-09-2024-Rececao-1.jpg 2000w\" sizes=\"auto, (max-width: 1024px) 100vw, 1024px\" \/><\/figure>\n\n\n\n<figure class=\"wp-block-image size-large\"><img loading=\"lazy\" decoding=\"async\" width=\"1024\" height=\"682\" data-id=\"2386\" src=\"https:\/\/cdn.xl.pt\/bs\/uploads\/sites\/71\/2024\/09\/Premio-Portugal-Inspirador-Evora-19-09-2024-Rececao-4-1024x682.jpg\" alt=\"\" class=\"wp-image-2386\" srcset=\"\/\/cdn.xl.pt\/bs\/uploads\/sites\/71\/2024\/09\/Premio-Portugal-Inspirador-Evora-19-09-2024-Rececao-4-1024x682.jpg 1024w, \/\/cdn.xl.pt\/bs\/uploads\/sites\/71\/2024\/09\/Premio-Portugal-Inspirador-Evora-19-09-2024-Rececao-4-300x200.jpg 300w, \/\/cdn.xl.pt\/bs\/uploads\/sites\/71\/2024\/09\/Premio-Portugal-Inspirador-Evora-19-09-2024-Rececao-4-768x512.jpg 768w, \/\/cdn.xl.pt\/bs\/uploads\/sites\/71\/2024\/09\/Premio-Portugal-Inspirador-Evora-19-09-2024-Rececao-4-1536x1024.jpg 1536w, \/\/cdn.xl.pt\/bs\/uploads\/sites\/71\/2024\/09\/Premio-Portugal-Inspirador-Evora-19-09-2024-Rececao-4-600x400.jpg 600w, \/\/cdn.xl.pt\/bs\/uploads\/sites\/71\/2024\/09\/Premio-Portugal-Inspirador-Evora-19-09-2024-Rececao-4.jpg 2000w\" sizes=\"auto, (max-width: 1024px) 100vw, 1024px\" \/><\/figure>\n\n\n\n<figure class=\"wp-block-image size-large\"><img loading=\"lazy\" decoding=\"async\" width=\"1024\" height=\"682\" data-id=\"2380\" src=\"https:\/\/cdn.xl.pt\/bs\/uploads\/sites\/71\/2024\/09\/Premio-Portugal-Inspirador-Evora-19-09-2024-Rececao-8-1024x682.jpg\" alt=\"\" class=\"wp-image-2380\" srcset=\"\/\/cdn.xl.pt\/bs\/uploads\/sites\/71\/2024\/09\/Premio-Portugal-Inspirador-Evora-19-09-2024-Rececao-8-1024x682.jpg 1024w, \/\/cdn.xl.pt\/bs\/uploads\/sites\/71\/2024\/09\/Premio-Portugal-Inspirador-Evora-19-09-2024-Rececao-8-300x200.jpg 300w, \/\/cdn.xl.pt\/bs\/uploads\/sites\/71\/2024\/09\/Premio-Portugal-Inspirador-Evora-19-09-2024-Rececao-8-768x512.jpg 768w, \/\/cdn.xl.pt\/bs\/uploads\/sites\/71\/2024\/09\/Premio-Portugal-Inspirador-Evora-19-09-2024-Rececao-8-1536x1024.jpg 1536w, \/\/cdn.xl.pt\/bs\/uploads\/sites\/71\/2024\/09\/Premio-Portugal-Inspirador-Evora-19-09-2024-Rececao-8-600x400.jpg 600w, \/\/cdn.xl.pt\/bs\/uploads\/sites\/71\/2024\/09\/Premio-Portugal-Inspirador-Evora-19-09-2024-Rececao-8.jpg 2000w\" sizes=\"auto, (max-width: 1024px) 100vw, 1024px\" \/><\/figure>\n\n\n\n<figure class=\"wp-block-image size-large\"><img loading=\"lazy\" decoding=\"async\" width=\"1024\" height=\"682\" data-id=\"2383\" src=\"https:\/\/cdn.xl.pt\/bs\/uploads\/sites\/71\/2024\/09\/Premio-Portugal-Inspirador-Evora-19-09-2024-Rececao-10-1024x682.jpg\" alt=\"\" class=\"wp-image-2383\" srcset=\"\/\/cdn.xl.pt\/bs\/uploads\/sites\/71\/2024\/09\/Premio-Portugal-Inspirador-Evora-19-09-2024-Rececao-10-1024x682.jpg 1024w, \/\/cdn.xl.pt\/bs\/uploads\/sites\/71\/2024\/09\/Premio-Portugal-Inspirador-Evora-19-09-2024-Rececao-10-300x200.jpg 300w, \/\/cdn.xl.pt\/bs\/uploads\/sites\/71\/2024\/09\/Premio-Portugal-Inspirador-Evora-19-09-2024-Rececao-10-768x512.jpg 768w, \/\/cdn.xl.pt\/bs\/uploads\/sites\/71\/2024\/09\/Premio-Portugal-Inspirador-Evora-19-09-2024-Rececao-10-1536x1024.jpg 1536w, \/\/cdn.xl.pt\/bs\/uploads\/sites\/71\/2024\/09\/Premio-Portugal-Inspirador-Evora-19-09-2024-Rececao-10-600x400.jpg 600w, \/\/cdn.xl.pt\/bs\/uploads\/sites\/71\/2024\/09\/Premio-Portugal-Inspirador-Evora-19-09-2024-Rececao-10.jpg 2000w\" sizes=\"auto, (max-width: 1024px) 100vw, 1024px\" \/><\/figure>\n\n\n\n<figure class=\"wp-block-image size-large\"><img loading=\"lazy\" decoding=\"async\" width=\"1024\" height=\"682\" data-id=\"2377\" src=\"https:\/\/cdn.xl.pt\/bs\/uploads\/sites\/71\/2024\/09\/Premio-Portugal-Inspirador-Evora-19-09-2024-Rececao-12-1024x682.jpg\" alt=\"\" class=\"wp-image-2377\" srcset=\"\/\/cdn.xl.pt\/bs\/uploads\/sites\/71\/2024\/09\/Premio-Portugal-Inspirador-Evora-19-09-2024-Rececao-12-1024x682.jpg 1024w, \/\/cdn.xl.pt\/bs\/uploads\/sites\/71\/2024\/09\/Premio-Portugal-Inspirador-Evora-19-09-2024-Rececao-12-300x200.jpg 300w, \/\/cdn.xl.pt\/bs\/uploads\/sites\/71\/2024\/09\/Premio-Portugal-Inspirador-Evora-19-09-2024-Rececao-12-768x512.jpg 768w, \/\/cdn.xl.pt\/bs\/uploads\/sites\/71\/2024\/09\/Premio-Portugal-Inspirador-Evora-19-09-2024-Rececao-12-1536x1024.jpg 1536w, \/\/cdn.xl.pt\/bs\/uploads\/sites\/71\/2024\/09\/Premio-Portugal-Inspirador-Evora-19-09-2024-Rececao-12-600x400.jpg 600w, \/\/cdn.xl.pt\/bs\/uploads\/sites\/71\/2024\/09\/Premio-Portugal-Inspirador-Evora-19-09-2024-Rececao-12.jpg 2000w\" sizes=\"auto, (max-width: 1024px) 100vw, 1024px\" \/><\/figure>\n\n\n\n<figure class=\"wp-block-image size-large\"><img loading=\"lazy\" decoding=\"async\" width=\"1024\" height=\"684\" data-id=\"2374\" src=\"https:\/\/cdn.xl.pt\/bs\/uploads\/sites\/71\/2024\/09\/Premio-Portugal-Inspirador-Evora-19-09-2024-Rececao-15-1024x684.jpg\" alt=\"\" class=\"wp-image-2374\" srcset=\"\/\/cdn.xl.pt\/bs\/uploads\/sites\/71\/2024\/09\/Premio-Portugal-Inspirador-Evora-19-09-2024-Rececao-15-1024x684.jpg 1024w, \/\/cdn.xl.pt\/bs\/uploads\/sites\/71\/2024\/09\/Premio-Portugal-Inspirador-Evora-19-09-2024-Rececao-15-300x200.jpg 300w, \/\/cdn.xl.pt\/bs\/uploads\/sites\/71\/2024\/09\/Premio-Portugal-Inspirador-Evora-19-09-2024-Rececao-15-768x513.jpg 768w, \/\/cdn.xl.pt\/bs\/uploads\/sites\/71\/2024\/09\/Premio-Portugal-Inspirador-Evora-19-09-2024-Rececao-15-1536x1025.jpg 1536w, \/\/cdn.xl.pt\/bs\/uploads\/sites\/71\/2024\/09\/Premio-Portugal-Inspirador-Evora-19-09-2024-Rececao-15-600x400.jpg 600w, \/\/cdn.xl.pt\/bs\/uploads\/sites\/71\/2024\/09\/Premio-Portugal-Inspirador-Evora-19-09-2024-Rececao-15.jpg 2000w\" sizes=\"auto, (max-width: 1024px) 100vw, 1024px\" \/><\/figure>\n\n\n\n<figure class=\"wp-block-image size-large\"><img loading=\"lazy\" decoding=\"async\" width=\"1024\" height=\"684\" data-id=\"2392\" src=\"https:\/\/cdn.xl.pt\/bs\/uploads\/sites\/71\/2024\/09\/Premio-Portugal-Inspirador-Evora-19-09-2024-Rececao-21-1024x684.jpg\" alt=\"\" class=\"wp-image-2392\" srcset=\"\/\/cdn.xl.pt\/bs\/uploads\/sites\/71\/2024\/09\/Premio-Portugal-Inspirador-Evora-19-09-2024-Rececao-21-1024x684.jpg 1024w, \/\/cdn.xl.pt\/bs\/uploads\/sites\/71\/2024\/09\/Premio-Portugal-Inspirador-Evora-19-09-2024-Rececao-21-300x200.jpg 300w, \/\/cdn.xl.pt\/bs\/uploads\/sites\/71\/2024\/09\/Premio-Portugal-Inspirador-Evora-19-09-2024-Rececao-21-768x513.jpg 768w, \/\/cdn.xl.pt\/bs\/uploads\/sites\/71\/2024\/09\/Premio-Portugal-Inspirador-Evora-19-09-2024-Rececao-21-1536x1025.jpg 1536w, \/\/cdn.xl.pt\/bs\/uploads\/sites\/71\/2024\/09\/Premio-Portugal-Inspirador-Evora-19-09-2024-Rececao-21-600x400.jpg 600w, \/\/cdn.xl.pt\/bs\/uploads\/sites\/71\/2024\/09\/Premio-Portugal-Inspirador-Evora-19-09-2024-Rececao-21.jpg 2000w\" sizes=\"auto, (max-width: 1024px) 100vw, 1024px\" \/><\/figure>\n\n\n\n<figure class=\"wp-block-image size-large\"><img loading=\"lazy\" decoding=\"async\" width=\"1024\" height=\"684\" data-id=\"2395\" src=\"https:\/\/cdn.xl.pt\/bs\/uploads\/sites\/71\/2024\/09\/Premio-Portugal-Inspirador-Evora-19-09-2024-Rececao-22-1024x684.jpg\" alt=\"\" class=\"wp-image-2395\" srcset=\"\/\/cdn.xl.pt\/bs\/uploads\/sites\/71\/2024\/09\/Premio-Portugal-Inspirador-Evora-19-09-2024-Rececao-22-1024x684.jpg 1024w, \/\/cdn.xl.pt\/bs\/uploads\/sites\/71\/2024\/09\/Premio-Portugal-Inspirador-Evora-19-09-2024-Rececao-22-300x200.jpg 300w, \/\/cdn.xl.pt\/bs\/uploads\/sites\/71\/2024\/09\/Premio-Portugal-Inspirador-Evora-19-09-2024-Rececao-22-768x513.jpg 768w, \/\/cdn.xl.pt\/bs\/uploads\/sites\/71\/2024\/09\/Premio-Portugal-Inspirador-Evora-19-09-2024-Rececao-22-1536x1025.jpg 1536w, \/\/cdn.xl.pt\/bs\/uploads\/sites\/71\/2024\/09\/Premio-Portugal-Inspirador-Evora-19-09-2024-Rececao-22-600x400.jpg 600w, \/\/cdn.xl.pt\/bs\/uploads\/sites\/71\/2024\/09\/Premio-Portugal-Inspirador-Evora-19-09-2024-Rececao-22.jpg 2000w\" sizes=\"auto, (max-width: 1024px) 100vw, 1024px\" \/><\/figure>\n\n\n\n<figure class=\"wp-block-image size-large\"><img loading=\"lazy\" decoding=\"async\" width=\"1024\" height=\"684\" data-id=\"2398\" src=\"https:\/\/cdn.xl.pt\/bs\/uploads\/sites\/71\/2024\/09\/Premio-Portugal-Inspirador-Evora-19-09-2024-Rececao-23-1024x684.jpg\" alt=\"\" class=\"wp-image-2398\" srcset=\"\/\/cdn.xl.pt\/bs\/uploads\/sites\/71\/2024\/09\/Premio-Portugal-Inspirador-Evora-19-09-2024-Rececao-23-1024x684.jpg 1024w, \/\/cdn.xl.pt\/bs\/uploads\/sites\/71\/2024\/09\/Premio-Portugal-Inspirador-Evora-19-09-2024-Rececao-23-300x200.jpg 300w, \/\/cdn.xl.pt\/bs\/uploads\/sites\/71\/2024\/09\/Premio-Portugal-Inspirador-Evora-19-09-2024-Rececao-23-768x513.jpg 768w, \/\/cdn.xl.pt\/bs\/uploads\/sites\/71\/2024\/09\/Premio-Portugal-Inspirador-Evora-19-09-2024-Rececao-23-1536x1025.jpg 1536w, \/\/cdn.xl.pt\/bs\/uploads\/sites\/71\/2024\/09\/Premio-Portugal-Inspirador-Evora-19-09-2024-Rececao-23-600x400.jpg 600w, \/\/cdn.xl.pt\/bs\/uploads\/sites\/71\/2024\/09\/Premio-Portugal-Inspirador-Evora-19-09-2024-Rececao-23.jpg 2000w\" sizes=\"auto, (max-width: 1024px) 100vw, 1024px\" \/><\/figure>\n\n\n\n<figure class=\"wp-block-image size-large\"><img loading=\"lazy\" decoding=\"async\" width=\"1024\" height=\"682\" data-id=\"2404\" src=\"https:\/\/cdn.xl.pt\/bs\/uploads\/sites\/71\/2024\/09\/Premio-Portugal-Inspirador-Evora-19-09-2024-Rececao-27-1024x682.jpg\" alt=\"\" class=\"wp-image-2404\" srcset=\"\/\/cdn.xl.pt\/bs\/uploads\/sites\/71\/2024\/09\/Premio-Portugal-Inspirador-Evora-19-09-2024-Rececao-27-1024x682.jpg 1024w, \/\/cdn.xl.pt\/bs\/uploads\/sites\/71\/2024\/09\/Premio-Portugal-Inspirador-Evora-19-09-2024-Rececao-27-300x200.jpg 300w, \/\/cdn.xl.pt\/bs\/uploads\/sites\/71\/2024\/09\/Premio-Portugal-Inspirador-Evora-19-09-2024-Rececao-27-768x512.jpg 768w, \/\/cdn.xl.pt\/bs\/uploads\/sites\/71\/2024\/09\/Premio-Portugal-Inspirador-Evora-19-09-2024-Rececao-27-1536x1024.jpg 1536w, \/\/cdn.xl.pt\/bs\/uploads\/sites\/71\/2024\/09\/Premio-Portugal-Inspirador-Evora-19-09-2024-Rececao-27-600x400.jpg 600w, \/\/cdn.xl.pt\/bs\/uploads\/sites\/71\/2024\/09\/Premio-Portugal-Inspirador-Evora-19-09-2024-Rececao-27.jpg 2000w\" sizes=\"auto, (max-width: 1024px) 100vw, 1024px\" \/><\/figure>\n\n\n\n<figure class=\"wp-block-image size-large\"><img loading=\"lazy\" decoding=\"async\" width=\"1024\" height=\"682\" data-id=\"2407\" src=\"https:\/\/cdn.xl.pt\/bs\/uploads\/sites\/71\/2024\/09\/Premio-Portugal-Inspirador-Evora-19-09-2024-Rececao-32-1024x682.jpg\" alt=\"\" class=\"wp-image-2407\" srcset=\"\/\/cdn.xl.pt\/bs\/uploads\/sites\/71\/2024\/09\/Premio-Portugal-Inspirador-Evora-19-09-2024-Rececao-32-1024x682.jpg 1024w, \/\/cdn.xl.pt\/bs\/uploads\/sites\/71\/2024\/09\/Premio-Portugal-Inspirador-Evora-19-09-2024-Rececao-32-300x200.jpg 300w, \/\/cdn.xl.pt\/bs\/uploads\/sites\/71\/2024\/09\/Premio-Portugal-Inspirador-Evora-19-09-2024-Rececao-32-768x512.jpg 768w, \/\/cdn.xl.pt\/bs\/uploads\/sites\/71\/2024\/09\/Premio-Portugal-Inspirador-Evora-19-09-2024-Rececao-32-1536x1024.jpg 1536w, \/\/cdn.xl.pt\/bs\/uploads\/sites\/71\/2024\/09\/Premio-Portugal-Inspirador-Evora-19-09-2024-Rececao-32-600x400.jpg 600w, \/\/cdn.xl.pt\/bs\/uploads\/sites\/71\/2024\/09\/Premio-Portugal-Inspirador-Evora-19-09-2024-Rececao-32.jpg 2000w\" sizes=\"auto, (max-width: 1024px) 100vw, 1024px\" \/><\/figure>\n\n\n\n<figure class=\"wp-block-image size-large\"><img loading=\"lazy\" decoding=\"async\" width=\"1024\" height=\"682\" data-id=\"2401\" src=\"https:\/\/cdn.xl.pt\/bs\/uploads\/sites\/71\/2024\/09\/Premio-Portugal-Inspirador-Evora-19-09-2024-8-1024x682.jpg\" alt=\"\" class=\"wp-image-2401\" srcset=\"\/\/cdn.xl.pt\/bs\/uploads\/sites\/71\/2024\/09\/Premio-Portugal-Inspirador-Evora-19-09-2024-8-1024x682.jpg 1024w, \/\/cdn.xl.pt\/bs\/uploads\/sites\/71\/2024\/09\/Premio-Portugal-Inspirador-Evora-19-09-2024-8-300x200.jpg 300w, \/\/cdn.xl.pt\/bs\/uploads\/sites\/71\/2024\/09\/Premio-Portugal-Inspirador-Evora-19-09-2024-8-768x512.jpg 768w, \/\/cdn.xl.pt\/bs\/uploads\/sites\/71\/2024\/09\/Premio-Portugal-Inspirador-Evora-19-09-2024-8-1536x1024.jpg 1536w, \/\/cdn.xl.pt\/bs\/uploads\/sites\/71\/2024\/09\/Premio-Portugal-Inspirador-Evora-19-09-2024-8-600x400.jpg 600w, \/\/cdn.xl.pt\/bs\/uploads\/sites\/71\/2024\/09\/Premio-Portugal-Inspirador-Evora-19-09-2024-8.jpg 2000w\" sizes=\"auto, (max-width: 1024px) 100vw, 1024px\" \/><\/figure>\n\n\n\n<figure class=\"wp-block-image size-large\"><img loading=\"lazy\" decoding=\"async\" width=\"1024\" height=\"684\" data-id=\"2413\" src=\"https:\/\/cdn.xl.pt\/bs\/uploads\/sites\/71\/2024\/09\/Premio-Portugal-Inspirador-Evora-19-09-2024-9-1024x684.jpg\" alt=\"\" class=\"wp-image-2413\" srcset=\"\/\/cdn.xl.pt\/bs\/uploads\/sites\/71\/2024\/09\/Premio-Portugal-Inspirador-Evora-19-09-2024-9-1024x684.jpg 1024w, \/\/cdn.xl.pt\/bs\/uploads\/sites\/71\/2024\/09\/Premio-Portugal-Inspirador-Evora-19-09-2024-9-300x200.jpg 300w, \/\/cdn.xl.pt\/bs\/uploads\/sites\/71\/2024\/09\/Premio-Portugal-Inspirador-Evora-19-09-2024-9-768x513.jpg 768w, \/\/cdn.xl.pt\/bs\/uploads\/sites\/71\/2024\/09\/Premio-Portugal-Inspirador-Evora-19-09-2024-9-1536x1025.jpg 1536w, \/\/cdn.xl.pt\/bs\/uploads\/sites\/71\/2024\/09\/Premio-Portugal-Inspirador-Evora-19-09-2024-9-600x400.jpg 600w, \/\/cdn.xl.pt\/bs\/uploads\/sites\/71\/2024\/09\/Premio-Portugal-Inspirador-Evora-19-09-2024-9.jpg 2000w\" sizes=\"auto, (max-width: 1024px) 100vw, 1024px\" \/><\/figure>\n\n\n\n<figure class=\"wp-block-image size-large\"><img loading=\"lazy\" decoding=\"async\" width=\"1024\" height=\"684\" data-id=\"2416\" src=\"https:\/\/cdn.xl.pt\/bs\/uploads\/sites\/71\/2024\/09\/Premio-Portugal-Inspirador-Evora-19-09-2024-11-1024x684.jpg\" alt=\"\" class=\"wp-image-2416\" srcset=\"\/\/cdn.xl.pt\/bs\/uploads\/sites\/71\/2024\/09\/Premio-Portugal-Inspirador-Evora-19-09-2024-11-1024x684.jpg 1024w, \/\/cdn.xl.pt\/bs\/uploads\/sites\/71\/2024\/09\/Premio-Portugal-Inspirador-Evora-19-09-2024-11-300x200.jpg 300w, \/\/cdn.xl.pt\/bs\/uploads\/sites\/71\/2024\/09\/Premio-Portugal-Inspirador-Evora-19-09-2024-11-768x513.jpg 768w, \/\/cdn.xl.pt\/bs\/uploads\/sites\/71\/2024\/09\/Premio-Portugal-Inspirador-Evora-19-09-2024-11-1536x1025.jpg 1536w, \/\/cdn.xl.pt\/bs\/uploads\/sites\/71\/2024\/09\/Premio-Portugal-Inspirador-Evora-19-09-2024-11-600x400.jpg 600w, \/\/cdn.xl.pt\/bs\/uploads\/sites\/71\/2024\/09\/Premio-Portugal-Inspirador-Evora-19-09-2024-11.jpg 2000w\" sizes=\"auto, (max-width: 1024px) 100vw, 1024px\" \/><\/figure>\n\n\n\n<figure class=\"wp-block-image size-large\"><img loading=\"lazy\" decoding=\"async\" width=\"1024\" height=\"684\" data-id=\"2410\" src=\"https:\/\/cdn.xl.pt\/bs\/uploads\/sites\/71\/2024\/09\/Premio-Portugal-Inspirador-Evora-19-09-2024-12-1024x684.jpg\" alt=\"\" class=\"wp-image-2410\" srcset=\"\/\/cdn.xl.pt\/bs\/uploads\/sites\/71\/2024\/09\/Premio-Portugal-Inspirador-Evora-19-09-2024-12-1024x684.jpg 1024w, \/\/cdn.xl.pt\/bs\/uploads\/sites\/71\/2024\/09\/Premio-Portugal-Inspirador-Evora-19-09-2024-12-300x200.jpg 300w, \/\/cdn.xl.pt\/bs\/uploads\/sites\/71\/2024\/09\/Premio-Portugal-Inspirador-Evora-19-09-2024-12-768x513.jpg 768w, \/\/cdn.xl.pt\/bs\/uploads\/sites\/71\/2024\/09\/Premio-Portugal-Inspirador-Evora-19-09-2024-12-1536x1025.jpg 1536w, \/\/cdn.xl.pt\/bs\/uploads\/sites\/71\/2024\/09\/Premio-Portugal-Inspirador-Evora-19-09-2024-12-600x400.jpg 600w, \/\/cdn.xl.pt\/bs\/uploads\/sites\/71\/2024\/09\/Premio-Portugal-Inspirador-Evora-19-09-2024-12.jpg 2000w\" sizes=\"auto, (max-width: 1024px) 100vw, 1024px\" \/><\/figure>\n\n\n\n<figure class=\"wp-block-image size-large\"><img loading=\"lazy\" decoding=\"async\" width=\"1024\" height=\"684\" data-id=\"2419\" src=\"https:\/\/cdn.xl.pt\/bs\/uploads\/sites\/71\/2024\/09\/Premio-Portugal-Inspirador-Evora-19-09-2024-13-1024x684.jpg\" alt=\"\" class=\"wp-image-2419\" srcset=\"\/\/cdn.xl.pt\/bs\/uploads\/sites\/71\/2024\/09\/Premio-Portugal-Inspirador-Evora-19-09-2024-13-1024x684.jpg 1024w, \/\/cdn.xl.pt\/bs\/uploads\/sites\/71\/2024\/09\/Premio-Portugal-Inspirador-Evora-19-09-2024-13-300x200.jpg 300w, \/\/cdn.xl.pt\/bs\/uploads\/sites\/71\/2024\/09\/Premio-Portugal-Inspirador-Evora-19-09-2024-13-768x513.jpg 768w, \/\/cdn.xl.pt\/bs\/uploads\/sites\/71\/2024\/09\/Premio-Portugal-Inspirador-Evora-19-09-2024-13-1536x1025.jpg 1536w, \/\/cdn.xl.pt\/bs\/uploads\/sites\/71\/2024\/09\/Premio-Portugal-Inspirador-Evora-19-09-2024-13-600x400.jpg 600w, \/\/cdn.xl.pt\/bs\/uploads\/sites\/71\/2024\/09\/Premio-Portugal-Inspirador-Evora-19-09-2024-13.jpg 2000w\" sizes=\"auto, (max-width: 1024px) 100vw, 1024px\" \/><\/figure>\n\n\n\n<figure class=\"wp-block-image size-large\"><img loading=\"lazy\" decoding=\"async\" width=\"1024\" height=\"684\" data-id=\"2422\" src=\"https:\/\/cdn.xl.pt\/bs\/uploads\/sites\/71\/2024\/09\/Premio-Portugal-Inspirador-Evora-19-09-2024-14-1024x684.jpg\" alt=\"\" class=\"wp-image-2422\" srcset=\"\/\/cdn.xl.pt\/bs\/uploads\/sites\/71\/2024\/09\/Premio-Portugal-Inspirador-Evora-19-09-2024-14-1024x684.jpg 1024w, \/\/cdn.xl.pt\/bs\/uploads\/sites\/71\/2024\/09\/Premio-Portugal-Inspirador-Evora-19-09-2024-14-300x200.jpg 300w, \/\/cdn.xl.pt\/bs\/uploads\/sites\/71\/2024\/09\/Premio-Portugal-Inspirador-Evora-19-09-2024-14-768x513.jpg 768w, \/\/cdn.xl.pt\/bs\/uploads\/sites\/71\/2024\/09\/Premio-Portugal-Inspirador-Evora-19-09-2024-14-1536x1025.jpg 1536w, \/\/cdn.xl.pt\/bs\/uploads\/sites\/71\/2024\/09\/Premio-Portugal-Inspirador-Evora-19-09-2024-14-600x400.jpg 600w, \/\/cdn.xl.pt\/bs\/uploads\/sites\/71\/2024\/09\/Premio-Portugal-Inspirador-Evora-19-09-2024-14.jpg 2000w\" sizes=\"auto, (max-width: 1024px) 100vw, 1024px\" \/><\/figure>\n\n\n\n<figure class=\"wp-block-image size-large\"><img loading=\"lazy\" decoding=\"async\" width=\"1024\" height=\"684\" data-id=\"2425\" src=\"https:\/\/cdn.xl.pt\/bs\/uploads\/sites\/71\/2024\/09\/Premio-Portugal-Inspirador-Evora-19-09-2024-16-1024x684.jpg\" alt=\"\" class=\"wp-image-2425\" srcset=\"\/\/cdn.xl.pt\/bs\/uploads\/sites\/71\/2024\/09\/Premio-Portugal-Inspirador-Evora-19-09-2024-16-1024x684.jpg 1024w, \/\/cdn.xl.pt\/bs\/uploads\/sites\/71\/2024\/09\/Premio-Portugal-Inspirador-Evora-19-09-2024-16-300x200.jpg 300w, \/\/cdn.xl.pt\/bs\/uploads\/sites\/71\/2024\/09\/Premio-Portugal-Inspirador-Evora-19-09-2024-16-768x513.jpg 768w, \/\/cdn.xl.pt\/bs\/uploads\/sites\/71\/2024\/09\/Premio-Portugal-Inspirador-Evora-19-09-2024-16-1536x1025.jpg 1536w, \/\/cdn.xl.pt\/bs\/uploads\/sites\/71\/2024\/09\/Premio-Portugal-Inspirador-Evora-19-09-2024-16-600x400.jpg 600w, \/\/cdn.xl.pt\/bs\/uploads\/sites\/71\/2024\/09\/Premio-Portugal-Inspirador-Evora-19-09-2024-16.jpg 2000w\" sizes=\"auto, (max-width: 1024px) 100vw, 1024px\" \/><\/figure>\n\n\n\n<figure class=\"wp-block-image size-large\"><img loading=\"lazy\" decoding=\"async\" width=\"1024\" height=\"684\" data-id=\"2431\" src=\"https:\/\/cdn.xl.pt\/bs\/uploads\/sites\/71\/2024\/09\/Premio-Portugal-Inspirador-Evora-19-09-2024-17-1024x684.jpg\" alt=\"\" class=\"wp-image-2431\" srcset=\"\/\/cdn.xl.pt\/bs\/uploads\/sites\/71\/2024\/09\/Premio-Portugal-Inspirador-Evora-19-09-2024-17-1024x684.jpg 1024w, \/\/cdn.xl.pt\/bs\/uploads\/sites\/71\/2024\/09\/Premio-Portugal-Inspirador-Evora-19-09-2024-17-300x200.jpg 300w, \/\/cdn.xl.pt\/bs\/uploads\/sites\/71\/2024\/09\/Premio-Portugal-Inspirador-Evora-19-09-2024-17-768x513.jpg 768w, \/\/cdn.xl.pt\/bs\/uploads\/sites\/71\/2024\/09\/Premio-Portugal-Inspirador-Evora-19-09-2024-17-1536x1025.jpg 1536w, \/\/cdn.xl.pt\/bs\/uploads\/sites\/71\/2024\/09\/Premio-Portugal-Inspirador-Evora-19-09-2024-17-600x400.jpg 600w, \/\/cdn.xl.pt\/bs\/uploads\/sites\/71\/2024\/09\/Premio-Portugal-Inspirador-Evora-19-09-2024-17.jpg 2000w\" sizes=\"auto, (max-width: 1024px) 100vw, 1024px\" \/><\/figure>\n\n\n\n<figure class=\"wp-block-image size-large\"><img loading=\"lazy\" decoding=\"async\" width=\"1024\" height=\"684\" data-id=\"2434\" src=\"https:\/\/cdn.xl.pt\/bs\/uploads\/sites\/71\/2024\/09\/Premio-Portugal-Inspirador-Evora-19-09-2024-19-1024x684.jpg\" alt=\"\" class=\"wp-image-2434\" srcset=\"\/\/cdn.xl.pt\/bs\/uploads\/sites\/71\/2024\/09\/Premio-Portugal-Inspirador-Evora-19-09-2024-19-1024x684.jpg 1024w, \/\/cdn.xl.pt\/bs\/uploads\/sites\/71\/2024\/09\/Premio-Portugal-Inspirador-Evora-19-09-2024-19-300x200.jpg 300w, \/\/cdn.xl.pt\/bs\/uploads\/sites\/71\/2024\/09\/Premio-Portugal-Inspirador-Evora-19-09-2024-19-768x513.jpg 768w, \/\/cdn.xl.pt\/bs\/uploads\/sites\/71\/2024\/09\/Premio-Portugal-Inspirador-Evora-19-09-2024-19-1536x1025.jpg 1536w, \/\/cdn.xl.pt\/bs\/uploads\/sites\/71\/2024\/09\/Premio-Portugal-Inspirador-Evora-19-09-2024-19-600x400.jpg 600w, \/\/cdn.xl.pt\/bs\/uploads\/sites\/71\/2024\/09\/Premio-Portugal-Inspirador-Evora-19-09-2024-19.jpg 2000w\" sizes=\"auto, (max-width: 1024px) 100vw, 1024px\" \/><\/figure>\n\n\n\n<figure class=\"wp-block-image size-large\"><img loading=\"lazy\" decoding=\"async\" width=\"1024\" height=\"684\" data-id=\"2428\" src=\"https:\/\/cdn.xl.pt\/bs\/uploads\/sites\/71\/2024\/09\/Premio-Portugal-Inspirador-Evora-19-09-2024-27-1024x684.jpg\" alt=\"\" class=\"wp-image-2428\" srcset=\"\/\/cdn.xl.pt\/bs\/uploads\/sites\/71\/2024\/09\/Premio-Portugal-Inspirador-Evora-19-09-2024-27-1024x684.jpg 1024w, \/\/cdn.xl.pt\/bs\/uploads\/sites\/71\/2024\/09\/Premio-Portugal-Inspirador-Evora-19-09-2024-27-300x200.jpg 300w, \/\/cdn.xl.pt\/bs\/uploads\/sites\/71\/2024\/09\/Premio-Portugal-Inspirador-Evora-19-09-2024-27-768x513.jpg 768w, \/\/cdn.xl.pt\/bs\/uploads\/sites\/71\/2024\/09\/Premio-Portugal-Inspirador-Evora-19-09-2024-27-1536x1025.jpg 1536w, \/\/cdn.xl.pt\/bs\/uploads\/sites\/71\/2024\/09\/Premio-Portugal-Inspirador-Evora-19-09-2024-27-600x400.jpg 600w, \/\/cdn.xl.pt\/bs\/uploads\/sites\/71\/2024\/09\/Premio-Portugal-Inspirador-Evora-19-09-2024-27.jpg 2000w\" sizes=\"auto, (max-width: 1024px) 100vw, 1024px\" \/><\/figure>\n\n\n\n<figure class=\"wp-block-image size-large\"><img loading=\"lazy\" decoding=\"async\" width=\"1024\" height=\"682\" data-id=\"2437\" src=\"https:\/\/cdn.xl.pt\/bs\/uploads\/sites\/71\/2024\/09\/Premio-Portugal-Inspirador-Evora-19-09-2024-29-1024x682.jpg\" alt=\"\" class=\"wp-image-2437\" srcset=\"\/\/cdn.xl.pt\/bs\/uploads\/sites\/71\/2024\/09\/Premio-Portugal-Inspirador-Evora-19-09-2024-29-1024x682.jpg 1024w, \/\/cdn.xl.pt\/bs\/uploads\/sites\/71\/2024\/09\/Premio-Portugal-Inspirador-Evora-19-09-2024-29-300x200.jpg 300w, \/\/cdn.xl.pt\/bs\/uploads\/sites\/71\/2024\/09\/Premio-Portugal-Inspirador-Evora-19-09-2024-29-768x512.jpg 768w, \/\/cdn.xl.pt\/bs\/uploads\/sites\/71\/2024\/09\/Premio-Portugal-Inspirador-Evora-19-09-2024-29-1536x1024.jpg 1536w, \/\/cdn.xl.pt\/bs\/uploads\/sites\/71\/2024\/09\/Premio-Portugal-Inspirador-Evora-19-09-2024-29-600x400.jpg 600w, \/\/cdn.xl.pt\/bs\/uploads\/sites\/71\/2024\/09\/Premio-Portugal-Inspirador-Evora-19-09-2024-29.jpg 2000w\" sizes=\"auto, (max-width: 1024px) 100vw, 1024px\" \/><\/figure>\n\n\n\n<figure class=\"wp-block-image size-large\"><img loading=\"lazy\" decoding=\"async\" width=\"1024\" height=\"684\" data-id=\"2440\" src=\"https:\/\/cdn.xl.pt\/bs\/uploads\/sites\/71\/2024\/09\/Premio-Portugal-Inspirador-Evora-19-09-2024-30-1024x684.jpg\" alt=\"\" class=\"wp-image-2440\" srcset=\"\/\/cdn.xl.pt\/bs\/uploads\/sites\/71\/2024\/09\/Premio-Portugal-Inspirador-Evora-19-09-2024-30-1024x684.jpg 1024w, \/\/cdn.xl.pt\/bs\/uploads\/sites\/71\/2024\/09\/Premio-Portugal-Inspirador-Evora-19-09-2024-30-300x200.jpg 300w, \/\/cdn.xl.pt\/bs\/uploads\/sites\/71\/2024\/09\/Premio-Portugal-Inspirador-Evora-19-09-2024-30-768x513.jpg 768w, \/\/cdn.xl.pt\/bs\/uploads\/sites\/71\/2024\/09\/Premio-Portugal-Inspirador-Evora-19-09-2024-30-1536x1025.jpg 1536w, \/\/cdn.xl.pt\/bs\/uploads\/sites\/71\/2024\/09\/Premio-Portugal-Inspirador-Evora-19-09-2024-30-600x400.jpg 600w, \/\/cdn.xl.pt\/bs\/uploads\/sites\/71\/2024\/09\/Premio-Portugal-Inspirador-Evora-19-09-2024-30.jpg 2000w\" sizes=\"auto, (max-width: 1024px) 100vw, 1024px\" \/><\/figure>\n\n\n\n<figure class=\"wp-block-image size-large\"><img loading=\"lazy\" decoding=\"async\" width=\"1024\" height=\"684\" data-id=\"2443\" src=\"https:\/\/cdn.xl.pt\/bs\/uploads\/sites\/71\/2024\/09\/Premio-Portugal-Inspirador-Evora-19-09-2024-31-1024x684.jpg\" alt=\"\" class=\"wp-image-2443\" srcset=\"\/\/cdn.xl.pt\/bs\/uploads\/sites\/71\/2024\/09\/Premio-Portugal-Inspirador-Evora-19-09-2024-31-1024x684.jpg 1024w, \/\/cdn.xl.pt\/bs\/uploads\/sites\/71\/2024\/09\/Premio-Portugal-Inspirador-Evora-19-09-2024-31-300x200.jpg 300w, \/\/cdn.xl.pt\/bs\/uploads\/sites\/71\/2024\/09\/Premio-Portugal-Inspirador-Evora-19-09-2024-31-768x513.jpg 768w, \/\/cdn.xl.pt\/bs\/uploads\/sites\/71\/2024\/09\/Premio-Portugal-Inspirador-Evora-19-09-2024-31-1536x1025.jpg 1536w, \/\/cdn.xl.pt\/bs\/uploads\/sites\/71\/2024\/09\/Premio-Portugal-Inspirador-Evora-19-09-2024-31-600x400.jpg 600w, \/\/cdn.xl.pt\/bs\/uploads\/sites\/71\/2024\/09\/Premio-Portugal-Inspirador-Evora-19-09-2024-31.jpg 2000w\" sizes=\"auto, (max-width: 1024px) 100vw, 1024px\" \/><\/figure>\n\n\n\n<figure class=\"wp-block-image size-large\"><img loading=\"lazy\" decoding=\"async\" width=\"1024\" height=\"684\" data-id=\"2449\" src=\"https:\/\/cdn.xl.pt\/bs\/uploads\/sites\/71\/2024\/09\/Premio-Portugal-Inspirador-Evora-19-09-2024-32-1024x684.jpg\" alt=\"\" class=\"wp-image-2449\" srcset=\"\/\/cdn.xl.pt\/bs\/uploads\/sites\/71\/2024\/09\/Premio-Portugal-Inspirador-Evora-19-09-2024-32-1024x684.jpg 1024w, \/\/cdn.xl.pt\/bs\/uploads\/sites\/71\/2024\/09\/Premio-Portugal-Inspirador-Evora-19-09-2024-32-300x200.jpg 300w, \/\/cdn.xl.pt\/bs\/uploads\/sites\/71\/2024\/09\/Premio-Portugal-Inspirador-Evora-19-09-2024-32-768x513.jpg 768w, \/\/cdn.xl.pt\/bs\/uploads\/sites\/71\/2024\/09\/Premio-Portugal-Inspirador-Evora-19-09-2024-32-1536x1025.jpg 1536w, \/\/cdn.xl.pt\/bs\/uploads\/sites\/71\/2024\/09\/Premio-Portugal-Inspirador-Evora-19-09-2024-32-600x400.jpg 600w, \/\/cdn.xl.pt\/bs\/uploads\/sites\/71\/2024\/09\/Premio-Portugal-Inspirador-Evora-19-09-2024-32.jpg 2000w\" sizes=\"auto, (max-width: 1024px) 100vw, 1024px\" \/><\/figure>\n\n\n\n<figure class=\"wp-block-image size-large\"><img loading=\"lazy\" decoding=\"async\" width=\"1024\" height=\"684\" data-id=\"2446\" src=\"https:\/\/cdn.xl.pt\/bs\/uploads\/sites\/71\/2024\/09\/Premio-Portugal-Inspirador-Evora-19-09-2024-34-1024x684.jpg\" alt=\"\" class=\"wp-image-2446\" srcset=\"\/\/cdn.xl.pt\/bs\/uploads\/sites\/71\/2024\/09\/Premio-Portugal-Inspirador-Evora-19-09-2024-34-1024x684.jpg 1024w, \/\/cdn.xl.pt\/bs\/uploads\/sites\/71\/2024\/09\/Premio-Portugal-Inspirador-Evora-19-09-2024-34-300x200.jpg 300w, \/\/cdn.xl.pt\/bs\/uploads\/sites\/71\/2024\/09\/Premio-Portugal-Inspirador-Evora-19-09-2024-34-768x513.jpg 768w, \/\/cdn.xl.pt\/bs\/uploads\/sites\/71\/2024\/09\/Premio-Portugal-Inspirador-Evora-19-09-2024-34-1536x1025.jpg 1536w, \/\/cdn.xl.pt\/bs\/uploads\/sites\/71\/2024\/09\/Premio-Portugal-Inspirador-Evora-19-09-2024-34-600x400.jpg 600w, \/\/cdn.xl.pt\/bs\/uploads\/sites\/71\/2024\/09\/Premio-Portugal-Inspirador-Evora-19-09-2024-34.jpg 2000w\" sizes=\"auto, (max-width: 1024px) 100vw, 1024px\" \/><\/figure>\n\n\n\n<figure class=\"wp-block-image size-large\"><img loading=\"lazy\" decoding=\"async\" width=\"684\" height=\"1024\" data-id=\"2452\" src=\"https:\/\/cdn.xl.pt\/bs\/uploads\/sites\/71\/2024\/09\/Premio-Portugal-Inspirador-Evora-19-09-2024-35-684x1024.jpg\" alt=\"\" class=\"wp-image-2452\" srcset=\"\/\/cdn.xl.pt\/bs\/uploads\/sites\/71\/2024\/09\/Premio-Portugal-Inspirador-Evora-19-09-2024-35-684x1024.jpg 684w, \/\/cdn.xl.pt\/bs\/uploads\/sites\/71\/2024\/09\/Premio-Portugal-Inspirador-Evora-19-09-2024-35-200x300.jpg 200w, \/\/cdn.xl.pt\/bs\/uploads\/sites\/71\/2024\/09\/Premio-Portugal-Inspirador-Evora-19-09-2024-35-768x1151.jpg 768w, \/\/cdn.xl.pt\/bs\/uploads\/sites\/71\/2024\/09\/Premio-Portugal-Inspirador-Evora-19-09-2024-35-1025x1536.jpg 1025w, \/\/cdn.xl.pt\/bs\/uploads\/sites\/71\/2024\/09\/Premio-Portugal-Inspirador-Evora-19-09-2024-35.jpg 1335w\" sizes=\"auto, (max-width: 684px) 100vw, 684px\" \/><\/figure>\n\n\n\n<figure class=\"wp-block-image size-large\"><img loading=\"lazy\" decoding=\"async\" width=\"1024\" height=\"684\" data-id=\"2458\" src=\"https:\/\/cdn.xl.pt\/bs\/uploads\/sites\/71\/2024\/09\/Premio-Portugal-Inspirador-Evora-19-09-2024-36-1024x684.jpg\" alt=\"\" class=\"wp-image-2458\" srcset=\"\/\/cdn.xl.pt\/bs\/uploads\/sites\/71\/2024\/09\/Premio-Portugal-Inspirador-Evora-19-09-2024-36-1024x684.jpg 1024w, \/\/cdn.xl.pt\/bs\/uploads\/sites\/71\/2024\/09\/Premio-Portugal-Inspirador-Evora-19-09-2024-36-300x200.jpg 300w, \/\/cdn.xl.pt\/bs\/uploads\/sites\/71\/2024\/09\/Premio-Portugal-Inspirador-Evora-19-09-2024-36-768x513.jpg 768w, \/\/cdn.xl.pt\/bs\/uploads\/sites\/71\/2024\/09\/Premio-Portugal-Inspirador-Evora-19-09-2024-36-1536x1025.jpg 1536w, \/\/cdn.xl.pt\/bs\/uploads\/sites\/71\/2024\/09\/Premio-Portugal-Inspirador-Evora-19-09-2024-36-600x400.jpg 600w, \/\/cdn.xl.pt\/bs\/uploads\/sites\/71\/2024\/09\/Premio-Portugal-Inspirador-Evora-19-09-2024-36.jpg 2000w\" sizes=\"auto, (max-width: 1024px) 100vw, 1024px\" \/><\/figure>\n\n\n\n<figure class=\"wp-block-image size-large\"><img loading=\"lazy\" decoding=\"async\" width=\"1024\" height=\"684\" data-id=\"2455\" src=\"https:\/\/cdn.xl.pt\/bs\/uploads\/sites\/71\/2024\/09\/Premio-Portugal-Inspirador-Evora-19-09-2024-38-1024x684.jpg\" alt=\"\" class=\"wp-image-2455\" srcset=\"\/\/cdn.xl.pt\/bs\/uploads\/sites\/71\/2024\/09\/Premio-Portugal-Inspirador-Evora-19-09-2024-38-1024x684.jpg 1024w, \/\/cdn.xl.pt\/bs\/uploads\/sites\/71\/2024\/09\/Premio-Portugal-Inspirador-Evora-19-09-2024-38-300x200.jpg 300w, \/\/cdn.xl.pt\/bs\/uploads\/sites\/71\/2024\/09\/Premio-Portugal-Inspirador-Evora-19-09-2024-38-768x513.jpg 768w, \/\/cdn.xl.pt\/bs\/uploads\/sites\/71\/2024\/09\/Premio-Portugal-Inspirador-Evora-19-09-2024-38-1536x1025.jpg 1536w, \/\/cdn.xl.pt\/bs\/uploads\/sites\/71\/2024\/09\/Premio-Portugal-Inspirador-Evora-19-09-2024-38-600x400.jpg 600w, \/\/cdn.xl.pt\/bs\/uploads\/sites\/71\/2024\/09\/Premio-Portugal-Inspirador-Evora-19-09-2024-38.jpg 2000w\" sizes=\"auto, (max-width: 1024px) 100vw, 1024px\" \/><\/figure>\n<\/figure>\n<\/div><\/div>\n","protected":false},"excerpt":{"rendered":"<p>Assista atrav\u00e9s do site e redes sociais do Neg\u00f3cios, \u00e0 Confer\u00eancia Local \u201cAgricultura\u201d.<\/p>\n<p>A sess\u00e3o re\u00fane v\u00e1rias personalidades que v\u00e3o discutir as novas perspetivas, tend\u00eancias e oportunidades do sector em Portugal.<\/p>\n","protected":false},"featured_media":1106,"template":"","meta":[],"categories":[29],"tags":[47],"talk_collection":[],"class_list":["post-1103","talks","type-talks","status-publish","has-post-thumbnail","hentry","category-agricultura","tag-2a-edicao"],"_links":{"self":[{"href":"https:\/\/bs.xl.pt\/portugal-inspirador\/wp-json\/wp\/v2\/talks\/1103","targetHints":{"allow":["GET"]}}],"collection":[{"href":"https:\/\/bs.xl.pt\/portugal-inspirador\/wp-json\/wp\/v2\/talks"}],"about":[{"href":"https:\/\/bs.xl.pt\/portugal-inspirador\/wp-json\/wp\/v2\/types\/talks"}],"wp:featuredmedia":[{"embeddable":true,"href":"https:\/\/bs.xl.pt\/portugal-inspirador\/wp-json\/wp\/v2\/media\/1106"}],"wp:attachment":[{"href":"https:\/\/bs.xl.pt\/portugal-inspirador\/wp-json\/wp\/v2\/media?parent=1103"}],"wp:term":[{"taxonomy":"category","embeddable":true,"href":"https:\/\/bs.xl.pt\/portugal-inspirador\/wp-json\/wp\/v2\/categories?post=1103"},{"taxonomy":"post_tag","embeddable":true,"href":"https:\/\/bs.xl.pt\/portugal-inspirador\/wp-json\/wp\/v2\/tags?post=1103"},{"taxonomy":"talk_collection","embeddable":true,"href":"https:\/\/bs.xl.pt\/portugal-inspirador\/wp-json\/wp\/v2\/talk_collection?post=1103"}],"curies":[{"name":"wp","href":"https:\/\/api.w.org\/{rel}","templated":true}]}}