

{"id":2173,"date":"2023-09-05T17:12:46","date_gmt":"2023-09-05T16:12:46","guid":{"rendered":"https:\/\/bs.xl.pt\/premio-nacional-agricultura\/?page_id=2173"},"modified":"2025-09-05T21:41:08","modified_gmt":"2025-09-05T20:41:08","slug":"regulamento","status":"publish","type":"page","link":"https:\/\/bs.xl.pt\/premio-nacional-agricultura\/regulamento\/","title":{"rendered":"Regulamento"},"content":{"rendered":"\n<p>O BPI e a Medialivre promovem a realiza\u00e7\u00e3o do Pr\u00e9mio Nacional de Agricultura 2025, sendo as entidades com a responsabilidade na organiza\u00e7\u00e3o do pr\u00e9mio, promo\u00e7\u00e3o, fiscaliza\u00e7\u00e3o, sele\u00e7\u00e3o do j\u00fari e orienta\u00e7\u00e3o dos procedimentos de candidatura desta iniciativa, que conta com o patroc\u00ednio do Minist\u00e9rio da Agricultura e Mar e o apoio da PricewaterhouseCoopers &amp; Associados &#8211; SROC, Lda (PwC).<\/p>\n\n\n\n<p>O presente regulamento estabelece as diretrizes e os crit\u00e9rios pelos quais se rege a edi\u00e7\u00e3o 2025 do Pr\u00e9mio Nacional de Agricultura.<\/p>\n\n\n\n<h2 class=\"wp-block-heading\">1. Objetivo<\/h2>\n\n\n\n<p>O Pr\u00e9mio Nacional de Agricultura tem por objetivo promover, incentivar e premiar as melhores entidades, pr\u00e1ticas e projetos do setor da Agricultura em Portugal.<\/p>\n\n\n\n<p>Nesta d\u00e9cima quarta edi\u00e7\u00e3o do Pr\u00e9mio Nacional de Agricultura pretende-se distinguir os projetos e as personalidades que se tenham destacado em sustentabilidade, inova\u00e7\u00e3o, empreendedorismo, cria\u00e7\u00e3o de emprego, responsabilidade social e refor\u00e7o da notoriedade de Portugal.<\/p>\n\n\n\n<p>O pr\u00e9mio vai tamb\u00e9m reconhecer entidades relevantes ou projetos que promovam a investiga\u00e7\u00e3o, o conhecimento e o envolvimento do Sistema Cient\u00edfico e Tecnol\u00f3gico Nacional, na procura das melhores solu\u00e7\u00f5es para o setor.<\/p>\n\n\n\n<h2 class=\"wp-block-heading\">2. Categorias<\/h2>\n\n\n\n<h3 class=\"wp-block-heading\">Categorias a concurso:<\/h3>\n\n\n\n<ul class=\"wp-block-list\">\n<li><strong><strong>Sustentabilidade<\/strong><\/strong><br>A categoria Sustentabilidade visa distinguir projetos que valorizem o patrim\u00f3nio ambiental, os trabalhadores e a sociedade envolvente, promovendo a economia local e nacional, minimizando os impactos no meio ambiente<br>Ser\u00e3o assim reconhecidos os benef\u00edcios das pr\u00e1ticas agr\u00edcolas sustent\u00e1veis, a promo\u00e7\u00e3o de uma maior efici\u00eancia produtiva, a conserva\u00e7\u00e3o dos recursos naturais e a sustentabilidade econ\u00f3mica das explora\u00e7\u00f5es agr\u00edcolas, sendo avaliados os eixos: ambiental, social e governa\u00e7\u00e3o.<\/li>\n<\/ul>\n\n\n\n<ul class=\"wp-block-list\">\n<li><strong><strong>Inova\u00e7\u00e3o<\/strong><\/strong><br>A categoria Inova\u00e7\u00e3o pretende distinguir projetos e\/ou neg\u00f3cios disruptivos, que promovam o aumento da competitividade e efici\u00eancia, com ado\u00e7\u00e3o de novas tecnologias, recursos e conceitos, premiando tr\u00eas vertentes:\n<ul class=\"wp-block-list\">\n<li><strong>Processo<\/strong><br>Projetos que promovam o desenvolvimento ou introdu\u00e7\u00e3o de melhorias nos processos utilizados ao longo da cadeia de valor, atrav\u00e9s da implementa\u00e7\u00e3o de solu\u00e7\u00f5es inovadores face ao modelo tradicional. A inova\u00e7\u00e3o de processo poder\u00e1 incidir sobre:\n<ul class=\"wp-block-list\">\n<li><strong>M\u00e9todos de produ\u00e7\u00e3o ou fabrico<\/strong>, incluindo novas abordagens tecnol\u00f3gicas, t\u00e9cnicas de cultivo, colheita, transforma\u00e7\u00e3o ou conserva\u00e7\u00e3o de produtos agr\u00edcolas;<\/li>\n\n\n\n<li><strong>Processos log\u00edsticos e operacionais<\/strong>, como armazenamento, distribui\u00e7\u00e3o e transporte;<\/li>\n\n\n\n<li><strong>Modelos de comercializa\u00e7\u00e3o e venda<\/strong>, nomeadamente atrav\u00e9s da ado\u00e7\u00e3o de canais digitais, circuitos de comercializa\u00e7\u00e3o ou estrat\u00e9gias inovadoras de relacionamento com o consumidor;<\/li>\n\n\n\n<li><strong>Processos de comunica\u00e7\u00e3o, gest\u00e3o e suporte<\/strong>, com recurso, por exemplo, a ferramentas digitais, automa\u00e7\u00e3o, intelig\u00eancia artificial ou outras tecnologias emergentes<\/li>\n<\/ul>\n<\/li>\n\n\n\n<li><strong>Produto<\/strong><br>Projetos que promovam a inova\u00e7\u00e3o ao n\u00edvel dos produtos e das solu\u00e7\u00f5es de oferta, valorizando a capacidade de criar ou transformar produtos de forma a gerar valor acrescentado para os produtores, distribuidores e consumidores. A inova\u00e7\u00e3o de produto poder\u00e1 incidir sobre:\n<ul class=\"wp-block-list\">\n<li><strong>Novos produtos ou conceitos inovadores<\/strong>,&nbsp;com aplica\u00e7\u00e3o direta na agricultura;<\/li>\n\n\n\n<li><strong>Melhorias significativas<\/strong> em produtos existentes, incluindo:\n<ul class=\"wp-block-list\">\n<li>Novos tamanhos, formatos ou embalagens.<\/li>\n\n\n\n<li>&nbsp; Reformula\u00e7\u00f5es que melhorem a efic\u00e1cia, sustentabilidade ou seguran\u00e7a.<\/li>\n\n\n\n<li>&nbsp; Extens\u00f5es de linhas de produto que respondam a novas necessidades do mercado.<\/li>\n\n\n\n<li>&nbsp; Reposicionamento estrat\u00e9gico ou novas aplica\u00e7\u00f5es de produtos j\u00e1 existentes.<\/li>\n<\/ul>\n<\/li>\n<\/ul>\n<\/li>\n\n\n\n<li><strong>Novos Projetos<\/strong><br>Valoriza\u00e7\u00e3o do empreendedorismo e inova\u00e7\u00e3o em entidades de cria\u00e7\u00e3o recente (data de in\u00edcio da atividade a partir de 1 de janeiro de 2019), distinguindo iniciativas emergentes que se destaquem pela sua abordagem inovadora e contributo para a moderniza\u00e7\u00e3o do setor agr\u00edcola. S\u00e3o eleg\u00edveis&nbsp;<em>startups<\/em>, entidades recentemente constitu\u00eddas ou jovens agricultores, que apresentem solu\u00e7\u00f5es originais com elevado potencial, capacidade de execu\u00e7\u00e3o e vis\u00e3o estrat\u00e9gica para o setor.<\/li>\n<\/ul>\n<\/li>\n<\/ul>\n\n\n\n<p>Os Jovens Agricultores poder\u00e3o candidatar-se a qualquer uma das categorias a concurso (identificando o seu perfil no in\u00edcio do question\u00e1rio). Ser\u00e3o considerados Jovens Agricultores os que cumpram os crit\u00e9rios estabelecidos no Programa de Desenvolvimento Rural (PDR 2020), Portaria 328-C\/2021, de 30 de dezembro, Artigos 3\u00ba a 5\u00ba.<\/p>\n\n\n\n<h3 class=\"wp-block-heading\"><strong>Categorias especiais (exclusivamente por nomea\u00e7\u00e3o)<\/strong>:<\/h3>\n\n\n\n<ul class=\"wp-block-list\">\n<li><strong>Personalidade<\/strong><br>Distinguir umEmpres\u00e1rio ou Personalidade pelo seu percurso, esp\u00edrito de iniciativa, capacidade empreendedora e relevante contributo para o desenvolvimento do setor.<br><br>Nesta categoria o pr\u00e9mio n\u00e3o poder\u00e1 ser atribu\u00eddo a:\n<ul class=\"wp-block-list\">\n<li>Membros integrantes, em cada edi\u00e7\u00e3o, dos Comit\u00e9s e do J\u00fari, ou pertencentes a institui\u00e7\u00f5es representadas nos Comit\u00e9s e J\u00fari;<\/li>\n\n\n\n<li>Personalidades em exerc\u00edcio de fun\u00e7\u00f5es pol\u00edticas.<\/li>\n\n\n\n<li>Personalidades distinguidas em edi\u00e7\u00f5es anteriores.<\/li>\n<\/ul>\n<\/li>\n<\/ul>\n\n\n\n<ul class=\"wp-block-list\">\n<li><strong>Institucional<\/strong><br>Reconhecer o m\u00e9rito, a excel\u00eancia ou o contributo na procura das melhores solu\u00e7\u00f5es para o setor, promovido por:\n<ul class=\"wp-block-list\">\n<li>Entidade\/<em>player<\/em> que se destaque pelo seu papel e interven\u00e7\u00e3o no setor. Poder\u00e3o ser consideradas quaisquer entidades do setor ou com forte contributo para o seu desenvolvimento e proje\u00e7\u00e3o, incluindo Associa\u00e7\u00f5es, Cooperativas, Organismos P\u00fablicos, Universidades, Entidades do Sistema Cient\u00edfico e Tecnol\u00f3gico Nacional, entre outros;<br>ou<\/li>\n\n\n\n<li>Projeto de Investiga\u00e7\u00e3o e\/ou Desenvolvimento Tecnol\u00f3gico (em curso ou conclu\u00eddos nos \u00faltimos 2 anos), que materialize o desenvolvimento de estudos e investiga\u00e7\u00e3o numa perspetiva de trabalho em rede e colaborativo, no \u00e2mbito das cadeias de valor, proporcionando respostas competitivas face aos desafios do setor (por exemplo, projetos desenvolvidos em parceria\/colabora\u00e7\u00e3o entre a academia e as empresas);<br>ou<\/li>\n\n\n\n<li>Produto que materialize o desenvolvimento de um processo com integra\u00e7\u00e3o de toda a cadeia de valor, desde a produ\u00e7\u00e3o at\u00e9 ao consumidor final, eventualmente com cria\u00e7\u00e3o de marca pr\u00f3pria, permitindo acrescentar mais valor \u00e0 produ\u00e7\u00e3o de base.<\/li>\n<\/ul>\n<\/li>\n<\/ul>\n\n\n\n<p>O acesso \u00e0s categorias especiais ocorre somente por nomea\u00e7\u00e3o por parte dos membros do J\u00fari e Presidentes de cada Comit\u00e9. <\/p>\n\n\n\n<p>Toda a informa\u00e7\u00e3o sobre cada uma das categorias pode ser encontrada no site oficial do Pr\u00e9mio em <a href=\"http:\/\/www.premioagricultura.pt\">www.premioagricultura.pt<\/a>.<\/p>\n\n\n\n<h2 class=\"wp-block-heading\">3. Elegibilidade<\/h2>\n\n\n\n<h3 class=\"wp-block-heading\">Crit\u00e9rios v\u00e1lidos<\/h3>\n\n\n\n<p>Ao Pr\u00e9mio Nacional de Agricultura poder\u00e3o candidatar-se todas as entidades com personalidade jur\u00eddica, com ou sem fins lucrativos, de forma individual ou em parceria.<\/p>\n\n\n\n<p>Apesar de existir foco no setor prim\u00e1rio, consideram-se eleg\u00edveis entidades de qualquer outro setor de atividade desde que os projetos tenham como foco principal o setor agr\u00edcola (entendido no sentido lato).<\/p>\n\n\n\n<p>Ser\u00e3o admitidos a concurso todos os candidatos que preencham as caracter\u00edsticas indicadas para cada uma das categorias identificadas no Ponto 2 do presente Regulamento e que preencham os demais requisitos constantes do formul\u00e1rio de apresenta\u00e7\u00e3o da candidatura.<\/p>\n\n\n\n<p>Caso a entidade seja eleg\u00edvel, mas se candidate a uma categoria na qual o projeto n\u00e3o se enquadra, a respetiva candidatura poder\u00e1 ser realocada a uma categoria considerada mais adequada, caso seja poss\u00edvel e a entidade candidata esteja de acordo.<\/p>\n\n\n\n<p>Os candidatos poder\u00e3o submeter candidaturas a mais do que uma categoria.<\/p>\n\n\n\n<h3 class=\"wp-block-heading\">Declara\u00e7\u00f5es<\/h3>\n\n\n\n<p>Os candidatos declaram que, \u00e0 data de apresenta\u00e7\u00e3o da candidatura:<\/p>\n\n\n\n<ul class=\"wp-block-list\">\n<li>N\u00e3o apresentam incidentes ou incumprimentos junto do sistema financeiro (Central de Riscos de Cr\u00e9dito do Banco de Portugal);<\/li>\n\n\n\n<li>T\u00eam situa\u00e7\u00e3o regularizada junto da Autoridade Tribut\u00e1ria (AT);<\/li>\n\n\n\n<li>T\u00eam situa\u00e7\u00e3o regularizada junto da Seguran\u00e7a Social (SS).<\/li>\n<\/ul>\n\n\n\n<p>Os candidatos que transitem para a fase final de avalia\u00e7\u00e3o ter\u00e3o que apresentar declara\u00e7\u00f5es comprovativas dos requisitos acima indicados.<\/p>\n\n\n\n<h3 class=\"wp-block-heading\">Crit\u00e9rios de exclus\u00e3o<\/h3>\n\n\n\n<p>Consideram-se exclu\u00eddos da participa\u00e7\u00e3o no Pr\u00e9mio Nacional de Agricultura 2025 os candidatos que:<\/p>\n\n\n\n<ul class=\"wp-block-list\">\n<li>N\u00e3o cumpram os requisitos de elegibilidade anteriormente indicados;<\/li>\n\n\n\n<li>N\u00e3o preencham corretamente o formul\u00e1rio de apresenta\u00e7\u00e3o da candidatura; ou<\/li>\n\n\n\n<li>Tenham sido vencedores de edi\u00e7\u00f5es anteriores na mesma categoria e com o mesmo projeto da presente edi\u00e7\u00e3o.<\/li>\n<\/ul>\n\n\n\n<h2 class=\"wp-block-heading\">4.&nbsp;Processo de candidatura<\/h2>\n\n\n\n<h3 class=\"wp-block-heading\">Categorias a concurso:<\/h3>\n\n\n\n<p>As candidaturas dever\u00e3o ser efetuadas exclusivamente em vers\u00e3o online, no site do Pr\u00e9mio Nacional de Agricultura, em <a href=\"http:\/\/www.premioagricultura.pt\/\">www.premioagricultura.pt<\/a>.<\/p>\n\n\n\n<p>As candidaturas poder\u00e3o ser preenchidas de forma faseada, depois de efetuado o registo na plataforma de candidaturas, dispon\u00edvel atrav\u00e9s do site <a href=\"http:\/\/www.premioagricultura.pt\">www.premioagricultura.pt<\/a>, sendo poss\u00edvel proceder \u00e0 sua grava\u00e7\u00e3o no ponto em que se encontrar e retomar posteriormente (desde que tal seja realizado no mesmo equipamento inform\u00e1tico).<\/p>\n\n\n\n<p>Os membros dos Comit\u00e9s e do J\u00fari devem efetuar sugest\u00f5es de entidades e\/ou projetos, potenciais candidatos \u00e0s categorias a concurso, podendo registar at\u00e9 2 sugest\u00f5es por cada categoria.<\/p>\n\n\n\n<p>Estes projetos ser\u00e3o posteriormente incentivados pelas entidades parceiras para apresenta\u00e7\u00e3o de candidatura. Ser\u00e3o avaliados apenas aqueles que sejam submetidos na plataforma, dentro do per\u00edodo de candidaturas em vigor.<\/p>\n\n\n\n<h3 class=\"wp-block-heading\"><strong><strong>Categorias especiais, exclusivamente por nomea\u00e7\u00e3o do J\u00fari e Presidentes de Comit\u00e9<\/strong><\/strong>:<\/h3>\n\n\n\n<p>Os membros do J\u00fari e Presidentes de Comit\u00e9 devem efetuar nomea\u00e7\u00f5es de personalidades e entidades, candidatos \u00e0s categorias especiais, podendo registar at\u00e9 2 nomea\u00e7\u00f5es por cada categoria.<\/p>\n\n\n\n<p>\u00c0s categorias especiais apenas concorrem as nomea\u00e7\u00f5es, de entidades e personalidades, efetuadas pelos membros do J\u00fari e Presidentes de Comit\u00e9.<\/p>\n\n\n\n<h2 class=\"wp-block-heading\">5. Recandidatura<\/h2>\n\n\n\n<p>\u00c9 permitida a recandidatura \u00e0 edi\u00e7\u00e3o de 2025, por parte de entidades candidatas na edi\u00e7\u00e3o anterior, exceto se tiverem sido vencedores na mesma categoria e com o mesmo projeto, e desde que cumpram com os demais requisitos previstos no presente Regulamento e n\u00e3o se encontrem abrangidos por nenhum crit\u00e9rio de exclus\u00e3o previsto no mesmo.<\/p>\n\n\n\n<p>As candidaturas apresentadas na edi\u00e7\u00e3o de 2024 est\u00e3o dispon\u00edveis na plataforma online, podendo ser submetida a recandidatura do projeto, pelo candidato ou representante da entidade. Caso pretenda aceder ao question\u00e1rio pr\u00e9-preenchido, o candidato dever\u00e1 manifestar essa inten\u00e7\u00e3o atrav\u00e9s:<\/p>\n\n\n\n<ul class=\"wp-block-list\">\n<li>da op\u00e7\u00e3o dispon\u00edvel no site da iniciativa; ou<\/li>\n\n\n\n<li>do envio de um e-mail para <a href=\"mailto:pt_knowledgeandresearch@pwc.com\" target=\"_blank\" rel=\"noreferrer noopener\">pt_knowledgeandresearch@pwc.com<\/a>, com o assunto \u201cRecandidatura PNA 2025\u201d.<\/li>\n<\/ul>\n\n\n\n<p>Caso se verifique uma altera\u00e7\u00e3o de utilizador respons\u00e1vel pela candidatura, dever\u00e1 ser apresentada uma certid\u00e3o permanente v\u00e1lida do registo comercial de sociedade (no caso de sociedade comercial).<\/p>\n\n\n\n<p>Ap\u00f3s valida\u00e7\u00e3o da informa\u00e7\u00e3o pela PwC, o candidato receber\u00e1 um link para preenchimento da recandidatura, com o formul\u00e1rio pr\u00e9-preenchido e cujos dados poder\u00e3o ser atualizados\/complementados, por forma a valorizar a candidatura.<\/p>\n\n\n\n<h2 class=\"wp-block-heading\">6. Fases do processo<\/h2>\n\n\n\n<p>O processo de atribui\u00e7\u00e3o do Pr\u00e9mio Nacional de Agricultura realiza-se em quatro fases.<\/p>\n\n\n\n<h3 class=\"wp-block-heading\">Fase 1 \u2013 Nomea\u00e7\u00f5es e Candidaturas<\/h3>\n\n\n\n<p>A primeira fase do processo consiste:<\/p>\n\n\n\n<ul class=\"wp-block-list\">\n<li>Na apresenta\u00e7\u00e3o das candidaturas, submetidas pelas entidades candidatas, no site oficial do Pr\u00e9mio, em <a href=\"http:\/\/www.premioagricultura.pt\">www.premioagricultura.pt<\/a>. Decorre entre os dias 11 de setembro de 2025 e 31 de outubro de 2025;<\/li>\n\n\n\n<li>Na submiss\u00e3o de nomea\u00e7\u00f5es e sugest\u00f5es pelos membros dos Comit\u00e9s T\u00e9cnicos e do J\u00fari (setembro 2025):\n<ul class=\"wp-block-list\">\n<li>at\u00e9 2 nomea\u00e7\u00f5es para cada categoria especial (Personalidade e Institucional), aplic\u00e1vel apenas aos membros do J\u00fari e Presidentes de Comit\u00e9;<\/li>\n\n\n\n<li>at\u00e9 2 projetos\/sugest\u00f5es para as categorias a concurso. Estes projetos ser\u00e3o contactados posteriormente pela PwC, para apresenta\u00e7\u00e3o de candidatura. Ser\u00e3o avaliados apenas aqueles que sejam submetidos na plataforma, dentro do per\u00edodo reservado para o efeito;<\/li>\n\n\n\n<li>No que se refere \u00e0s entidades organizadoras com assento em mais que um \u00f3rg\u00e3o de avalia\u00e7\u00e3o (Comit\u00e9s e J\u00fari), os m\u00ednimos de nomea\u00e7\u00f5es e sugest\u00f5es aplicam-se por entidade.<\/li>\n<\/ul>\n<\/li>\n<\/ul>\n\n\n\n<h3 class=\"wp-block-heading\">Fase 2 &#8211; An\u00e1lise e Avalia\u00e7\u00e3o (novembro e dezembro de 2025)<\/h3>\n\n\n\n<p>A segunda fase do processo consiste na an\u00e1lise do cumprimento dos crit\u00e9rios e formalidades impostas e subsequente avalia\u00e7\u00e3o qualitativa e quantitativa das candidaturas eleg\u00edveis para o Pr\u00e9mio.<\/p>\n\n\n\n<p>Esta fase ser\u00e1 realizada pela PwC, <em>knowledge partner<\/em> que assegura a integridade de todo o processo de avalia\u00e7\u00e3o, e consiste no seguinte:<\/p>\n\n\n\n<ul class=\"wp-block-list\">\n<li><strong>An\u00e1lise da elegibilidade das candidaturas:<\/strong> a revis\u00e3o centra-se na confirma\u00e7\u00e3o de que as candidaturas se ajustam ao perfil dos candidatos e que satisfazem os requisitos de participa\u00e7\u00e3o explicitados neste Regulamento. As candidaturas que n\u00e3o se adequem aos requisitos de participa\u00e7\u00e3o ser\u00e3o exclu\u00eddas do processo.<\/li>\n\n\n\n<li><strong>Avalia\u00e7\u00e3o das candidaturas:<\/strong> as candidaturas ser\u00e3o revistas, avaliadas e pontuadas tendo por base o n\u00edvel de detalhe da informa\u00e7\u00e3o facultada e a aplica\u00e7\u00e3o de uma grelha de avalia\u00e7\u00e3o predefinida, espec\u00edfica para cada categoria e ajustada ao perfil de cada candidato. Ser\u00e3o avaliadas as seguintes dimens\u00f5es (sempre que aplic\u00e1veis e ajustadas a cada categoria\/perfil):<\/li>\n<\/ul>\n\n\n\n<p><span style=\"text-decoration: underline;\">Dimens\u00e3o estrat\u00e9gica e econ\u00f3mica (comum a todas as categorias):<\/span><\/p>\n\n\n\n<ol class=\"wp-block-list\">\n<li>Hist\u00f3rico da atividade;<\/li>\n\n\n\n<li>Plano e estrat\u00e9gia de desenvolvimento de neg\u00f3cio;<\/li>\n\n\n\n<li>Dados econ\u00f3micos da atividade e sua evolu\u00e7\u00e3o anual;<\/li>\n\n\n\n<li>Estrat\u00e9gia de internacionaliza\u00e7\u00e3o, incluindo evolu\u00e7\u00e3o e peso das exporta\u00e7\u00f5es (se aplic\u00e1vel).<\/li>\n<\/ol>\n\n\n\n<p><span style=\"text-decoration: underline;\">Dimens\u00e3o sustent\u00e1vel (na categoria Sustentabilidade):<\/span><\/p>\n\n\n\n<ol class=\"wp-block-list\">\n<li>Compromisso com a sustentabilidade econ\u00f3mica, ambiental e social e alinhamento com os objetivos de desenvolvimento sustent\u00e1vel (ODS);<\/li>\n\n\n\n<li>Produ\u00e7\u00e3o de produtos e servi\u00e7os de valor acrescentado baseados nos princ\u00edpios da economia circular e da bioeconomia, por exemplo, redu\u00e7\u00e3o e\/ou reaproveitamento de res\u00edduos, agr\u00edcolas, florestais, pecu\u00e1rio alimentares, entre outros;<\/li>\n\n\n\n<li>Impacto na comunidade onde se insere;<\/li>\n\n\n\n<li>Objetivo e natureza das parcerias estabelecidas para a sua concretiza\u00e7\u00e3o.<\/li>\n<\/ol>\n\n\n\n<p><span style=\"text-decoration: underline;\">Dimens\u00e3o inovadora (nas categorias Inova\u00e7\u00e3o):<\/span><\/p>\n\n\n\n<ol class=\"wp-block-list\">\n<li>Grau de inova\u00e7\u00e3o na produ\u00e7\u00e3o, transforma\u00e7\u00e3o e desenvolvimento de produtos\/servi\u00e7os\/produ\u00e7\u00f5es;<\/li>\n\n\n\n<li>Grau de inova\u00e7\u00e3o na qualifica\u00e7\u00e3o e valoriza\u00e7\u00e3o das compet\u00eancias dos recursos humanos e na efici\u00eancia operativa;<\/li>\n\n\n\n<li>N\u00edvel de ado\u00e7\u00e3o de boas pr\u00e1ticas de gest\u00e3o da inova\u00e7\u00e3o potenciadoras de impacto aos seguintes n\u00edveis: estrat\u00e9gico, organizacional, processos de investiga\u00e7\u00e3o, desenvolvimento e inova\u00e7\u00e3o tecnol\u00f3gica;<\/li>\n\n\n\n<li>Impacto da digitaliza\u00e7\u00e3o aos seguintes n\u00edveis: produ\u00e7\u00e3o, transforma\u00e7\u00e3o, comercializa\u00e7\u00e3o e comunica\u00e7\u00e3o.\u00a0<\/li>\n<\/ol>\n\n\n\n<p><strong>Elabora\u00e7\u00e3o de rankings das candidaturas para cada categoria:<\/strong><\/p>\n\n\n\n<ul class=\"wp-block-list\">\n<li>as candidaturas s\u00e3o ordenadas por pontua\u00e7\u00e3o, s\u00e3o gerados os diferentes rankings e selecionadas as 10 melhores de cada categoria a concurso.<\/li>\n\n\n\n<li>Para um n\u00famero limitado de candidaturas, e caso se justifique, poder\u00e1 ser solicitada informa\u00e7\u00e3o adicional que ser\u00e1 avaliada e pontuada para efeitos de apuramento dos 10 finalistas de cada categoria, a apresentar aos Comit\u00e9s T\u00e9cnicos.<\/li>\n<\/ul>\n\n\n\n<p><strong>Elabora\u00e7\u00e3o de uma lista completa com descri\u00e7\u00e3o das nomea\u00e7\u00f5es para os pr\u00e9mios Personalidade e Institucional:<\/strong><\/p>\n\n\n\n<ul class=\"wp-block-list\">\n<li>\u00e9 apresentada a informa\u00e7\u00e3o disponibilizada no \u00e2mbito das nomea\u00e7\u00f5es e outra que seja de conhecimento p\u00fablico.<\/li>\n<\/ul>\n\n\n\n<h3 class=\"wp-block-heading\">Fase 3 \u2013 Avalia\u00e7\u00e3o pelos Comit\u00e9s (janeiro de 2026)<\/h3>\n\n\n\n<p>A terceira fase do processo consiste na avalia\u00e7\u00e3o das candidaturas, apuradas na fase precedente.<\/p>\n\n\n\n<p>Aos finalistas de cada categoria ser\u00e1 dada a possibilidade de efetuar uma curta apresenta\u00e7\u00e3o \u2013 com dura\u00e7\u00e3o m\u00e1xima e gui\u00e3o previamente definidos \u2013 para exposi\u00e7\u00e3o e fundamenta\u00e7\u00e3o do seu projeto, que ser\u00e1 apresentado nas reuni\u00f5es dos \u00f3rg\u00e3os de avalia\u00e7\u00e3o.<\/p>\n\n\n\n<p>A avalia\u00e7\u00e3o \u00e9 realizada por 2 Comit\u00e9s distintos, que t\u00eam como miss\u00e3o avaliar as 10 candidaturas finalistas de cada categoria a concurso, apuradas pela PwC, selecionando os 5 finalistas que ser\u00e3o apresentados ao J\u00fari em cada categoria.<\/p>\n\n\n\n<p>Na reuni\u00e3o de Comit\u00e9, e ap\u00f3s discuss\u00e3o, os projetos s\u00e3o votados dispondo cada elemento do Comit\u00e9 de 15 pontos para distribuir da seguinte forma: 5 pontos (para a candidatura favorita); 4 pontos; 3 pontos; 2 pontos; 1 ponto. A vota\u00e7\u00e3o \u00e9 an\u00f3nima e decorre durante a reuni\u00e3o, atrav\u00e9s de um link que ser\u00e1 partilhado pela PwC. \u00c9 obrigat\u00f3ria a atribui\u00e7\u00e3o total dos 15 pontos e n\u00e3o \u00e9 poss\u00edvel votar duas vezes na mesma candidatura.<\/p>\n\n\n\n<p>Pontuadas as candidaturas pelos Comit\u00e9s, em caso de empate, para defini\u00e7\u00e3o das 5 candidaturas mais bem pontuadas, \u00e9 realizada uma segunda ronda de vota\u00e7\u00f5es apenas entre as candidaturas empatadas (cada membro disp\u00f5e de 1 ponto, a atribuir \u00e0 candidatura que considera que dever\u00e1 passar \u00e0 fase seguinte). Se persistir o empate, o Presidente de Comit\u00e9 tem voto de Qualidade.<\/p>\n\n\n\n<p>Os Comit\u00e9s n\u00e3o votam nas categorias especiais: Pr\u00e9mio Personalidade e Institucional.<\/p>\n\n\n\n<p>Os Presidentes de Comit\u00e9 participam na reuni\u00e3o de J\u00fari, com direito de voto.<\/p>\n\n\n\n<p>Os Comit\u00e9s s\u00e3o constitu\u00eddos por representantes das entidades organizadoras e especialistas do setor, designadamente ligados \u00e0 investiga\u00e7\u00e3o, ensino, empreendedorismo e inova\u00e7\u00e3o, com abrang\u00eancia setorial e geogr\u00e1fica. A sua composi\u00e7\u00e3o est\u00e1 dispon\u00edvel no site oficial do Pr\u00e9mio, em <a href=\"http:\/\/www.premioagricultura.pt\/\">www.premioagricultura.pt<\/a>.<\/p>\n\n\n\n<p>A Medialivre recolhe as declara\u00e7\u00f5es de confidencialidade dos membros dos Comit\u00e9s.<\/p>\n\n\n\n<p>A participa\u00e7\u00e3o nos Comit\u00e9s pressup\u00f5e a aceita\u00e7\u00e3o das regras de vota\u00e7\u00e3o pelos seus membros.<\/p>\n\n\n\n<h3 class=\"wp-block-heading\">Fase 4 \u2013 Avalia\u00e7\u00e3o pelo J\u00fari (janeiro de 2026)<\/h3>\n\n\n\n<p>A quarta e \u00faltima fase do processo determina o vencedor de cada uma das categorias.<\/p>\n\n\n\n<p><strong>Categorias por candidatura:<\/strong><\/p>\n\n\n\n<p>O J\u00fari escolhe os vencedores das 4 categorias, de entre os 20 projetos previamente selecionados pelos Comit\u00e9s.<\/p>\n\n\n\n<p>Na reuni\u00e3o de J\u00fari, e ap\u00f3s discuss\u00e3o, os projetos s\u00e3o votados dispondo cada elemento do J\u00fari de 6 pontos para distribuir da seguinte forma: 3 pontos (para a candidatura favorita); 2 pontos; 1 ponto. A vota\u00e7\u00e3o \u00e9 an\u00f3nima e decorre durante a reuni\u00e3o, atrav\u00e9s de um link que ser\u00e1 partilhado pela PwC. \u00c9 obrigat\u00f3ria a atribui\u00e7\u00e3o total dos 6 pontos e n\u00e3o \u00e9 poss\u00edvel votar duas vezes na mesma candidatura.<\/p>\n\n\n\n<p>Pontuadas as candidaturas pelo J\u00fari, em caso de empate e\/ou diferen\u00e7a inferior a 15% entre a 1\u00aa e as restantes candidaturas, \u00e9 realizada uma segunda ronda de vota\u00e7\u00f5es, apenas entre as candidaturas empatadas ou no intervalo definido (cada membro disp\u00f5e de 1 ponto, a atribuir \u00e0 candidatura que considera que dever\u00e1 ser vencedora). Se existir um empate na segunda ronda de vota\u00e7\u00f5es, o Presidente de J\u00fari tem voto de Qualidade.<\/p>\n\n\n\n<p>Ao J\u00fari \u00e9 reservado o direito de n\u00e3o atribuir a distin\u00e7\u00e3o caso entenda que nenhum dos projetos selecionados tem a mais valia exigida para o efeito.<\/p>\n\n\n\n<p>O J\u00fari pode decidir atribuir pr\u00e9mios adicionais ou men\u00e7\u00f5es honrosas em qualquer categoria, com base na qualidade das candidaturas finalistas.<\/p>\n\n\n\n<p><strong>Categorias especiais por nomea\u00e7\u00e3o:<\/strong><\/p>\n\n\n\n<p>O J\u00fari decide acerca da atribui\u00e7\u00e3o dos Pr\u00e9mio Personalidade e Institucional, dispondo para o efeito da lista das nomea\u00e7\u00f5es efetuadas.<\/p>\n\n\n\n<p>Cada elemento do J\u00fari disp\u00f5e de 6 pontos para distribuir pelas personalidades\/entidades nomeadas da seguinte forma: 3 pontos (para a favorita); 2 pontos; 1 ponto. A vota\u00e7\u00e3o \u00e9 an\u00f3nima e decorre durante a reuni\u00e3o, atrav\u00e9s de um link que ser\u00e1 partilhado pela PwC. \u00c9 obrigat\u00f3ria a atribui\u00e7\u00e3o total dos 6 pontos e n\u00e3o \u00e9 poss\u00edvel votar duas vezes na mesma personalidade\/entidade.<\/p>\n\n\n\n<p>O J\u00fari pode decidir atribuir mais do que um Pr\u00e9mio Personalidade, assim como a atribui\u00e7\u00e3o a uma personalidade a t\u00edtulo p\u00f3stumo.<\/p>\n\n\n\n<p>O J\u00fari \u00e9 constitu\u00eddo pelas entidades organizadoras, representantes institucionais e especialistas do setor. A sua composi\u00e7\u00e3o est\u00e1 dispon\u00edvel no site oficial do Pr\u00e9mio, em <a href=\"http:\/\/www.premioagricultura.pt\/\" target=\"_blank\" rel=\"noreferrer noopener\">www.premioagricultura.pt<\/a>. O representante BPI neste \u00f3rg\u00e3o de avalia\u00e7\u00e3o assume a fun\u00e7\u00e3o de Presidente do J\u00fari.<\/p>\n\n\n\n<p>Sobre a decis\u00e3o do J\u00fari n\u00e3o pende reclama\u00e7\u00e3o ou recurso. A participa\u00e7\u00e3o no J\u00fari pressup\u00f5e a aceita\u00e7\u00e3o das regras de vota\u00e7\u00e3o pelos seus membros.<\/p>\n\n\n\n<h2 class=\"wp-block-heading\">7. Pr\u00e9mios<\/h2>\n\n\n\n<h3 class=\"wp-block-heading\">Vencedores em cada categoria:<\/h3>\n\n\n\n<ul class=\"wp-block-list\">\n<li><strong>Convite duplo \u00e0 SIAL: <\/strong>visita de 1 dia \u00e0 pr\u00f3xima edi\u00e7\u00e3o Paris 2026, voo de ida e volta (classe econ\u00f3mica e transfer) e estadia de 1 noite (em quarto duplo standard com PA, hotel de 4 estrelas).<\/li>\n\n\n\n<li><strong>V\u00eddeo<\/strong><strong> promocional<\/strong>, em ingl\u00eas, para livre utiliza\u00e7\u00e3o dos vencedores das quatro categorias e tamb\u00e9m do Institucional e Personalidade.<\/li>\n\n\n\n<li><strong>Plano de meios da Medialivre<\/strong>:\n<ul class=\"wp-block-list\">\n<li>4 an\u00fancios, p\u00e1gina inteira, no Correio da Manh\u00e3 e\/ou Jornal de Neg\u00f3cios;<\/li>\n\n\n\n<li>1.000.000 impress\u00f5es, em formato Masthead no site do CM e\/ou Neg\u00f3cios;<\/li>\n\n\n\n<li>1 e-mail a enviar \u00e0 BD do Grupo Medialivre para divulga\u00e7\u00e3o dos vencedores;<\/li>\n\n\n\n<li>1 conte\u00fado de cobertura da visita \u00e0 SIAL com os vencedores.<\/li>\n\n\n\n<li>Todo este plano ser\u00e1 de acordo e conforme disponibilidade dos planos de meios definidos pela Medialivre \u00e0 data da marca\u00e7\u00e3o<\/li>\n\n\n\n<li>Este plano deve usado de 1 de maio a 31 de julho de 2026 conforme calend\u00e1rio a enviar pela Medialivre<\/li>\n<\/ul>\n<\/li>\n\n\n\n<li><strong>Plano de meios da Medialivre <\/strong>para os vencedores das categorias Personalidade e Institucional: entrevista a integrar no suplemento dedicado aos vencedores, a publicar no Correio da Manh\u00e3 e no Jornal de Neg\u00f3cios, de acordo com o crit\u00e9rio e disponibilidade de meios da Medialivre.<\/li>\n\n\n\n<li><strong>Selo digital \u201cVencedor\u201d <\/strong>para divulga\u00e7\u00e3o nos meios digitais de cada vencedor.<\/li>\n<\/ul>\n\n\n\n<h3 class=\"wp-block-heading\">Atribui\u00e7\u00e3o de Pr\u00e9mios adicionais e\/ou Men\u00e7\u00f5es Honrosas pelo J\u00fari (eventualmente):<\/h3>\n\n\n\n<ul class=\"wp-block-list\">\n<li>1 masthead na homepage do site do Correio da Manh\u00e3 ou do Jornal de Neg\u00f3cios \u2013 consoante op\u00e7\u00e3o do vencedor;<\/li>\n\n\n\n<li>V\u00eddeo promocional, legendado em ingl\u00eas, para utiliza\u00e7\u00e3o livre;<\/li>\n\n\n\n<li>Selo digital \u201cMen\u00e7\u00e3o Honrosa\u201d.<\/li>\n<\/ul>\n\n\n\n<h3 class=\"wp-block-heading\">Finalistas (candidatos avaliados pelo J\u00fari) de cada uma das categorias a concurso:<\/h3>\n\n\n\n<ul class=\"wp-block-list\">\n<li>V\u00eddeo promocional, legendado em ingl\u00eas, para utiliza\u00e7\u00e3o livre;<\/li>\n\n\n\n<li>Selo digital \u201cFinalista\u201d.<\/li>\n<\/ul>\n\n\n\n<h2 class=\"wp-block-heading\">8. Comunica\u00e7\u00e3o e entrega de Pr\u00e9mios<\/h2>\n\n\n\n<p>Toda a informa\u00e7\u00e3o relativa aos pr\u00e9mios atribu\u00eddos ficar\u00e1 dispon\u00edvel no site do Pr\u00e9mio.<\/p>\n\n\n\n<p>A entrega ser\u00e1 realizada em cerim\u00f3nia, em data a divulgar at\u00e9 fevereiro de 2026.<\/p>\n\n\n\n<h2 class=\"wp-block-heading\">9.&nbsp;Disposi\u00e7\u00f5es finais<\/h2>\n\n\n\n<p>O Pr\u00e9mio Nacional de Agricultura tem uma periodicidade anual.<\/p>\n\n\n\n<p>As entidades promotoras do Pr\u00e9mio Nacional de Agricultura garantem a confidencialidade de toda a informa\u00e7\u00e3o disponibilizada durante o processo de candidatura e avalia\u00e7\u00e3o das entidades, projetos e\/ou personalidades a concurso.<\/p>\n\n\n\n<p>As candidaturas n\u00e3o dever\u00e3o, por\u00e9m, conter informa\u00e7\u00e3o t\u00e9cnica, cient\u00edfica ou outra que possa ser considerada sigilosa do ponto de vista da prote\u00e7\u00e3o da propriedade intelectual.<\/p>\n\n\n\n<p>As entidades promotoras do Pr\u00e9mio Nacional de Agricultura reservam-se o direito de modificar, por m\u00fatuo acordo, o presente Regulamento, bem como a composi\u00e7\u00e3o dos Comit\u00e9s e J\u00fari, por motivos de for\u00e7a maior.<\/p>\n\n\n\n<p>A candidatura ao Pr\u00e9mio Nacional de Agricultura de alguma entidade que integre os Comit\u00e9s ou J\u00fari (ou que neles se encontre representada), impossibilita o respetivo membro de se pronunciar e votar, na categoria em causa.<\/p>\n\n\n\n<p>As vota\u00e7\u00f5es dos elementos que comp\u00f5em os Comit\u00e9s e J\u00fari s\u00e3o efetuadas a t\u00edtulo pessoal.<\/p>\n\n\n\n<p>Todos os casos omissos e as quest\u00f5es suscitadas na interpreta\u00e7\u00e3o do presente Regulamento ser\u00e3o objeto de resolu\u00e7\u00e3o por parte da Medialivre e do BPI, de que n\u00e3o caber\u00e1 recurso nem reclama\u00e7\u00e3o sobre a mesma.<\/p>\n\n\n\n<p>A cerim\u00f3nia de entrega dos pr\u00e9mios ser\u00e1 de divulga\u00e7\u00e3o p\u00fablica, pelo que as imagens da mesma poder\u00e3o ser transmitidas\/divulgadas nos meios Medialivre associados (Jornal de Neg\u00f3cios e Correio da Manh\u00e3, em suporte de papel e digital, e nas redes sociais dos mesmos), bem como nas redes sociais internas e externas do Banco BPI.<\/p>\n\n\n\n<p>Para mais informa\u00e7\u00f5es sobre o Pr\u00e9mio Nacional de Agricultura 2025 consulte o site <a href=\"http:\/\/www.premioagricultura.pt\">www.premioagricultura.pt<\/a> ou envie um e-mail para <a href=\"mailto:boostactivate@medialivre.pt\">boostactivate@medialivre.pt<\/a><\/p>\n\n\n\n<h2 class=\"wp-block-heading\">10. Tratamento de dados pessoais<\/h2>\n\n\n\n<p>Os dados pessoais recolhidos no \u00e2mbito do processo de avalia\u00e7\u00e3o das candidaturas ser\u00e3o objeto de tratamento pelas entidades envolvidas na organiza\u00e7\u00e3o, avalia\u00e7\u00e3o das candidaturas e atribui\u00e7\u00e3o do Pr\u00e9mio Nacional de Agricultura em cada uma das suas edi\u00e7\u00f5es, nos termos abaixo referidos.<\/p>\n\n\n\n<p><strong>Entidades respons\u00e1veis pelo tratamento de dados pessoais<\/strong><\/p>\n\n\n\n<p>Nos termos e para os efeitos do disposto no Regulamento (UE) n.\u00ba 679\/2016, de 27 de abril (\u201cRGPD\u201d), as entidades respons\u00e1veis pelo tratamento dos dados pessoais s\u00e3o:<\/p>\n\n\n\n<ul class=\"wp-block-list\">\n<li>Medialivre, S.A. com sede na Rua Luciana Stegagno Picchio, n.\u00ba 3, 1549-023 Lisboa;<\/li>\n\n\n\n<li>Banco BPI, S.A. com sede na Avenida da Boavista, 1117, 4100-129 Porto.<\/li>\n<\/ul>\n\n\n\n<p>O tratamento ser\u00e1 feito com base na execu\u00e7\u00e3o de um contrato, nos termos e para os efeitos do disposto no artigo 6.\u00ba. n.\u00ba 1, b) do RGPD, no momento da submiss\u00e3o da respetiva candidatura.<\/p>\n\n\n\n<h3 class=\"wp-block-heading\">Categorias de dados pessoais recolhidos<\/h3>\n\n\n\n<ul class=\"wp-block-list\">\n<li>Nome<\/li>\n\n\n\n<li>Ano de nascimento (aplic\u00e1vel apenas ao perfil de Jovem Agricultor)<\/li>\n\n\n\n<li>NIF<\/li>\n\n\n\n<li>E-mail<\/li>\n\n\n\n<li>Contacto telef\u00f3nico<\/li>\n<\/ul>\n\n\n\n<p>N\u00e3o ser\u00e3o recolhidos nem objeto de tratamento dados relativos a origem racial ou \u00e9tnica, as opini\u00f5es pol\u00edticas, as convic\u00e7\u00f5es religiosas ou filos\u00f3ficas, ou a filia\u00e7\u00e3o sindical, bem como o tratamento de dados gen\u00e9ticos, dados biom\u00e9tricos, dados relativos \u00e0 sa\u00fade ou dados relativos \u00e0 vida sexual ou orienta\u00e7\u00e3o sexual de uma pessoa, pelo que \u00e9 da responsabilidade do Candidato limitar as informa\u00e7\u00f5es pessoais partilhadas no processo de submiss\u00e3o das candidaturas.<\/p>\n\n\n\n<h3 class=\"wp-block-heading\">Categorias de titulares de dados pessoais<\/h3>\n\n\n\n<p>Pessoas singulares que se candidatem ao Pr\u00e9mio Nacional de Agricultura nas respetivas categorias e representantes das entidades candidatas ao Pr\u00e9mio Nacional de Agricultura, nos termos do presente Regulamento.<\/p>\n\n\n\n<p>O Candidato reconhece e aceita expressamente que \u00e9 da sua exclusiva responsabilidade obter o consentimento, nos termos legais aplic\u00e1veis, de outros titulares de dados pessoais que pretenda referenciar na descri\u00e7\u00e3o da sua atividade e forma\u00e7\u00e3o que sejam pertinentes para a avalia\u00e7\u00e3o da sua candidatura.<\/p>\n\n\n\n<h3 class=\"wp-block-heading\">Finalidade do tratamento<\/h3>\n\n\n\n<p>Processar e avaliar as candidaturas apresentadas e contactar os respetivos candidatos durante a avalia\u00e7\u00e3o e sele\u00e7\u00e3o das mesmas, nas v\u00e1rias fases do processo de atribui\u00e7\u00e3o do Pr\u00e9mio Nacional de Agricultura nas diversas categorias, nos termos do consentimento prestado.<\/p>\n\n\n\n<h3 class=\"wp-block-heading\">Conserva\u00e7\u00e3o dos dados<\/h3>\n\n\n\n<p>Os dados recolhidos no \u00e2mbito da candidatura ser\u00e3o conservados durante 2 anos, sendo posteriormente eliminados. Apenas ser\u00e3o conservados os dados se houver um consentimento dos respetivos titulares nesse sentido (confirma\u00e7\u00e3o a preencher no formul\u00e1rio de candidatura), para que estes dados possam ser utilizados numa futura edi\u00e7\u00e3o do Pr\u00e9mio Nacional de Agricultura, no contexto de uma recandidatura e\/ou no \u00e2mbito de outras comunica\u00e7\u00f5es associadas \u00e0 iniciativa.<\/p>\n\n\n\n<h3 class=\"wp-block-heading\">Exerc\u00edcio dos direitos dos titulares dos dados:<\/h3>\n\n\n\n<p>Os titulares dos dados pessoais poder\u00e3o a qualquer altura exercer os seus direitos legais atrav\u00e9s dos seguintes meios:<\/p>\n\n\n\n<ol style=\"list-style-type:lower-alpha\" class=\"wp-block-list\">\n<li>Medialivre, S.A.: <a href=\"mailto:boostactivate@medialivre.pt\" data-type=\"mailto\" data-id=\"mailto:boostactivate@medialivre.pt\" target=\"_blank\" rel=\"noreferrer noopener\">boostactivate@medialivre.pt<\/a><\/li>\n\n\n\n<li>Tratando-se de candidatura apresentada a pedido do Titular, atrav\u00e9s do Banco BPI, os respetivos titulares dos dados pessoais poder\u00e3o exercer os seus direitos atrav\u00e9s do email <a href=\"mailto:dpo.rgpd@bancobpi.pt\">dpo.rgpd@bancobpi.pt<\/a><\/li>\n<\/ol>\n\n\n\n<p>O exerc\u00edcio dos direitos ser\u00e1 objeto de valida\u00e7\u00e3o por forma a permitir confirmar a identidade do titular que solicita o respetivo exerc\u00edcio, sendo-lhe pedido o envio de elementos de identifica\u00e7\u00e3o pessoal com o \u00fanico objetivo de validar a sua identidade para este efeito<\/p>\n\n\n\n<p>O candidato poder\u00e1 apresentar uma reclama\u00e7\u00e3o \u00e0 Comiss\u00e3o Nacional de Prote\u00e7\u00e3o de Dados atrav\u00e9s do seguinte <a href=\"https:\/\/www.cnpd.pt\/cidadaos\/participacoes\/\">formul\u00e1rio<\/a>.<\/p>\n\n\n\n<p>Para mais informa\u00e7\u00f5es, o candidato poder\u00e1 consultar a Pol\u00edtica de Privacidade da Medialivre e do Banco BPI nos seguintes endere\u00e7os:<\/p>\n\n\n\n<ul class=\"wp-block-list\">\n<li>Medialivre: <a href=\"https:\/\/aminhaconta.xl.pt\/Layers\/PrivacyPolicy\">https:\/\/aminhaconta.xl.pt\/Layers\/PrivacyPolicy<\/a><\/li>\n\n\n\n<li>BPI: <a href=\"https:\/\/www.bancobpi.pt\/politica-de-privacidade\">https:\/\/www.bancobpi.pt\/politica-de-privacidade<\/a><\/li>\n<\/ul>\n\n\n\n<a href=\"https:\/\/cdn.xl.pt\/bs\/uploads\/sites\/55\/2025\/09\/PNA-2025_Regulamento.pdf\" class=\"uk-button uk-button-danger uk-button-large\" target=\"_blank\" rel=\"noreferrer noopener\"><span data-uk-icon=\"download-cloud\"><\/span> Download do Regulamento (PDF)<\/a>\n","protected":false},"excerpt":{"rendered":"<p>O BPI e a Medialivre promovem a realiza\u00e7\u00e3o do Pr\u00e9mio Nacional de Agricultura 2025, sendo as entidades com a responsabilidade na organiza\u00e7\u00e3o do pr\u00e9mio, promo\u00e7\u00e3o, fiscaliza\u00e7\u00e3o, sele\u00e7\u00e3o do j\u00fari e orienta\u00e7\u00e3o dos procedimentos de candidatura desta iniciativa, que conta com o patroc\u00ednio do Minist\u00e9rio da Agricultura e Mar e o apoio da PricewaterhouseCoopers &amp; Associados [&hellip;]<\/p>\n","protected":false},"author":29,"featured_media":0,"parent":0,"menu_order":0,"comment_status":"closed","ping_status":"closed","template":"","meta":{"footnotes":""},"class_list":["post-2173","page","type-page","status-publish","hentry"],"_links":{"self":[{"href":"https:\/\/bs.xl.pt\/premio-nacional-agricultura\/wp-json\/wp\/v2\/pages\/2173","targetHints":{"allow":["GET"]}}],"collection":[{"href":"https:\/\/bs.xl.pt\/premio-nacional-agricultura\/wp-json\/wp\/v2\/pages"}],"about":[{"href":"https:\/\/bs.xl.pt\/premio-nacional-agricultura\/wp-json\/wp\/v2\/types\/page"}],"author":[{"embeddable":true,"href":"https:\/\/bs.xl.pt\/premio-nacional-agricultura\/wp-json\/wp\/v2\/users\/29"}],"replies":[{"embeddable":true,"href":"https:\/\/bs.xl.pt\/premio-nacional-agricultura\/wp-json\/wp\/v2\/comments?post=2173"}],"version-history":[{"count":9,"href":"https:\/\/bs.xl.pt\/premio-nacional-agricultura\/wp-json\/wp\/v2\/pages\/2173\/revisions"}],"predecessor-version":[{"id":3135,"href":"https:\/\/bs.xl.pt\/premio-nacional-agricultura\/wp-json\/wp\/v2\/pages\/2173\/revisions\/3135"}],"wp:attachment":[{"href":"https:\/\/bs.xl.pt\/premio-nacional-agricultura\/wp-json\/wp\/v2\/media?parent=2173"}],"curies":[{"name":"wp","href":"https:\/\/api.w.org\/{rel}","templated":true}]}}