{"id":1994,"date":"2024-07-12T14:25:55","date_gmt":"2024-07-12T13:25:55","guid":{"rendered":"https:\/\/bs.xl.pt\/premio-nacional-inovacao\/?page_id=1994"},"modified":"2024-07-12T15:47:31","modified_gmt":"2024-07-12T14:47:31","slug":"vencedores-da-segunda-edicao-do-premio-nacional-de-inovacao","status":"publish","type":"page","link":"https:\/\/bs.xl.pt\/premio-nacional-inovacao\/vencedores-da-segunda-edicao-do-premio-nacional-de-inovacao\/","title":{"rendered":"Vencedores da segunda edi\u00e7\u00e3o do Pr\u00e9mio Nacional de Inova\u00e7\u00e3o"},"content":{"rendered":"\r\n        <section id=\"page-section-1\" class=\"section-soft-gray\" style='padding-bottom:80px;padding-top:80px;'>\r\n            <div class=\" uk-container  uk-container-small\">\r\n                <h2 style='margin-bottom:40px;'> PR\u00c9MIO PERSONALIDADE <\/h2>                <div data-uk-grid class=\"uk-margin-top uk-grid-match uk-child-width-1-1 uk-child-width-1-1@l uk-flex uk-flex-center\" >\r\n                                            <div style=\"height: max-content;\">\r\n                            <div style='min-height: 151px; margin:0 0 15px 0;'><div class=\"uk-inline\"><img decoding=\"async\" src=\"https:\/\/cdn.xl.pt\/bs\/uploads\/sites\/130\/2024\/07\/Paulo-Rosado-1600x900.jpg\" alt=\"Vencedores da segunda edi\u00e7\u00e3o do Pr\u00e9mio Nacional de Inova\u00e7\u00e3o\" loading=\"lazy\" \/><\/div><div class=\"uk-text-left\" > \r\n          <ul uk-accordion class=\"area-caption-accordion\">\r\n            <li>\r\n              <a class=\"uk-accordion-title\" href=\"#\">Legenda<\/a>\r\n              <div class=\"uk-accordion-content\"><p class=\"image-caption\">Paulo Rosado lidera a Outsystems desde 2001, ano da sua funda\u00e7\u00e3o. A tecnol\u00f3gica desenvolveu uma plataforma de desenvolvimento low code para criar aplica\u00e7\u00f5es empresariais m\u00f3veis e web, que podem ser executadas na cloud, on-premises ou em ambientes h\u00edbridos. Em junho de 2018, a Outsystems alcan\u00e7ou o estatuto de unic\u00f3rnio.\nA Outsystems tornou-se uma refer\u00eancia mundial em plataformas de desenvolvimento low-code. Passados mais de 12 anos do nascimento da empresa, muitas das features introduzidas no seu produto, acabaram por se tornar mainstream e criar toda uma nova \u00e1rea: a DevOps.<\/p><\/div>\r\n            <\/li>\r\n          <\/ul>\r\n        <\/div><p class=\"uk-hidden uk-text-small uk-text-muted uk-margin-small-top uk-margin-medium-bottom uk-text-left\">Paulo Rosado lidera a Outsystems desde 2001, ano da sua funda\u00e7\u00e3o. A tecnol\u00f3gica desenvolveu uma plataforma de desenvolvimento low code para criar aplica\u00e7\u00f5es empresariais m\u00f3veis e web, que podem ser executadas na cloud, on-premises ou em ambientes h\u00edbridos. Em junho de 2018, a Outsystems alcan\u00e7ou o estatuto de unic\u00f3rnio.\nA Outsystems tornou-se uma refer\u00eancia mundial em plataformas de desenvolvimento low-code. Passados mais de 12 anos do nascimento da empresa, muitas das features introduzidas no seu produto, acabaram por se tornar mainstream e criar toda uma nova \u00e1rea: a DevOps.<\/p><\/div>  \r\n                                                        <h4 style='min-height:20px; margin:0 0 10px 0;'>Paulo Rosado , CEO da Outsystems<\/h4>                                 \r\n                        <\/div>\r\n                      \r\n                <\/div>\r\n            <\/div>\r\n        <\/section>\r\n\r\n    \n\n\r\n        <section id=\"page-section-2\" class=\"section-white\" style='padding-bottom:80px;padding-top:80px;'>\r\n            <div class=\" uk-container  uk-container-xlarge\">\r\n                <h2 style='margin-bottom:40px;'> SEGMENTO NEG\u00d3CIO <\/h2>                <div data-uk-grid class=\"uk-margin-top uk-grid-match uk-child-width-1-1 uk-child-width-1-3@l uk-flex uk-flex-center\" >\r\n                                            <div style=\"height: max-content;\">\r\n                            <div style='min-height: 151px; margin:0 0 15px 0;'><div class=\"uk-inline\"><img decoding=\"async\" src=\"https:\/\/cdn.xl.pt\/bs\/uploads\/sites\/130\/2024\/07\/sebol.jpg\" alt=\"Vencedores da segunda edi\u00e7\u00e3o do Pr\u00e9mio Nacional de Inova\u00e7\u00e3o\" loading=\"lazy\" \/><\/div><div class=\"uk-text-left\" > \r\n          <ul uk-accordion class=\"area-caption-accordion\">\r\n            <li>\r\n              <a class=\"uk-accordion-title\" href=\"#\">Legenda<\/a>\r\n              <div class=\"uk-accordion-content\"><p class=\"image-caption\">Afonso Lobato Faria, CEO da Sebol, recebeu o pr\u00e9mio entregue por, Alexandre Ruas, diretor executivo da Claranet, Diana Ramos, diretora do Neg\u00f3cios, e Rui Coutinho, diretor executivo do Ecossistema de Inova\u00e7\u00e3o da Nova SBE.<\/p><\/div>\r\n            <\/li>\r\n          <\/ul>\r\n        <\/div><p class=\"uk-hidden uk-text-small uk-text-muted uk-margin-small-top uk-margin-medium-bottom uk-text-left\">Afonso Lobato Faria, CEO da Sebol, recebeu o pr\u00e9mio entregue por, Alexandre Ruas, diretor executivo da Claranet, Diana Ramos, diretora do Neg\u00f3cios, e Rui Coutinho, diretor executivo do Ecossistema de Inova\u00e7\u00e3o da Nova SBE.<\/p><\/div>  \r\n                            <h3 style='min-height:20px; margin:0 0 15px 0;'>Agricultura e Ind\u00fastria<\/h3>                            <h4 style='min-height:20px; margin:0 0 10px 0;'>Sebol &#8211; Com\u00e9rcio e Ind\u00fastria de Sebo com o projeto ProHy<\/h4>                            <p style='margin: 0 0 20px 0;'>O ProHy \u00e9 um produto resultante de uma tecnologia de hidr\u00f3lise de prote\u00ednas, sem recurso a qu\u00edmicos de s\u00edntese, que permite converter subprodutos animais em ingredientes de elevado valor acrescentado, com potencial de aplica\u00e7\u00e3o na alimenta\u00e7\u00e3o animal, na alimenta\u00e7\u00e3o humana e na ind\u00fastria farmac\u00eautica.<\/p>     \r\n                        <\/div>\r\n                                            <div style=\"height: max-content;\">\r\n                            <div style='min-height: 151px; margin:0 0 15px 0;'><div class=\"uk-inline\"><img decoding=\"async\" src=\"https:\/\/cdn.xl.pt\/bs\/uploads\/sites\/130\/2024\/07\/LMN_1580-copy.jpg\" alt=\"Vencedores da segunda edi\u00e7\u00e3o do Pr\u00e9mio Nacional de Inova\u00e7\u00e3o\" loading=\"lazy\" \/><\/div><div class=\"uk-text-left\" > \r\n          <ul uk-accordion class=\"area-caption-accordion\">\r\n            <li>\r\n              <a class=\"uk-accordion-title\" href=\"#\">Legenda<\/a>\r\n              <div class=\"uk-accordion-content\"><p class=\"image-caption\">David Rufino, co-fundador e CEO da Photobooking, recebeu o pr\u00e9mio entregue por, Alexandre Ruas, diretor executivo da Claranet, Diana Ramos, diretora do Neg\u00f3cios, e Rui Coutinho, diretor executivo do Ecossistema de Inova\u00e7\u00e3o da Nova SBE.<\/p><\/div>\r\n            <\/li>\r\n          <\/ul>\r\n        <\/div><p class=\"uk-hidden uk-text-small uk-text-muted uk-margin-small-top uk-margin-medium-bottom uk-text-left\">David Rufino, co-fundador e CEO da Photobooking, recebeu o pr\u00e9mio entregue por, Alexandre Ruas, diretor executivo da Claranet, Diana Ramos, diretora do Neg\u00f3cios, e Rui Coutinho, diretor executivo do Ecossistema de Inova\u00e7\u00e3o da Nova SBE.<\/p><\/div>  \r\n                            <h3 style='min-height:20px; margin:0 0 15px 0;'>Turismo e Imobili\u00e1rio<\/h3>                            <h4 style='min-height:20px; margin:0 0 10px 0;'>Photobooking com o projeto Marketplace Photobooking<\/h4>                            <p style='margin: 0 0 20px 0;'>Este marketplace especializado no mercado imobili\u00e1rio, que permite \u00e0s ag\u00eancias ou redes imobili\u00e1rias fazer marca\u00e7\u00f5es de sess\u00f5es fotogr\u00e1ficas, v\u00eddeos e visitas virtuais aos seus im\u00f3veis. A nova atualiza\u00e7\u00e3o permite encontrar outros produtos e servi\u00e7os dedicados, como certificados energ\u00e9ticos, forma\u00e7\u00e3o, marketing, arquitetura ou intermedia\u00e7\u00e3o de cr\u00e9dito.<\/p>     \r\n                        <\/div>\r\n                                            <div style=\"height: max-content;\">\r\n                            <div style='min-height: 151px; margin:0 0 15px 0;'><div class=\"uk-inline\"><img decoding=\"async\" src=\"https:\/\/cdn.xl.pt\/bs\/uploads\/sites\/130\/2024\/07\/LMN_1633-copy.jpg\" alt=\"Vencedores da segunda edi\u00e7\u00e3o do Pr\u00e9mio Nacional de Inova\u00e7\u00e3o\" loading=\"lazy\" \/><\/div><div class=\"uk-text-left\" > \r\n          <ul uk-accordion class=\"area-caption-accordion\">\r\n            <li>\r\n              <a class=\"uk-accordion-title\" href=\"#\">Legenda<\/a>\r\n              <div class=\"uk-accordion-content\"><p class=\"image-caption\">Susana Ornelas, graphic designer da Addvolt, recebeu o pr\u00e9mio entregue por, Alexandre Ruas, diretor executivo da Claranet, Diana Ramos, diretora do Neg\u00f3cios, e Rui Coutinho, diretor executivo do Ecossistema de Inova\u00e7\u00e3o da Nova SBE.<\/p><\/div>\r\n            <\/li>\r\n          <\/ul>\r\n        <\/div><p class=\"uk-hidden uk-text-small uk-text-muted uk-margin-small-top uk-margin-medium-bottom uk-text-left\">Susana Ornelas, graphic designer da Addvolt, recebeu o pr\u00e9mio entregue por, Alexandre Ruas, diretor executivo da Claranet, Diana Ramos, diretora do Neg\u00f3cios, e Rui Coutinho, diretor executivo do Ecossistema de Inova\u00e7\u00e3o da Nova SBE.<\/p><\/div>  \r\n                            <h3 style='min-height:20px; margin:0 0 15px 0;'>Energia, Utilities e Infraestruturas<\/h3>                            <h4 style='min-height:20px; margin:0 0 10px 0;'>Addvolt com o projeto Addvolt Powerpack<\/h4>                            <p style='margin: 0 0 20px 0;'>O Addvolt Powerpack \u00e9 um sistema el\u00e9trico plug-in h\u00edbrido que pode ser instalado em qualquer cami\u00e3o para alimentar qualquer m\u00e1quina de frio. Em vez de usar uma bateria de grande capacidade e mais pesada, \u00e9 instalado um gerador que permite recarregar no armaz\u00e9m ou durante o movimento do cami\u00e3o, principalmente nas travagens e desacelera\u00e7\u00f5es, tornando-o num sistema h\u00edbrido.<\/p>     \r\n                        <\/div>\r\n                      \r\n                <\/div>\r\n            <\/div>\r\n        <\/section>\r\n\r\n    \n\n\r\n        <section id=\"page-section-2\" class=\"section-white\" style='padding-bottom:80px;'>\r\n            <div class=\" uk-container  uk-container-xlarge\">\r\n                                <div data-uk-grid class=\"uk-margin-top uk-grid-match uk-child-width-1-1 uk-child-width-1-3@l uk-flex uk-flex-center\">\r\n                                            <div style=\"height: max-content;\">\r\n                            <div style='min-height: 151px; margin:0 0 15px 0;'><div class=\"uk-inline\"><img decoding=\"async\" src=\"https:\/\/cdn.xl.pt\/bs\/uploads\/sites\/130\/2024\/07\/LMN_1655-copy.jpg\" alt=\"Vencedores da segunda edi\u00e7\u00e3o do Pr\u00e9mio Nacional de Inova\u00e7\u00e3o\" loading=\"lazy\" \/><\/div><div class=\"uk-text-left\" > \r\n          <ul uk-accordion class=\"area-caption-accordion\">\r\n            <li>\r\n              <a class=\"uk-accordion-title\" href=\"#\">Legenda<\/a>\r\n              <div class=\"uk-accordion-content\"><p class=\"image-caption\">Telma Moura, Marketing &#038; Communications Manager da Automaise, recebeu o pr\u00e9mio entregue por, Alexandre Ruas, diretor executivo da Claranet, Diana Ramos, diretora do Neg\u00f3cios, e Rui Coutinho, diretor executivo do Ecossistema de Inova\u00e7\u00e3o da Nova SBE.<\/p><\/div>\r\n            <\/li>\r\n          <\/ul>\r\n        <\/div><p class=\"uk-hidden uk-text-small uk-text-muted uk-margin-small-top uk-margin-medium-bottom uk-text-left\">Telma Moura, Marketing &#038; Communications Manager da Automaise, recebeu o pr\u00e9mio entregue por, Alexandre Ruas, diretor executivo da Claranet, Diana Ramos, diretora do Neg\u00f3cios, e Rui Coutinho, diretor executivo do Ecossistema de Inova\u00e7\u00e3o da Nova SBE.<\/p><\/div>                            <h3 style='min-height:20px; margin:0 0 15px 0;'>Retalho e E-commerce<\/h3>                            <h4 style='min-height:20px; margin:0 0 10px 0;'>Automaise com o projeto Automaise Support Genius &#8211; Agent Assist<\/h4>                            <p style='margin: 0 0 20px 0;'>Esta solu\u00e7\u00e3o de &#8220;agent copilot&#8221;, baseada em Intelig\u00eancia Artificial, transforma operadores de apoio ao cliente em super agentes. A ferramenta foi concebida para melhorar a produtividade e a efici\u00eancia das opera\u00e7\u00f5es de suporte.<\/p>                        <\/div>\r\n                                            <div style=\"height: max-content;\">\r\n                            <div style='min-height: 151px; margin:0 0 15px 0;'><div class=\"uk-inline\"><img decoding=\"async\" src=\"https:\/\/cdn.xl.pt\/bs\/uploads\/sites\/130\/2024\/07\/Frame-532.jpg\" alt=\"Vencedores da segunda edi\u00e7\u00e3o do Pr\u00e9mio Nacional de Inova\u00e7\u00e3o\" loading=\"lazy\" \/><\/div><div class=\"uk-text-left\" > \r\n          <ul uk-accordion class=\"area-caption-accordion\">\r\n            <li>\r\n              <a class=\"uk-accordion-title\" href=\"#\">Legenda<\/a>\r\n              <div class=\"uk-accordion-content\"><p class=\"image-caption\">Eduardo Barros, CEO da PsychoMeasure, recebeu o pr\u00e9mio entregue por, Alexandre Ruas, diretor executivo da Claranet, Diana Ramos, diretora do Neg\u00f3cios, e Rui Coutinho, diretor executivo do Ecossistema de Inova\u00e7\u00e3o da Nova SBE.<\/p><\/div>\r\n            <\/li>\r\n          <\/ul>\r\n        <\/div><p class=\"uk-hidden uk-text-small uk-text-muted uk-margin-small-top uk-margin-medium-bottom uk-text-left\">Eduardo Barros, CEO da PsychoMeasure, recebeu o pr\u00e9mio entregue por, Alexandre Ruas, diretor executivo da Claranet, Diana Ramos, diretora do Neg\u00f3cios, e Rui Coutinho, diretor executivo do Ecossistema de Inova\u00e7\u00e3o da Nova SBE.<\/p><\/div>                            <h3 style='min-height:20px; margin:0 0 15px 0;'>Sa\u00fade<\/h3>                            <h4 style='min-height:20px; margin:0 0 10px 0;'>Psychomeasure com o projeto Ferramenta Cl\u00ednica Psychomeasure<\/h4>                            <p style='margin: 0 0 20px 0;'>O Psychomeasure \u00e9 uma ferramenta cl\u00ednica que utiliza o Processamento de Linguagem Natural (PLN) para auxiliar profissionais de sa\u00fade mental no diagn\u00f3stico e monitoriza\u00e7\u00e3o de pacientes com esquizofrenia e outras condi\u00e7\u00f5es psiqui\u00e1tricas. A ferramenta fornece marcadores cognitivos baseados na fala, proporcionando diagn\u00f3sticos mais r\u00e1pidos e precisos, e reduzindo os tempos de espera para o tratamento.<\/p>                        <\/div>\r\n                                            <div style=\"height: max-content;\">\r\n                            <div style='min-height: 151px; margin:0 0 15px 0;'><div class=\"uk-inline\"><img decoding=\"async\" src=\"https:\/\/cdn.xl.pt\/bs\/uploads\/sites\/130\/2024\/07\/Frame-531.jpg\" alt=\"Vencedores da segunda edi\u00e7\u00e3o do Pr\u00e9mio Nacional de Inova\u00e7\u00e3o\" loading=\"lazy\" \/><\/div><div class=\"uk-text-left\" > \r\n          <ul uk-accordion class=\"area-caption-accordion\">\r\n            <li>\r\n              <a class=\"uk-accordion-title\" href=\"#\">Legenda<\/a>\r\n              <div class=\"uk-accordion-content\"><p class=\"image-caption\">Jo\u00e3o Mendes, Marketing Manager da Coverflex, recebeu o pr\u00e9mio entregue por, Alexandre Ruas, diretor executivo da Claranet, Diana Ramos, diretora do Neg\u00f3cios, e Rui Coutinho, diretor executivo do Ecossistema de Inova\u00e7\u00e3o da Nova SBE.<\/p><\/div>\r\n            <\/li>\r\n          <\/ul>\r\n        <\/div><p class=\"uk-hidden uk-text-small uk-text-muted uk-margin-small-top uk-margin-medium-bottom uk-text-left\">Jo\u00e3o Mendes, Marketing Manager da Coverflex, recebeu o pr\u00e9mio entregue por, Alexandre Ruas, diretor executivo da Claranet, Diana Ramos, diretora do Neg\u00f3cios, e Rui Coutinho, diretor executivo do Ecossistema de Inova\u00e7\u00e3o da Nova SBE.<\/p><\/div>                            <h3 style='min-height:20px; margin:0 0 15px 0;'>Banca, Seguros e Servi\u00e7os<\/h3>                            <h4 style='min-height:20px; margin:0 0 10px 0;'>Coverflex com o produto Coverflex<\/h4>                            <p style='margin: 0 0 20px 0;'>Plataforma que digitaliza e personaliza a gest\u00e3o de compensa\u00e7\u00e3o e benef\u00edcios, promovendo uma experi\u00eancia centrada no colaborador nas \u00e1reas do subs\u00eddio de alimenta\u00e7\u00e3o, seguros, descontos, entre outros servi\u00e7os, eliminando a necessidade de lidar com v\u00e1rios fornecedores e sistemas desarticulados.<\/p>                        <\/div>\r\n                      \r\n                <\/div>\r\n            <\/div>\r\n        <\/section>\r\n\r\n    \n\n\r\n        <section id=\"page-section-2\" class=\"section-white\" style='padding-bottom:80px;'>\r\n            <div class=\" uk-container  uk-container\">\r\n                                <div data-uk-grid class=\"uk-margin-top uk-grid-match uk-child-width-1-1 uk-child-width-1-2@l uk-flex uk-flex-center\">\r\n                                            <div style=\"height: max-content;\">\r\n                            <div style='min-height: 151px; margin:0 0 15px 0;'><div class=\"uk-inline\"><img decoding=\"async\" src=\"https:\/\/cdn.xl.pt\/bs\/uploads\/sites\/130\/2024\/07\/LMN_1824-copy.jpg\" alt=\"Vencedores da segunda edi\u00e7\u00e3o do Pr\u00e9mio Nacional de Inova\u00e7\u00e3o\" loading=\"lazy\" \/><\/div><div class=\"uk-text-left\" > \r\n          <ul uk-accordion class=\"area-caption-accordion\">\r\n            <li>\r\n              <a class=\"uk-accordion-title\" href=\"#\">Legenda<\/a>\r\n              <div class=\"uk-accordion-content\"><p class=\"image-caption\">Jo\u00e3o Magalh\u00e3es, CEO e fundador da Code For All, recebeu o pr\u00e9mio entregue por, Alexandre Ruas, diretor executivo da Claranet, Diana Ramos, diretora do Neg\u00f3cios, e Rui Coutinho, diretor executivo do Ecossistema de Inova\u00e7\u00e3o da Nova SBE.<\/p><\/div>\r\n            <\/li>\r\n          <\/ul>\r\n        <\/div><p class=\"uk-hidden uk-text-small uk-text-muted uk-margin-small-top uk-margin-medium-bottom uk-text-left\">Jo\u00e3o Magalh\u00e3es, CEO e fundador da Code For All, recebeu o pr\u00e9mio entregue por, Alexandre Ruas, diretor executivo da Claranet, Diana Ramos, diretora do Neg\u00f3cios, e Rui Coutinho, diretor executivo do Ecossistema de Inova\u00e7\u00e3o da Nova SBE.<\/p><\/div>                            <h3 style='min-height:20px; margin:0 0 15px 0;'>Educa\u00e7\u00e3o<\/h3>                            <h4 style='min-height:20px; margin:0 0 10px 0;'>Code for All com o projeto MIT<\/h4>                            <p style='margin: 0 0 20px 0;'>Plataforma de identifica\u00e7\u00e3o de talento que recorre \u00e0 intelig\u00eancia artificial e ao machine learning para analisar a intera\u00e7\u00e3o dos candidatos da Code for All, avaliando o potencial e talento atrav\u00e9s da performance, do volume cognitivo, da resili\u00eancia, da criatividade, da curiosidade e da proatividade. Esta plataforma pode ser aplicada a diversas ind\u00fastrias e setores de atividade.<\/p>                        <\/div>\r\n                                            <div style=\"height: max-content;\">\r\n                            <div style='min-height: 151px; margin:0 0 15px 0;'><div class=\"uk-inline\"><img decoding=\"async\" src=\"https:\/\/cdn.xl.pt\/bs\/uploads\/sites\/130\/2024\/07\/LMN_1889-copy.jpg\" alt=\"Vencedores da segunda edi\u00e7\u00e3o do Pr\u00e9mio Nacional de Inova\u00e7\u00e3o\" loading=\"lazy\" \/><\/div><div class=\"uk-text-left\" > \r\n          <ul uk-accordion class=\"area-caption-accordion\">\r\n            <li>\r\n              <a class=\"uk-accordion-title\" href=\"#\">Legenda<\/a>\r\n              <div class=\"uk-accordion-content\"><p class=\"image-caption\">Fernando Leite, administrador delegado da Lipor, recebeu o pr\u00e9mio entregue por, Alexandre Ruas, diretor executivo da Claranet, Diana Ramos, diretora do Neg\u00f3cios, e Rui Coutinho, diretor executivo do Ecossistema de Inova\u00e7\u00e3o da Nova SBE.<\/p><\/div>\r\n            <\/li>\r\n          <\/ul>\r\n        <\/div><p class=\"uk-hidden uk-text-small uk-text-muted uk-margin-small-top uk-margin-medium-bottom uk-text-left\">Fernando Leite, administrador delegado da Lipor, recebeu o pr\u00e9mio entregue por, Alexandre Ruas, diretor executivo da Claranet, Diana Ramos, diretora do Neg\u00f3cios, e Rui Coutinho, diretor executivo do Ecossistema de Inova\u00e7\u00e3o da Nova SBE.<\/p><\/div>                            <h3 style='min-height:20px; margin:0 0 15px 0;'>Setor P\u00fablico<\/h3>                            <h4 style='min-height:20px; margin:0 0 10px 0;'>Lipor com o projeto Wayste<\/h4>                            <p style='margin: 0 0 20px 0;'>Plataforma digital de informa\u00e7\u00f5es sobre todo o ciclo de vida dos res\u00edduos, desde a sua gera\u00e7\u00e3o at\u00e9 \u00e0 entrada na LIPOR, proporcionando comunica\u00e7\u00e3o e processamento de dados em tempo real. A plataforma assegura a completa rastreabilidade dos res\u00edduos e foi essencial para implementar o projeto PAYT (Pay-As-You-Throw).<\/p>                        <\/div>\r\n                      \r\n                <\/div>\r\n            <\/div>\r\n        <\/section>\r\n\r\n    \n\n\r\n        <section id=\"page-section-3\" class=\"section-soft-gray\" style='padding-bottom:80px;padding-top:80px;'>\r\n            <div class=\" uk-container  uk-container-xlarge\">\r\n                <h2 style='margin-bottom:40px;'> SEGMENTO TECNOLOGIA  <\/h2>                <div data-uk-grid class=\"uk-margin-top uk-grid-match uk-child-width-1-1 uk-child-width-1-3@l uk-flex uk-flex-center\" >\r\n                                            <div style=\"height: max-content;\">\r\n                            <div style='min-height: 151px; margin:0 0 15px 0;'><div class=\"uk-inline\"><img decoding=\"async\" src=\"https:\/\/cdn.xl.pt\/bs\/uploads\/sites\/130\/2024\/07\/Frame-519.jpg\" alt=\"Vencedores da segunda edi\u00e7\u00e3o do Pr\u00e9mio Nacional de Inova\u00e7\u00e3o\" loading=\"lazy\" \/><\/div><div class=\"uk-text-left\" > \r\n          <ul uk-accordion class=\"area-caption-accordion\">\r\n            <li>\r\n              <a class=\"uk-accordion-title\" href=\"#\">Legenda<\/a>\r\n              <div class=\"uk-accordion-content\"><p class=\"image-caption\">Jos\u00e9 Nuno Vieira, data science manager do Centro de Intelig\u00eancia Artificial e Anal\u00edtica da Fidelidade, recebeu o pr\u00e9mio entregue por Rui Coutinho, diretor executivo do Ecossistema de Inova\u00e7\u00e3o da Nova SBE, Teresa Sousa, diretora da Dire\u00e7\u00e3o de Inova\u00e7\u00e3o do BPI, e Diana Ramos, diretora do Neg\u00f3cios.<\/p><\/div>\r\n            <\/li>\r\n          <\/ul>\r\n        <\/div><p class=\"uk-hidden uk-text-small uk-text-muted uk-margin-small-top uk-margin-medium-bottom uk-text-left\">Jos\u00e9 Nuno Vieira, data science manager do Centro de Intelig\u00eancia Artificial e Anal\u00edtica da Fidelidade, recebeu o pr\u00e9mio entregue por Rui Coutinho, diretor executivo do Ecossistema de Inova\u00e7\u00e3o da Nova SBE, Teresa Sousa, diretora da Dire\u00e7\u00e3o de Inova\u00e7\u00e3o do BPI, e Diana Ramos, diretora do Neg\u00f3cios.<\/p><\/div>  \r\n                            <h3 style='min-height:20px; margin:0 0 15px 0;'>Transforma\u00e7\u00e3o de Posto de Trabalho<\/h3>                            <h4 style='min-height:20px; margin:0 0 10px 0;'>Fidelidade com o projeto GAMA &#8211; Generic Analytical Model Automation<\/h4>                            <p style='margin: 0 0 20px 0;'>Solu\u00e7\u00e3o que utiliza intelig\u00eancia artificial para processar documentos de forma inteligente. A ferramenta \u00e9 flex\u00edvel, integr\u00e1vel, configur\u00e1vel e adapt\u00e1vel \u00e0 Fidelidade, permitindo a redu\u00e7\u00e3o de custos.<\/p>     \r\n                        <\/div>\r\n                                            <div style=\"height: max-content;\">\r\n                            <div style='min-height: 151px; margin:0 0 15px 0;'><div class=\"uk-inline\"><img decoding=\"async\" src=\"https:\/\/cdn.xl.pt\/bs\/uploads\/sites\/130\/2024\/07\/Frame-520.jpg\" alt=\"Vencedores da segunda edi\u00e7\u00e3o do Pr\u00e9mio Nacional de Inova\u00e7\u00e3o\" loading=\"lazy\" \/><\/div><div class=\"uk-text-left\" > \r\n          <ul uk-accordion class=\"area-caption-accordion\">\r\n            <li>\r\n              <a class=\"uk-accordion-title\" href=\"#\">Legenda<\/a>\r\n              <div class=\"uk-accordion-content\"><p class=\"image-caption\">Susana Ornelas, graphic designer da Addvolt, recebeu o pr\u00e9mio entregue por Rui Coutinho, diretor executivo do Ecossistema de Inova\u00e7\u00e3o da Nova SBE, Teresa Sousa, diretora da Dire\u00e7\u00e3o de Inova\u00e7\u00e3o do BPI, e Diana Ramos, diretora do Neg\u00f3cios.<\/p><\/div>\r\n            <\/li>\r\n          <\/ul>\r\n        <\/div><p class=\"uk-hidden uk-text-small uk-text-muted uk-margin-small-top uk-margin-medium-bottom uk-text-left\">Susana Ornelas, graphic designer da Addvolt, recebeu o pr\u00e9mio entregue por Rui Coutinho, diretor executivo do Ecossistema de Inova\u00e7\u00e3o da Nova SBE, Teresa Sousa, diretora da Dire\u00e7\u00e3o de Inova\u00e7\u00e3o do BPI, e Diana Ramos, diretora do Neg\u00f3cios.<\/p><\/div>  \r\n                            <h3 style='min-height:20px; margin:0 0 15px 0;'>Tecnologia Sustent\u00e1vel<\/h3>                            <h4 style='min-height:20px; margin:0 0 10px 0;'>Addvolt com o projeto Powerpack<\/h4>                            <p style='margin: 0 0 20px 0;'>O Addvolt Powerpack \u00e9 um sistema el\u00e9trico plug-in h\u00edbrido que pode ser instalado em qualquer cami\u00e3o para alimentar qualquer m\u00e1quina de frio. Em vez de usar uma bateria de grande capacidade e mais pesada, \u00e9 instalado um gerador que permite recarregar no armaz\u00e9m ou durante o movimento do cami\u00e3o, principalmente nas travagens e desacelera\u00e7\u00f5es, tornando-o num sistema h\u00edbrido.<\/p>     \r\n                        <\/div>\r\n                                            <div style=\"height: max-content;\">\r\n                            <div style='min-height: 151px; margin:0 0 15px 0;'><div class=\"uk-inline\"><img decoding=\"async\" src=\"https:\/\/cdn.xl.pt\/bs\/uploads\/sites\/130\/2024\/07\/Frame-521.jpg\" alt=\"Vencedores da segunda edi\u00e7\u00e3o do Pr\u00e9mio Nacional de Inova\u00e7\u00e3o\" loading=\"lazy\" \/><\/div><div class=\"uk-text-left\" > \r\n          <ul uk-accordion class=\"area-caption-accordion\">\r\n            <li>\r\n              <a class=\"uk-accordion-title\" href=\"#\">Legenda<\/a>\r\n              <div class=\"uk-accordion-content\"><p class=\"image-caption\">Andr\u00e9 Campos, head of Strategy, Innovation and Transformation da Sogrape, recebeu o pr\u00e9mio entregue por, Teresa Sousa, diretora da Dire\u00e7\u00e3o de Inova\u00e7\u00e3o do BPI, e Diana Ramos, diretora do Neg\u00f3cios.<\/p><\/div>\r\n            <\/li>\r\n          <\/ul>\r\n        <\/div><p class=\"uk-hidden uk-text-small uk-text-muted uk-margin-small-top uk-margin-medium-bottom uk-text-left\">Andr\u00e9 Campos, head of Strategy, Innovation and Transformation da Sogrape, recebeu o pr\u00e9mio entregue por, Teresa Sousa, diretora da Dire\u00e7\u00e3o de Inova\u00e7\u00e3o do BPI, e Diana Ramos, diretora do Neg\u00f3cios.<\/p><\/div>  \r\n                            <h3 style='min-height:20px; margin:0 0 15px 0;'>Web 3.0<\/h3>                            <h4 style='min-height:20px; margin:0 0 10px 0;'>Sogrape com o projeto Sandeman &#038; Douro Metaverse Experience<\/h4>                            <p style='margin: 0 0 20px 0;'>A solu\u00e7\u00e3o incorpora uma variedade de novas tecnologias, metodologias e processos inovadores, proporcionando uma experi\u00eancia imersiva e envolvente aos visitantes, tornando poss\u00edvel a experi\u00eancia virtual da mais antiga regi\u00e3o demarcada do mundo a partir de qualquer lugar.<\/p>     \r\n                        <\/div>\r\n                      \r\n                <\/div>\r\n            <\/div>\r\n        <\/section>\r\n\r\n    \n\n\r\n        <section id=\"page-section-3\" class=\"section-soft-gray\" style='padding-bottom:80px;'>\r\n            <div class=\" uk-container  uk-container\">\r\n                                <div data-uk-grid class=\"uk-margin-top uk-grid-match uk-child-width-1-1 uk-child-width-1-2@l uk-flex uk-flex-center\">\r\n                                            <div style=\"height: max-content;\">\r\n                            <div style='min-height: 151px; margin:0 0 15px 0;'><div class=\"uk-inline\"><img decoding=\"async\" src=\"https:\/\/cdn.xl.pt\/bs\/uploads\/sites\/130\/2024\/07\/Frame-522.jpg\" alt=\"Vencedores da segunda edi\u00e7\u00e3o do Pr\u00e9mio Nacional de Inova\u00e7\u00e3o\" loading=\"lazy\" \/><\/div><div class=\"uk-text-left\" > \r\n          <ul uk-accordion class=\"area-caption-accordion\">\r\n            <li>\r\n              <a class=\"uk-accordion-title\" href=\"#\">Legenda<\/a>\r\n              <div class=\"uk-accordion-content\"><p class=\"image-caption\">Paulo Martins, CEO da Vitruvian Shield, recebeu o pr\u00e9mio entregue por Rui Coutinho, diretor executivo do Ecossistema de Inova\u00e7\u00e3o da Nova SBE, Teresa Sousa, diretora da Dire\u00e7\u00e3o de Inova\u00e7\u00e3o do BPI, e Diana Ramos, diretora do Neg\u00f3cios.<\/p><\/div>\r\n            <\/li>\r\n          <\/ul>\r\n        <\/div><p class=\"uk-hidden uk-text-small uk-text-muted uk-margin-small-top uk-margin-medium-bottom uk-text-left\">Paulo Martins, CEO da Vitruvian Shield, recebeu o pr\u00e9mio entregue por Rui Coutinho, diretor executivo do Ecossistema de Inova\u00e7\u00e3o da Nova SBE, Teresa Sousa, diretora da Dire\u00e7\u00e3o de Inova\u00e7\u00e3o do BPI, e Diana Ramos, diretora do Neg\u00f3cios.<\/p><\/div>                            <h3 style='min-height:20px; margin:0 0 15px 0;'>Software e Desenvolvimento Aplicacional<\/h3>                            <h4 style='min-height:20px; margin:0 0 10px 0;'>Vitruvian Shield com o projeto Vitruvian Shield eHealth CMTS PaaS<\/h4>                            <p style='margin: 0 0 20px 0;'>Plataforma integrada que combina um sistema de gest\u00e3o de ensaios cl\u00ednicos (CTMS) com um servi\u00e7o de monitoriza\u00e7\u00e3o remota de pacientes (RPM). A plataforma utiliza Intelig\u00eancia Artificial, Internet of Things e dispositivos wearables para otimizar a gest\u00e3o de ensaios cl\u00ednicos, incluindo o acompanhamento de pacientes, com um foco especial em indiv\u00edduos com doen\u00e7as cr\u00f3nicas.<\/p>                        <\/div>\r\n                                            <div style=\"height: max-content;\">\r\n                            <div style='min-height: 151px; margin:0 0 15px 0;'><div class=\"uk-inline\"><img decoding=\"async\" src=\"https:\/\/cdn.xl.pt\/bs\/uploads\/sites\/130\/2024\/07\/Frame-518.jpg\" alt=\"Vencedores da segunda edi\u00e7\u00e3o do Pr\u00e9mio Nacional de Inova\u00e7\u00e3o\" loading=\"lazy\" \/><\/div><p class=\"uk-hidden uk-text-small uk-text-muted uk-margin-small-top uk-margin-medium-bottom uk-text-left\"><\/p><\/div>                            <h3 style='min-height:20px; margin:0 0 15px 0;'>Intelig\u00eancia Artificial e Machine Learning<\/h3>                            <h4 style='min-height:20px; margin:0 0 10px 0;'>MTG Research and Development Lab com o projeto Full Cylce RWE Studies<\/h4>                            <p style='margin: 0 0 20px 0;'>Este projeto inova nos estudos de Real World Evidence (RWE) com metodologias ajustadas \u00e0s quest\u00f5es cl\u00ednicas, garantindo privacidade atrav\u00e9s de processamento descentralizado, otimizando a investiga\u00e7\u00e3o e a colabora\u00e7\u00e3o intersetorial.<\/p>                        <\/div>\r\n                      \r\n                <\/div>\r\n            <\/div>\r\n        <\/section>\r\n\r\n    \n\n\r\n        <section id=\"page-section-4\" class=\"section-white\" style='padding-bottom:80px;padding-top:80px;'>\r\n            <div class=\" uk-container  uk-container-xlarge\">\r\n                <h2 style='margin-bottom:40px;'> DIMENS\u00c3O <\/h2>                <div data-uk-grid class=\"uk-margin-top uk-grid-match uk-child-width-1-1 uk-child-width-1-3@l uk-flex uk-flex-center\" >\r\n                                            <div style=\"height: max-content;\">\r\n                            <div style='min-height: 151px; margin:0 0 15px 0;'><div class=\"uk-inline\"><img decoding=\"async\" src=\"https:\/\/cdn.xl.pt\/bs\/uploads\/sites\/130\/2024\/07\/Frame-523.jpg\" alt=\"Vencedores da segunda edi\u00e7\u00e3o do Pr\u00e9mio Nacional de Inova\u00e7\u00e3o\" loading=\"lazy\" \/><\/div><div class=\"uk-text-left\" > \r\n          <ul uk-accordion class=\"area-caption-accordion\">\r\n            <li>\r\n              <a class=\"uk-accordion-title\" href=\"#\">Legenda<\/a>\r\n              <div class=\"uk-accordion-content\"><p class=\"image-caption\">Sogrape com o projeto Sandeman &#038; Douro Metaverse Experience<\/p><\/div>\r\n            <\/li>\r\n          <\/ul>\r\n        <\/div><p class=\"uk-hidden uk-text-small uk-text-muted uk-margin-small-top uk-margin-medium-bottom uk-text-left\">Sogrape com o projeto Sandeman &#038; Douro Metaverse Experience<\/p><\/div>  \r\n                            <h3 style='min-height:20px; margin:0 0 15px 0;'>Inova\u00e7\u00e3o em Grandes Empresas<\/h3>                            <h4 style='min-height:20px; margin:0 0 10px 0;'>Sogrape com o projeto Sandeman &#038; Douro Metaverse Experience<\/h4>                                 \r\n                        <\/div>\r\n                                            <div style=\"height: max-content;\">\r\n                            <div style='min-height: 151px; margin:0 0 15px 0;'><div class=\"uk-inline\"><img decoding=\"async\" src=\"https:\/\/cdn.xl.pt\/bs\/uploads\/sites\/130\/2024\/07\/Frame-528.jpg\" alt=\"Vencedores da segunda edi\u00e7\u00e3o do Pr\u00e9mio Nacional de Inova\u00e7\u00e3o\" loading=\"lazy\" \/><\/div><div class=\"uk-text-left\" > \r\n          <ul uk-accordion class=\"area-caption-accordion\">\r\n            <li>\r\n              <a class=\"uk-accordion-title\" href=\"#\">Legenda<\/a>\r\n              <div class=\"uk-accordion-content\"><p class=\"image-caption\">Addvolt com o projeto Powerpack<\/p><\/div>\r\n            <\/li>\r\n          <\/ul>\r\n        <\/div><p class=\"uk-hidden uk-text-small uk-text-muted uk-margin-small-top uk-margin-medium-bottom uk-text-left\">Addvolt com o projeto Powerpack<\/p><\/div>  \r\n                            <h3 style='min-height:20px; margin:0 0 15px 0;'>Inova\u00e7\u00e3o em Startups<\/h3>                            <h4 style='min-height:20px; margin:0 0 10px 0;'>Addvolt com o projeto Powerpack<\/h4>                                 \r\n                        <\/div>\r\n                                            <div style=\"height: max-content;\">\r\n                            <div style='min-height: 151px; margin:0 0 15px 0;'><div class=\"uk-inline\"><img decoding=\"async\" src=\"https:\/\/cdn.xl.pt\/bs\/uploads\/sites\/130\/2024\/07\/Frame-518.jpg\" alt=\"Vencedores da segunda edi\u00e7\u00e3o do Pr\u00e9mio Nacional de Inova\u00e7\u00e3o\" loading=\"lazy\" \/><\/div><p class=\"uk-hidden uk-text-small uk-text-muted uk-margin-small-top uk-margin-medium-bottom uk-text-left\"><\/p><\/div>  \r\n                            <h3 style='min-height:20px; margin:0 0 15px 0;'>Inova\u00e7\u00e3o em PME<\/h3>                            <h4 style='min-height:20px; margin:0 0 10px 0;'>MTG Research and Development Lab com o projeto Full Cylce RWE Studies<\/h4>                                 \r\n                        <\/div>\r\n                      \r\n                <\/div>\r\n            <\/div>\r\n        <\/section>\r\n\r\n    ","protected":false},"excerpt":{"rendered":"","protected":false},"author":29,"featured_media":0,"parent":0,"menu_order":0,"comment_status":"closed","ping_status":"closed","template":"page_for-vencedores.php","meta":{"footnotes":""},"class_list":["post-1994","page","type-page","status-publish","hentry"],"_links":{"self":[{"href":"https:\/\/bs.xl.pt\/premio-nacional-inovacao\/wp-json\/wp\/v2\/pages\/1994","targetHints":{"allow":["GET"]}}],"collection":[{"href":"https:\/\/bs.xl.pt\/premio-nacional-inovacao\/wp-json\/wp\/v2\/pages"}],"about":[{"href":"https:\/\/bs.xl.pt\/premio-nacional-inovacao\/wp-json\/wp\/v2\/types\/page"}],"author":[{"embeddable":true,"href":"https:\/\/bs.xl.pt\/premio-nacional-inovacao\/wp-json\/wp\/v2\/users\/29"}],"replies":[{"embeddable":true,"href":"https:\/\/bs.xl.pt\/premio-nacional-inovacao\/wp-json\/wp\/v2\/comments?post=1994"}],"version-history":[{"count":13,"href":"https:\/\/bs.xl.pt\/premio-nacional-inovacao\/wp-json\/wp\/v2\/pages\/1994\/revisions"}],"predecessor-version":[{"id":2120,"href":"https:\/\/bs.xl.pt\/premio-nacional-inovacao\/wp-json\/wp\/v2\/pages\/1994\/revisions\/2120"}],"wp:attachment":[{"href":"https:\/\/bs.xl.pt\/premio-nacional-inovacao\/wp-json\/wp\/v2\/media?parent=1994"}],"curies":[{"name":"wp","href":"https:\/\/api.w.org\/{rel}","templated":true}]}}