{"id":1574,"date":"2022-05-06T09:55:03","date_gmt":"2022-05-06T08:55:03","guid":{"rendered":"https:\/\/bs.xl.pt\/premio-saude-sustentavel\/?page_id=1574"},"modified":"2023-03-31T18:14:06","modified_gmt":"2023-03-31T17:14:06","slug":"regulamento","status":"publish","type":"page","link":"https:\/\/bs.xl.pt\/premio-saude-sustentavel\/regulamento\/","title":{"rendered":"Regulamento"},"content":{"rendered":"\n<h3 class=\"wp-block-heading\">Pre\u00e2mbulo<\/h3>\n\n\n\n<p>A <strong>Sanofi <\/strong>e o <strong>Jornal de Neg\u00f3cios <\/strong>lan\u00e7am a 12\u00aa edi\u00e7\u00e3o do Pr\u00e9mio Sa\u00fade Sustent\u00e1vel.<br>O Pr\u00e9mio conta com a parceria da <strong>NTT DATA<\/strong>, respons\u00e1vel pelo desenvolvimento da metodologia de avalia\u00e7\u00e3o.<br>O presente Regulamento explicita o <strong>objetivo<\/strong> do Pr\u00e9mio, bem como o<strong> processo de candidaturas<\/strong> e os <strong>pr\u00e9mios<\/strong> que lhe est\u00e3o associados.<\/p>\n\n\n\n<h3 class=\"wp-block-heading\">I. Defini\u00e7\u00f5es<\/h3>\n\n\n\n<p><strong>Pr\u00e9mio Sa\u00fade Sustent\u00e1vel<\/strong>: uma iniciativa que tem como objetivo distinguir e premiar entidades, individuais ou coletivas, p\u00fablicas, privadas ou do sector social, prestadoras de cuidados de sa\u00fade, sejam hospitalares (onde incluem unidades, departamentos e\/ou servi\u00e7os), cuidados prim\u00e1rios, cuidados continuados, farm\u00e1cias e associa\u00e7\u00f5es que se tenham destacado por promover e implementar iniciativas de sustentabilidade com impacto tang\u00edvel na sa\u00fade. Os candidatos poder\u00e3o candidatar a institui\u00e7\u00e3o ou \u00e1rea funcional de uma forma global ou uma iniciativa concreta.<\/p>\n\n\n\n<p><strong>Periodicidade<\/strong>: o Pr\u00e9mio Sa\u00fade Sustent\u00e1vel ter\u00e1 uma periodicidade anual;<\/p>\n\n\n\n<p><strong>Candidatos<\/strong>: qualquer entidade individual ou coletiva, p\u00fablica ou privada, que atue direta ou indiretamente na \u00e1rea da presta\u00e7\u00e3o de cuidados de sa\u00fade, sejam hospitalares, cuidados prim\u00e1rios, cuidados continuados, farm\u00e1cias, associa\u00e7\u00f5es, centros de reabilita\u00e7\u00e3o, centros de diagn\u00f3stico, empresas de medicina no trabalho;<\/p>\n\n\n\n<p><strong>Organiza\u00e7\u00e3o<\/strong>: o Jornal de Neg\u00f3cios e a Sanofi s\u00e3o as entidades respons\u00e1veis pela organiza\u00e7\u00e3o do pr\u00e9mio, promo\u00e7\u00e3o, fiscaliza\u00e7\u00e3o e orienta\u00e7\u00e3o dos procedimentos de candidatura;<\/p>\n\n\n\n<p><strong>Parceiros<\/strong>: a NTT DATA \u00e9 a entidade respons\u00e1vel pelo desenvolvimento da metodologia de avalia\u00e7\u00e3o das candidaturas;<\/p>\n\n\n\n<p><strong>J\u00fari:<\/strong> o J\u00fari do Pr\u00e9mio \u00e9 constitu\u00eddo por personalidades relevantes do meio empresarial, acad\u00e9mico e pol\u00edtico da sociedade portuguesa, selecionados de acordo com crit\u00e9rios de qualifica\u00e7\u00e3o e profissionalismo e isen\u00e7\u00e3o, genericamente reconhecidos.<\/p>\n\n\n\n<h3 class=\"wp-block-heading\"><strong>II. Candidaturas, elegibilidade e pr\u00e9mio<\/strong><\/h3>\n\n\n\n<p>O Pr\u00e9mio Sa\u00fade Sustent\u00e1vel, de car\u00e1cter anual, ter\u00e1 dois \u00e2mbitos: <strong>institucional <\/strong>e <strong>personalidade<\/strong>.<\/p>\n\n\n\n<p>I. No caso da <strong>distin\u00e7\u00e3o institucional,<\/strong> ser\u00e3o atribu\u00eddos cinco<strong> &#8220;Pr\u00e9mios Sa\u00fade Sustent\u00e1vel&#8221;<\/strong> correspondentes \u00e0s seguintes <strong>categorias<\/strong>:<\/p>\n\n\n\n<p><strong>Cuidados de Sa\u00fade Centrados no Cidad\u00e3o<\/strong>: Projetos centrados na democratiza\u00e7\u00e3o da sa\u00fade, promovendo o envolvimento e a participa\u00e7\u00e3o informada do Cidad\u00e3o ao longo do seu ciclo de vida. S\u00e3o privilegiadas as iniciativas com impacto na promo\u00e7\u00e3o da literacia em sa\u00fade, na acessibilidade e comunicabilidade entre os servi\u00e7os de Sa\u00fade e o Cidad\u00e3o e, por conseguinte, na satisfa\u00e7\u00e3o e experi\u00eancia do Cidad\u00e3o.<\/p>\n\n\n\n<p><strong><strong>Inova\u00e7\u00e3o em Sa\u00fade<\/strong><\/strong>: Projetos que se distingam pela capacidade de implementa\u00e7\u00e3o de ideias inovadoras e disruptivas para a resolu\u00e7\u00e3o de problemas no meio em que se enquadram e na sociedade em geral, contribuindo para a gera\u00e7\u00e3o de valor na sa\u00fade.<\/p>\n\n\n\n<p><strong><strong>Integra\u00e7\u00e3o e Continuidade de Cuidados<\/strong><\/strong>: Iniciativas que contribuam para a coordena\u00e7\u00e3o entre cuidados prestados a diferentes n\u00edveis, bem como para uma melhor gest\u00e3o da continuidade de presta\u00e7\u00e3o de cuidados. Ser\u00e3o distinguidos projetos que contribuam para uma maior integra\u00e7\u00e3o de informa\u00e7\u00e3o entre institui\u00e7\u00f5es, integra\u00e7\u00e3o entre servi\u00e7os e orienta\u00e7\u00e3o aos resultados, prevenindo a presta\u00e7\u00e3o de cuidados inadequados.<\/p>\n\n\n\n<p><strong><strong>Promo\u00e7\u00e3o da Sa\u00fade e Preven\u00e7\u00e3o da Doen\u00e7a<\/strong><\/strong>: Projetos centrados na sensibiliza\u00e7\u00e3o sobre a import\u00e2ncia dos cuidados de sa\u00fade e na dinamiza\u00e7\u00e3o\/ ado\u00e7\u00e3o de medidas preventivas com impacto na melhoria da qualidade de vida de doentes cr\u00f3nicos e na preven\u00e7\u00e3o de doen\u00e7as.<\/p>\n\n\n\n<p><strong><strong>Transforma\u00e7\u00e3o Digital<\/strong><\/strong>: Projetos com foco na melhoria da efici\u00eancia e efic\u00e1cia do trabalho dos profissionais de sa\u00fade, melhoria dos <em>outcomes<\/em> de sa\u00fade dos Cidad\u00e3os, ou otimiza\u00e7\u00e3o de custos atrav\u00e9s da introdu\u00e7\u00e3o de tecnologias e experi\u00eancias digitais.<\/p>\n\n\n\n<p>Qualquer entidade que preste cuidados de sa\u00fade em Portugal, quer p\u00fablica quer privada, individual, coletiva ou do sector social, \u00e9 convidada a participar no Pr\u00e9mio Sa\u00fade Sustent\u00e1vel. Cada entidade <strong>pode participar nas diversas categorias com um ou mais projetos, devendo, para cada projeto, selecionar a categoria a que concorre. Cada entidade, tendencialmente, s\u00f3 poder\u00e1 ser premiada uma vez. <\/strong>Caso entenda, o J\u00fari reserva-se ao direito de ajustar a categoria do projeto em concurso. <\/p>\n\n\n\n<p>S\u00e3o <strong>crit\u00e9rios de an\u00e1lise<\/strong> e avalia\u00e7\u00e3o das candidaturas os seguintes fatores:<\/p>\n\n\n\n<ul class=\"uk-list uk-list-disc wp-block-list\">\n<li><strong><strong>Ganhos em sa\u00fade<\/strong><\/strong>: Impacto na resposta aos desafios atuais em sa\u00fade atrav\u00e9s da melhoria de indicadores de sa\u00fade chave ou disponibiliza\u00e7\u00e3o de ferramentas adequadas para a medi\u00e7\u00e3o desses indicadores.<\/li>\n\n\n\n<li><strong><strong>Replicabilidade<\/strong><\/strong>: Potencial de mimetiza\u00e7\u00e3o do projeto desenvolvido noutras institui\u00e7\u00f5es ou contextos.<\/li>\n\n\n\n<li><strong><strong>Satisfa\u00e7\u00e3o dos Utentes<\/strong><\/strong>: Melhoria significativa da experi\u00eancia\/ satisfa\u00e7\u00e3o dos Utentes no acesso e na utiliza\u00e7\u00e3o dos servi\u00e7os de sa\u00fade.<\/li>\n\n\n\n<li><strong><strong>Sustentabilidade Ambiental<\/strong><\/strong>: Promo\u00e7\u00e3o da sustentabilidade ambiental atrav\u00e9s da preocupa\u00e7\u00e3o n\u00e3o s\u00f3 com o presente, mas com a qualidade de vida das gera\u00e7\u00f5es futuras.<\/li>\n\n\n\n<li><strong><strong>Sustentabilidade Econ\u00f3mica<\/strong><\/strong>: Impacto da implementa\u00e7\u00e3o do projeto em termos de ganhos de efici\u00eancia, poupan\u00e7as, redu\u00e7\u00e3o de despesas ou redu\u00e7\u00e3o de desperd\u00edcio.<\/li>\n<\/ul>\n\n\n\n<p>O <strong>Pr\u00e9mio Sa\u00fade Sustent\u00e1vel,<\/strong> ser\u00e1 atribu\u00eddo, por categoria, ao projeto que, tendo em conta as pontua\u00e7\u00f5es nos<strong> crit\u00e9rios de an\u00e1lise <\/strong><em>(vide: III. Metodologia)<\/em>, apresenta a <strong>pontua\u00e7\u00e3o total mais alta<\/strong>.<\/p>\n\n\n\n<p>Poder\u00e3o tamb\u00e9m ser atribu\u00eddas <strong>Men\u00e7\u00f5es Honrosas<\/strong> a <strong>projetos que se destaquem pela sua excel\u00eancia<\/strong>, apesar de n\u00e3o terem vencido a categoria a que se candidataram.<\/p>\n\n\n\n<p>II. No caso da <strong>distin\u00e7\u00e3o personalidade<\/strong>, existe um pr\u00e9mio \u2013 <strong>\u201cPr\u00e9mio Personalidade Sa\u00fade Sustent\u00e1vel\u201d<\/strong>. O J\u00fari identifica e premeia a personalidade com maior destaque e relevo na promo\u00e7\u00e3o de pr\u00e1ticas sustent\u00e1veis na \u00e1rea da sa\u00fade. <strong>Distin\u00e7\u00e3o<\/strong> <strong>n\u00e3o sujeita a candidatura<\/strong>.<\/p>\n\n\n\n<h3 class=\"wp-block-heading\"><strong>III. Metodologia<\/strong><\/h3>\n\n\n\n<p>A metodologia de avalia\u00e7\u00e3o dos pr\u00e9mios institucionais est\u00e1 dividida em <strong>tr\u00eas fases<\/strong>:<\/p>\n\n\n\n<p><strong>Fase 1: Resposta a um formul\u00e1rio de candidatura at\u00e9 22 de maio de 2023<\/strong> <\/p>\n\n\n\n<p>Trata-se de um conjunto de <strong>quest\u00f5es abertas <\/strong>que ser\u00e3o colocadas aos candidatos, que permitem uma <strong>descri\u00e7\u00e3o e fundamenta\u00e7\u00e3o detalhada dos projetos selecionados, <\/strong>da forma como estes contribuem para os diferentes crit\u00e9rios de an\u00e1lise e demonstrando quais os indicadores usados para medir o sucesso da iniciativa.<\/p>\n\n\n\n<p><strong>Fase 2: Avalia\u00e7\u00e3o do J\u00fari<\/strong><\/p>\n\n\n\n<p>O J\u00fari avaliar\u00e1 cada candidatura e classificar\u00e1, numa escala de 1 a 10 a sua excel\u00eancia de acordo com os crit\u00e9rios acima enunciados. Ap\u00f3s avalia\u00e7\u00e3o ponderada das classifica\u00e7\u00f5es atribu\u00eddas, ser\u00e1 elencada a lista de finalistas que transitam para a Fase 2.<\/p>\n\n\n\n<p>No preenchimento do formul\u00e1rio, o candidato deve <strong>explicitar a que categoria do Pr\u00e9mio Sa\u00fade Sustent\u00e1vel se candidata.<\/strong>&nbsp;<\/p>\n\n\n\n<p>A candidatura do projeto ser\u00e1 triada segundo os <strong>requisitos m\u00ednimos de elegibilidade<\/strong> ao Pr\u00e9mio Sa\u00fade Sustent\u00e1vel, sendo eles:<\/p>\n\n\n\n<ul class=\"wp-block-list\">\n<li>Estrutura\/Organiza\u00e7\u00e3o dos Conte\u00fados;<\/li>\n\n\n\n<li>Alinhamento com os crit\u00e9rios de sustentabilidade;<\/li>\n\n\n\n<li>Enquadramento na(s) \u00e1rea(s) tem\u00e1tica(s) a que se candidata;<\/li>\n\n\n\n<li>Inova\u00e7\u00e3o\/Import\u00e2ncia Estrat\u00e9gica.<\/li>\n<\/ul>\n\n\n\n<p>O J\u00fari avaliar\u00e1 cada candidatura que <strong>cumpre os requisitos m\u00ednimos de elegibilidade<\/strong> e classificar\u00e1 os diferentes projetos de acordo com os <strong>crit\u00e9rios de an\u00e1lise<\/strong> enunciados na metodologia:<\/p>\n\n\n\n<ul class=\"wp-block-list\">\n<li>Ganhos em sa\u00fade;<\/li>\n\n\n\n<li>Satisfa\u00e7\u00e3o dos Utentes;<\/li>\n\n\n\n<li>Sustentabilidade Econ\u00f3mica;<\/li>\n\n\n\n<li>Sustentabilidade Ambiental;<\/li>\n\n\n\n<li>Replicabilidade.<\/li>\n<\/ul>\n\n\n\n<p>Os candidatos devem, sempre que poss\u00edvel, incluir indicadores que permitam medir o sucesso do projeto em cada um dos crit\u00e9rios de an\u00e1lise. <strong>Os projetos que apresentem informa\u00e7\u00e3o que permita medir o impacto em cada uma das dimens\u00f5es anteriores ser\u00e3o privilegiados face a outros que n\u00e3o apresentem qualquer informa\u00e7\u00e3o<\/strong>.Recomenda-se aos candidatos que apresentem toda a informa\u00e7\u00e3o dispon\u00edvel sobre o projeto no formul\u00e1rio de candidatura inicial, tal que os projetos consigam ser justamente avaliados.<\/p>\n\n\n\n<p>Desta avalia\u00e7\u00e3o resultar\u00e1 uma <em>short list<\/em> de candidatos (m\u00e1ximo 3 por categoria), que ser\u00e3o convidados a participar na fase 2 da metodologia e cuja comunica\u00e7\u00e3o desta ser\u00e1 efetuada at\u00e9 <strong>12 de julho de 2023<\/strong>.<\/p>\n\n\n\n<p><strong>Fase 3: <em>Pitches<\/em> dos Finalistas perante o J\u00fari<\/strong><\/p>\n\n\n\n<p>Trata-se de uma apresenta\u00e7\u00e3o dos finalistas selecionados pelo j\u00fari do pr\u00e9mio e ficar\u00e3o, simultaneamente, eleg\u00edveis para a atribui\u00e7\u00e3o de <strong>Men\u00e7\u00f5es Honrosas<\/strong>.<\/p>\n\n\n\n<p>Os <em>pitches<\/em> consistem numa oportunidade de o J\u00fari contactar diretamente com os diferentes candidatos e estes darem a conhecer o projeto de forma mais personalizada. Estes consistir\u00e3o numa <strong>apresenta\u00e7\u00e3o<\/strong> <strong>breve do projeto<\/strong> e de um momento de <strong>perguntas e respostas<\/strong>.<\/p>\n\n\n\n<p>Esta sess\u00e3o de apresenta\u00e7\u00e3o de <em>pitches<\/em> ter\u00e1 lugar no dia <strong>12 de setembro de 2023<\/strong>, em formato a anunciar aos finalistas.<\/p>\n\n\n\n<p>Findo este tr\u00e2mite ser\u00e1 tomada uma decis\u00e3o sobre a atribui\u00e7\u00e3o dos pr\u00e9mios.<\/p>\n\n\n\n<p><strong>Sess\u00e3o final: Apresenta\u00e7\u00e3o p\u00fablica e cerim\u00f3nia de entrega de pr\u00e9mios.<\/strong><\/p>\n\n\n\n<p>Esta cerim\u00f3nia ter\u00e1 lugar dia 25 de outubro, em local e hora a anunciar.<\/p>\n\n\n\n<h3 class=\"wp-block-heading\"><strong>IV. <strong>Princ\u00edpios orientadores<\/strong><\/strong><\/h3>\n\n\n\n<p>Os princ\u00edpios orientadores na defini\u00e7\u00e3o da metodologia s\u00e3o os seguintes:<\/p>\n\n\n\n<ul class=\"wp-block-list\">\n<li><strong>Rigor e comparabilidade: <\/strong>um modelo de avalia\u00e7\u00e3o assente em crit\u00e9rios objetivos assegura a validade e comparabilidade da informa\u00e7\u00e3o.<\/li>\n\n\n\n<li><strong>Flexibilidade: <\/strong>quest\u00f5es abertas permitem analisar diferentes tipos de candidatos e aferir iniciativas implementadas e seus resultados.<\/li>\n\n\n\n<li><strong>Facilidade de candidatura: <\/strong>numa primeira fase, a informa\u00e7\u00e3o solicitada \u00e9 bastante sucinta, sendo pedido um maior detalhe apenas aos candidatos integrantes da <em>short list<\/em>, isto \u00e9, com uma probabilidade de sucesso aumentada. Em ambas as fases, as quest\u00f5es s\u00e3o abertas, permitindo flexibilidade e aproveitamento de conte\u00fados j\u00e1 existentes por parte do candidato.<\/li>\n<\/ul>\n\n\n\n<h3 class=\"wp-block-heading\"><strong>V. <strong>Composi\u00e7\u00e3o do J\u00fari<\/strong><\/strong><\/h3>\n\n\n\n<p><strong><strong>Presidente honor\u00e1rio<\/strong><\/strong><\/p>\n\n\n\n<ul class=\"wp-block-list\">\n<li><strong>Maria de Bel\u00e9m Roseira,<\/strong> Ex-Ministra da Sa\u00fade<\/li>\n<\/ul>\n\n\n\n<p><strong><strong>Membros do J\u00fari<\/strong><\/strong><\/p>\n\n\n\n<ul class=\"wp-block-list\">\n<li><strong>Diana Ramos<\/strong>, Diretora, Jornal de Neg\u00f3cios<\/li>\n\n\n\n<li><strong>Helena Freitas<\/strong>, Country Lead, Sanofi Portugal<\/li>\n\n\n\n<li><strong>Adalberto Campos Fernandes<\/strong>, Ex-Ministro da Sa\u00fade<\/li>\n\n\n\n<li><strong>Ant\u00f3nio Couto dos Santos<\/strong>, Ex-Ministro da Educa\u00e7\u00e3o<\/li>\n\n\n\n<li><strong>Carlos Cortes<\/strong>, Baston\u00e1rio, Ordem dos M\u00e9dicos<\/li>\n\n\n\n<li><strong>Ema Paulino<\/strong>, Presidente, Associa\u00e7\u00e3o Nacional das Farm\u00e1cias<\/li>\n\n\n\n<li><strong>Eurico Castro Alves,<\/strong> Presidente, Comiss\u00e3o Organizadora da Conven\u00e7\u00e3o Nacional de Sa\u00fade<\/li>\n\n\n\n<li><strong>Francisco Ramos, <\/strong>Professor Associado Convidado, Escola Nacional de Sa\u00fade P\u00fablica<\/li>\n\n\n\n<li><strong>Heitor Costa<\/strong>, Diretor Executivo, Apifarma<\/li>\n\n\n\n<li><strong>H\u00e9lder Mota Filipe<\/strong>, Baston\u00e1rio, Ordem dos Farmac\u00eauticos<\/li>\n\n\n\n<li><strong>Jos\u00e9 Luis Biscaia<\/strong>, M\u00e9dico de Fam\u00edlia, Diretor Executivo AceS BM<\/li>\n\n\n\n<li><strong>Jos\u00e9 Mendes Ribeiro<\/strong>, Economista, ISEG<\/li>\n\n\n\n<li><strong>Manuel de Lemos<\/strong>, Presidente, Uni\u00e3o das Miseric\u00f3rdias Portuguesas<\/li>\n\n\n\n<li><strong>Maria Ant\u00f3nia Almeida Santos<\/strong>, Deputada, Assembleia da Rep\u00fablica<\/li>\n\n\n\n<li><strong>Maria do C\u00e9u Machado<\/strong>, Professora, Faculdade de Medicina da Universidade de Lisboa<\/li>\n\n\n\n<li><strong>Ricardo Baptista Leite,<\/strong> Deputado PSD e Head of Public Health Instituto Ci\u00eancias da Sa\u00fade da Universidade Cat\u00f3lica Portuguesa.<\/li>\n\n\n\n<li><strong>Xavier Barreto<\/strong>, Presidente da Dire\u00e7\u00e3o, APAH.<\/li>\n<\/ul>\n\n\n\n<h3 class=\"wp-block-heading\"><strong>VI. <strong>Termos Gerais<\/strong><\/strong><\/h3>\n\n\n\n<p>Os Candidatos comprometem-se disponibilizar as informa\u00e7\u00f5es solicitadas pelo J\u00fari sempre que solicitado e eventualmente a apresentar o seu projeto em reuni\u00e3o com o J\u00fari.<\/p>\n\n\n\n<p>Os dados fornecidos no \u00e2mbito das candidaturas, bem como eventual material de suporte, ser\u00e3o mantidos em confidencialidade absoluta e apenas utilizados pela Organiza\u00e7\u00e3o e pelo J\u00fari no \u00e2mbito da iniciativa.<\/p>\n\n\n\n<p>As candidaturas n\u00e3o dever\u00e3o, por\u00e9m, conter informa\u00e7\u00e3o t\u00e9cnica, cient\u00edfica ou outra que possa ser considerada sigilosa do ponto de vista da prote\u00e7\u00e3o da propriedade intelectual ou informa\u00e7\u00e3o pessoal que possa colocar em causa a prote\u00e7\u00e3o dos dados pessoais.<\/p>\n\n\n\n<p>Reserva-se a organiza\u00e7\u00e3o o direito de modificar o presente regulamento, bem como a composi\u00e7\u00e3o do J\u00fari, por motivos de for\u00e7a maior.<\/p>\n\n\n\n<p>A organiza\u00e7\u00e3o disponibiliza-se a responder a todas as quest\u00f5es e d\u00favidas sobre o pr\u00e9mio, sempre que enviadas atrav\u00e9s do e-mail: <a href=\"mailto:saudesustentavel@cofina.pt\">saudesustentavel@cofina.pt<\/a>.<\/p>\n\n\n\n<a class=\"uk-button uk-button-large uk-button-primary\" href=\"https:\/\/cdn.xl.pt\/bs\/uploads\/sites\/17\/2023\/03\/PremioSS-2023-Regulamento-v4.0.pdf\" target=\"_blank\" rel=\"noopener\"><span data-uk-icon=\"cloud-download\"><\/span> Regulamento(PDF)<\/a>\n","protected":false},"excerpt":{"rendered":"<p>Pre\u00e2mbulo A Sanofi e o Jornal de Neg\u00f3cios lan\u00e7am a 12\u00aa edi\u00e7\u00e3o do Pr\u00e9mio Sa\u00fade Sustent\u00e1vel.O Pr\u00e9mio conta com a parceria da NTT DATA, respons\u00e1vel pelo desenvolvimento da metodologia de avalia\u00e7\u00e3o.O presente Regulamento explicita o objetivo do Pr\u00e9mio, bem como o processo de candidaturas e os pr\u00e9mios que lhe est\u00e3o associados. I. Defini\u00e7\u00f5es Pr\u00e9mio Sa\u00fade [&hellip;]<\/p>\n","protected":false},"author":5,"featured_media":0,"parent":0,"menu_order":0,"comment_status":"closed","ping_status":"closed","template":"","meta":{"footnotes":""},"class_list":["post-1574","page","type-page","status-publish","hentry"],"_links":{"self":[{"href":"https:\/\/bs.xl.pt\/premio-saude-sustentavel\/wp-json\/wp\/v2\/pages\/1574","targetHints":{"allow":["GET"]}}],"collection":[{"href":"https:\/\/bs.xl.pt\/premio-saude-sustentavel\/wp-json\/wp\/v2\/pages"}],"about":[{"href":"https:\/\/bs.xl.pt\/premio-saude-sustentavel\/wp-json\/wp\/v2\/types\/page"}],"author":[{"embeddable":true,"href":"https:\/\/bs.xl.pt\/premio-saude-sustentavel\/wp-json\/wp\/v2\/users\/5"}],"replies":[{"embeddable":true,"href":"https:\/\/bs.xl.pt\/premio-saude-sustentavel\/wp-json\/wp\/v2\/comments?post=1574"}],"version-history":[{"count":27,"href":"https:\/\/bs.xl.pt\/premio-saude-sustentavel\/wp-json\/wp\/v2\/pages\/1574\/revisions"}],"predecessor-version":[{"id":2431,"href":"https:\/\/bs.xl.pt\/premio-saude-sustentavel\/wp-json\/wp\/v2\/pages\/1574\/revisions\/2431"}],"wp:attachment":[{"href":"https:\/\/bs.xl.pt\/premio-saude-sustentavel\/wp-json\/wp\/v2\/media?parent=1574"}],"curies":[{"name":"wp","href":"https:\/\/api.w.org\/{rel}","templated":true}]}}