{"id":515,"date":"2021-05-25T14:35:09","date_gmt":"2021-05-25T14:35:09","guid":{"rendered":"http:\/\/bs.xl.pt\/premio-saude-sustentavel\/?page_id=515"},"modified":"2021-05-25T14:41:47","modified_gmt":"2021-05-25T14:41:47","slug":"6a-edicao-2017","status":"publish","type":"page","link":"https:\/\/bs.xl.pt\/premio-saude-sustentavel\/vencedores\/6a-edicao-2017\/","title":{"rendered":"6\u00aa Edi\u00e7\u00e3o &#8211; 2017"},"content":{"rendered":"\n<div class=\"wp-block-group\"><div class=\"wp-block-group__inner-container is-layout-flow wp-block-group-is-layout-flow\">\n<h2 class=\"wp-block-heading\">Personalidade do Ano<\/h2>\n\n\n\n<h4 class=\"uk-margin-small-bottom uk-margin-remove-adjacent wp-block-heading\">Vencedor<\/h4>\n\n\n\n<p>Professor Doutor Francisco George<\/p>\n\n\n<div class=\"uk-inline\"><img decoding=\"async\" src=\"https:\/\/cdn.xl.pt\/bs\/uploads\/sites\/17\/2021\/05\/IGL7887-1200x630.jpg\" alt=\"6\u00aa Edi\u00e7\u00e3o &#8211; 2017 | Pr\u00e9mio Sa\u00fade Sustent\u00e1vel\" loading=\"lazy\" \/><\/div><p class=\"uk-hidden@s uk-text-small uk-text-muted uk-margin-small-top uk-margin-medium-bottom uk-text-left\"><\/p>\n<\/div><\/div>\n\n\n\n<div class=\"wp-block-group\"><div class=\"wp-block-group__inner-container is-layout-flow wp-block-group-is-layout-flow\">\n<h2 class=\"wp-block-heading\">Vencedores<\/h2>\n\n\n\n<div class=\"wp-block-columns is-layout-flex wp-container-core-columns-is-layout-9d6595d7 wp-block-columns-is-layout-flex\">\n<div class=\"wp-block-column is-layout-flow wp-block-column-is-layout-flow\">\n<h4 class=\"uk-margin-small-bottom uk-margin-remove-adjacent wp-block-heading\">Cuidados Continuados<\/h4>\n\n\n\n<p>Bem-Humanizar<\/p>\n\n\n<div class=\"uk-margin-medium\"><iframe width=\"1280\" height=\"720\" src=\"\/\/www.youtube.com\/embed\/wVZIdf8OYu0?showinfo=0\" frameborder=\"0\" allowfullscreen data-uk-responsive loading=\"lazy\" referrerpolicy=\"no-referrer-when-downgrade\" title=\"\"><\/iframe><\/div>\n<\/div>\n\n\n\n<div class=\"wp-block-column is-layout-flow wp-block-column-is-layout-flow\">\n<h4 class=\"uk-margin-small-bottom uk-margin-remove-adjacent wp-block-heading\">Cuidados Prim\u00e1rios<\/h4>\n\n\n\n<p>Farm\u00e1cia da Cumieira<\/p>\n\n\n<div class=\"uk-margin-medium\"><iframe width=\"1280\" height=\"720\" src=\"\/\/www.youtube.com\/embed\/fAWnl3HKJf0?showinfo=0\" frameborder=\"0\" allowfullscreen data-uk-responsive loading=\"lazy\" referrerpolicy=\"no-referrer-when-downgrade\" title=\"\"><\/iframe><\/div>\n<\/div>\n<\/div>\n\n\n\n<div class=\"wp-block-columns is-layout-flex wp-container-core-columns-is-layout-9d6595d7 wp-block-columns-is-layout-flex\">\n<div class=\"wp-block-column is-layout-flow wp-block-column-is-layout-flow\">\n<h4 class=\"uk-margin-small-bottom uk-margin-remove-adjacent wp-block-heading\">Cuidados Hospitalares<\/h4>\n\n\n\n<p>Hospital Distrital de Santar\u00e9m<\/p>\n\n\n<div class=\"uk-margin-medium\"><iframe width=\"1280\" height=\"720\" src=\"\/\/www.youtube.com\/embed\/bplsw38PsNc?showinfo=0\" frameborder=\"0\" allowfullscreen data-uk-responsive loading=\"lazy\" referrerpolicy=\"no-referrer-when-downgrade\" title=\"\"><\/iframe><\/div>\n<\/div>\n\n\n\n<div class=\"wp-block-column is-layout-flow wp-block-column-is-layout-flow\">\n<h4 class=\"uk-margin-small-bottom uk-margin-remove-adjacent wp-block-heading\">Projetos Especiais Integrados<\/h4>\n\n\n\n<p>Rar\u00edssimas<\/p>\n\n\n<div class=\"uk-margin-medium\"><iframe width=\"1280\" height=\"720\" src=\"\/\/www.youtube.com\/embed\/_jivIxvGrJ4?showinfo=0\" frameborder=\"0\" allowfullscreen data-uk-responsive loading=\"lazy\" referrerpolicy=\"no-referrer-when-downgrade\" title=\"\"><\/iframe><\/div>\n<\/div>\n<\/div>\n<\/div><\/div>\n\n\n\n<div class=\"wp-block-group\"><div class=\"wp-block-group__inner-container is-layout-flow wp-block-group-is-layout-flow\">\n<h2 class=\"wp-block-heading\">Men\u00e7\u00f5es Honrosas<\/h2>\n\n\n\n<div class=\"wp-block-columns is-layout-flex wp-container-core-columns-is-layout-9d6595d7 wp-block-columns-is-layout-flex\">\n<div class=\"wp-block-column is-layout-flow wp-block-column-is-layout-flow\">\n<h4 class=\"uk-margin-small-bottom uk-margin-remove-adjacent wp-block-heading\">Qualidade Cl\u00ednica e Resultados em Sa\u00fade<\/h4>\n\n\n\n<p>Instituto Portugu\u00eas de Oncologia do Porto<\/p>\n\n\n<div class=\"uk-margin-medium\"><iframe width=\"1280\" height=\"720\" src=\"\/\/www.youtube.com\/embed\/9osjwrALk_M?showinfo=0\" frameborder=\"0\" allowfullscreen data-uk-responsive loading=\"lazy\" referrerpolicy=\"no-referrer-when-downgrade\" title=\"\"><\/iframe><\/div>\n<\/div>\n\n\n\n<div class=\"wp-block-column is-layout-flow wp-block-column-is-layout-flow\">\n<h4 class=\"uk-margin-small-bottom uk-margin-remove-adjacent wp-block-heading\">Sustentabilidade Econ\u00f3mica-Financeira<\/h4>\n\n\n\n<p>Associa\u00e7\u00e3o Dignitude<\/p>\n\n\n<div class=\"uk-margin-medium\"><iframe width=\"1280\" height=\"720\" src=\"\/\/www.youtube.com\/embed\/OCpUrqJdGE4?showinfo=0\" frameborder=\"0\" allowfullscreen data-uk-responsive loading=\"lazy\" referrerpolicy=\"no-referrer-when-downgrade\" title=\"\"><\/iframe><\/div>\n<\/div>\n\n\n\n<div class=\"wp-block-column is-layout-flow wp-block-column-is-layout-flow\">\n<h4 class=\"uk-margin-small-bottom uk-margin-remove-adjacent wp-block-heading\">Responsabilidade Ambiental<\/h4>\n\n\n\n<p>Centro Social Paroquial de Ribeir\u00e3o<\/p>\n\n\n<div class=\"uk-margin-medium\"><iframe width=\"1280\" height=\"720\" src=\"\/\/www.youtube.com\/embed\/u33pzQrMcY0?showinfo=0\" frameborder=\"0\" allowfullscreen data-uk-responsive loading=\"lazy\" referrerpolicy=\"no-referrer-when-downgrade\" title=\"\"><\/iframe><\/div>\n<\/div>\n<\/div>\n\n\n\n<div class=\"wp-block-columns is-layout-flex wp-container-core-columns-is-layout-9d6595d7 wp-block-columns-is-layout-flex\">\n<div class=\"wp-block-column is-layout-flow wp-block-column-is-layout-flow\">\n<h4 class=\"uk-margin-small-bottom uk-margin-remove-adjacent wp-block-heading\">Inova\u00e7\u00e3o e Tecnologias na Sa\u00fade<\/h4>\n\n\n\n<p>Hospital de Cascais \u2013 Lus\u00edadas Sa\u00fade<\/p>\n\n\n<div class=\"uk-margin-medium\"><iframe width=\"1280\" height=\"720\" src=\"\/\/www.youtube.com\/embed\/t3YclRZWStw?showinfo=0\" frameborder=\"0\" allowfullscreen data-uk-responsive loading=\"lazy\" referrerpolicy=\"no-referrer-when-downgrade\" title=\"\"><\/iframe><\/div>\n<\/div>\n\n\n\n<div class=\"wp-block-column is-layout-flow wp-block-column-is-layout-flow\">\n<h4 class=\"uk-margin-small-bottom uk-margin-remove-adjacent wp-block-heading\">Experi\u00eancia do Cidad\u00e3o<\/h4>\n\n\n\n<p>Hospital de Braga<\/p>\n\n\n<div class=\"uk-margin-medium\"><iframe width=\"1280\" height=\"720\" src=\"\/\/www.youtube.com\/embed\/_k1eQsisPfg?showinfo=0\" frameborder=\"0\" allowfullscreen data-uk-responsive loading=\"lazy\" referrerpolicy=\"no-referrer-when-downgrade\" title=\"\"><\/iframe><\/div>\n<\/div>\n<\/div>\n<\/div><\/div>\n","protected":false},"excerpt":{"rendered":"<p>Personalidade do Ano Vencedor Professor Doutor Francisco George Vencedores Cuidados Continuados Bem-Humanizar Cuidados Prim\u00e1rios Farm\u00e1cia da Cumieira Cuidados Hospitalares Hospital Distrital de Santar\u00e9m Projetos Especiais Integrados Rar\u00edssimas Men\u00e7\u00f5es Honrosas Qualidade Cl\u00ednica e Resultados em Sa\u00fade Instituto Portugu\u00eas de Oncologia do Porto Sustentabilidade Econ\u00f3mica-Financeira Associa\u00e7\u00e3o Dignitude Responsabilidade Ambiental Centro Social Paroquial de Ribeir\u00e3o Inova\u00e7\u00e3o e Tecnologias [&hellip;]<\/p>\n","protected":false},"author":5,"featured_media":0,"parent":335,"menu_order":0,"comment_status":"closed","ping_status":"closed","template":"page_for-vencedores.php","meta":{"footnotes":""},"class_list":["post-515","page","type-page","status-publish","hentry"],"_links":{"self":[{"href":"https:\/\/bs.xl.pt\/premio-saude-sustentavel\/wp-json\/wp\/v2\/pages\/515","targetHints":{"allow":["GET"]}}],"collection":[{"href":"https:\/\/bs.xl.pt\/premio-saude-sustentavel\/wp-json\/wp\/v2\/pages"}],"about":[{"href":"https:\/\/bs.xl.pt\/premio-saude-sustentavel\/wp-json\/wp\/v2\/types\/page"}],"author":[{"embeddable":true,"href":"https:\/\/bs.xl.pt\/premio-saude-sustentavel\/wp-json\/wp\/v2\/users\/5"}],"replies":[{"embeddable":true,"href":"https:\/\/bs.xl.pt\/premio-saude-sustentavel\/wp-json\/wp\/v2\/comments?post=515"}],"version-history":[{"count":5,"href":"https:\/\/bs.xl.pt\/premio-saude-sustentavel\/wp-json\/wp\/v2\/pages\/515\/revisions"}],"predecessor-version":[{"id":536,"href":"https:\/\/bs.xl.pt\/premio-saude-sustentavel\/wp-json\/wp\/v2\/pages\/515\/revisions\/536"}],"up":[{"embeddable":true,"href":"https:\/\/bs.xl.pt\/premio-saude-sustentavel\/wp-json\/wp\/v2\/pages\/335"}],"wp:attachment":[{"href":"https:\/\/bs.xl.pt\/premio-saude-sustentavel\/wp-json\/wp\/v2\/media?parent=515"}],"curies":[{"name":"wp","href":"https:\/\/api.w.org\/{rel}","templated":true}]}}