{"id":99,"date":"2026-03-16T11:13:09","date_gmt":"2026-03-16T11:13:09","guid":{"rendered":"https:\/\/bs.xl.pt\/saude-alteracoes-climaticas\/?post_type=videocasts&#038;p=99"},"modified":"2026-03-17T13:43:23","modified_gmt":"2026-03-17T13:43:23","slug":"paulo-artaxo","status":"publish","type":"videocasts","link":"https:\/\/bs.xl.pt\/saude-alteracoes-climaticas\/videocasts\/paulo-artaxo\/","title":{"rendered":"Paulo Artaxo"},"content":{"rendered":"\n<p>As altera\u00e7\u00f5es clim\u00e1ticas deixaram de ser apenas um problema ambiental ou energ\u00e9tico e s\u00e3o cada vez mais um desafio de sa\u00fade p\u00fablica. Essa foi uma das mensagens centrais deixadas por Paulo Artaxo, cientista de refer\u00eancia na \u00e1rea do clima e professor do Instituto de F\u00edsica da Universidade de S\u00e3o Paulo, durante a Confer\u00eancia sobre Sa\u00fade e Altera\u00e7\u00f5es Clim\u00e1ticas, organizada pela Multicare no TIC \u2013 T\u00e9cnico Innovation Center, em Lisboa.<\/p>\n\n\n\n<p>Em entrevista, este investigador tornou clara a rela\u00e7\u00e3o entre clima e sa\u00fade: \u201cAs mudan\u00e7as clim\u00e1ticas como um todo ter\u00e3o um enorme impacto sobre a sa\u00fade de v\u00e1rios pontos de vista\u201d, afirma. Entre os fatores mais preocupantes est\u00e1 o aumento das temperaturas extremas: \u201cO aumento de ondas de calor \u00e9 a maior causa de mortalidade devido ao impacto das mudan\u00e7as clim\u00e1ticas\u201d.<\/p>\n\n\n\n<h2 class=\"wp-block-heading\"><strong>Mais fen\u00f3menos extremos e doen\u00e7as<\/strong><\/h2>\n\n\n\n<p>Os dados mais recentes confirmam essa tend\u00eancia. Segundo estudos cient\u00edficos citados por Paulo Artaxo, as ondas de calor registadas na Europa em 2023 provocaram cerca de 70 mil mortes. As popula\u00e7\u00f5es mais vulner\u00e1veis \u2014 idosos, crian\u00e7as ou pessoas com doen\u00e7as cardiovasculares \u2014 s\u00e3o as mais afetadas por estes epis\u00f3dios de calor extremo.<\/p>\n\n\n\n<p>Mas os riscos n\u00e3o se limitam \u00e0s ondas de calor. O cientista destaca tamb\u00e9m o impacto do aumento dos fen\u00f3menos extremos e das doen\u00e7as infecciosas: \u201cEstamos a ver mais enchentes, mais eventos clim\u00e1ticos extremos e o aumento da propaga\u00e7\u00e3o de doen\u00e7as trazidos por insetos, como o dengue\u201d.<\/p>\n\n\n\n<p>Com a altera\u00e7\u00e3o dos padr\u00f5es clim\u00e1ticos, estes vetores expandem a sua presen\u00e7a geogr\u00e1fica, o que pode trazer para novas regi\u00f5es doen\u00e7as antes consideradas tropicais.<\/p>\n\n\n\n<p>Neste contexto, Artaxo defende que a literacia em sa\u00fade se torna essencial para preparar as sociedades para estes novos riscos. \u201cInvestir em educa\u00e7\u00e3o para a popula\u00e7\u00e3o, alertando sobre os impactos das mudan\u00e7as clim\u00e1ticas na sa\u00fade, \u00e9 uma tarefa absolutamente essencial\u201d, sublinha. Para o investigador, o clima j\u00e1 mudou e com ele mudou tamb\u00e9m a incid\u00eancia de doen\u00e7as em v\u00e1rias regi\u00f5es do mundo, incluindo na Europa.<\/p>\n","protected":false},"excerpt":{"rendered":"<p>Em entrevista durante a Confer\u00eancia Sa\u00fade e Altera\u00e7\u00f5es Clim\u00e1ticas, o cientista brasileiro Paulo Artaxo, professor da Universidade de S\u00e3o Paulo, sublinha que eventos extremos, como ondas de calor e a expans\u00e3o de doen\u00e7as transmitidas por insetos, j\u00e1 est\u00e3o a alterar o perfil de risco sanit\u00e1rio em todo o mundo.<\/p>\n","protected":false},"featured_media":102,"template":"","meta":[],"categories":[15],"tags":[12],"class_list":["post-99","videocasts","type-videocasts","status-publish","has-post-thumbnail","hentry","category-a-conversa-com","tag-paulo-artaxo"],"_links":{"self":[{"href":"https:\/\/bs.xl.pt\/saude-alteracoes-climaticas\/wp-json\/wp\/v2\/videocasts\/99","targetHints":{"allow":["GET"]}}],"collection":[{"href":"https:\/\/bs.xl.pt\/saude-alteracoes-climaticas\/wp-json\/wp\/v2\/videocasts"}],"about":[{"href":"https:\/\/bs.xl.pt\/saude-alteracoes-climaticas\/wp-json\/wp\/v2\/types\/videocasts"}],"wp:featuredmedia":[{"embeddable":true,"href":"https:\/\/bs.xl.pt\/saude-alteracoes-climaticas\/wp-json\/wp\/v2\/media\/102"}],"wp:attachment":[{"href":"https:\/\/bs.xl.pt\/saude-alteracoes-climaticas\/wp-json\/wp\/v2\/media?parent=99"}],"wp:term":[{"taxonomy":"category","embeddable":true,"href":"https:\/\/bs.xl.pt\/saude-alteracoes-climaticas\/wp-json\/wp\/v2\/categories?post=99"},{"taxonomy":"post_tag","embeddable":true,"href":"https:\/\/bs.xl.pt\/saude-alteracoes-climaticas\/wp-json\/wp\/v2\/tags?post=99"}],"curies":[{"name":"wp","href":"https:\/\/api.w.org\/{rel}","templated":true}]}}