{"id":2213,"date":"2022-03-29T19:26:01","date_gmt":"2022-03-29T18:26:01","guid":{"rendered":"https:\/\/bs.xl.pt\/sustentabilidade-2030\/?post_type=seminars&#038;p=2213"},"modified":"2023-09-22T18:39:43","modified_gmt":"2023-09-22T17:39:43","slug":"conferencia-2021-22","status":"publish","type":"seminars","link":"https:\/\/bs.xl.pt\/sustentabilidade-2030\/seminars\/conferencia-2021-22\/","title":{"rendered":"Confer\u00eancia"},"content":{"rendered":"\n<div class=\"wp-block-group\"><div class=\"wp-block-group__inner-container is-layout-flow wp-block-group-is-layout-flow\">\n<h2 class=\"wp-block-heading\">Grande Confer\u00eancia Neg\u00f3cios Sustentabilidade 20 | 30<\/h2>\n\n\n\n<p>O Jornal de Neg\u00f3cios lan\u00e7ou, em 2020, a sua maior iniciativa nos seus mais de 20 anos de exist\u00eancia: O&nbsp;<strong>\u201cNeg\u00f3cios Sustentabilidade 20 | 30\u201d<\/strong>.<\/p>\n\n\n\n<p>Nos dias&nbsp;<strong>7 e 8 de abril, no&nbsp;<a rel=\"noreferrer noopener\" href=\"https:\/\/g.page\/pestana-cidadela-cascais-cascais?share\" target=\"_blank\"><strong>Pestana Cidadela Cascais<\/strong><\/a><\/strong>&nbsp;promovemos a Grande Confer\u00eancia, bem como vamos anunciar os vencedores das 8 categorias ESG ao&nbsp;<strong>\u00abPr\u00e9mio Nacional de Sustentabilidade\u00bb<\/strong>. Num ano particularmente exigente para o futuro da humanidade, o debate e o reconhecimento dos melhores exemplos da Sustentabilidade \u00e9 um imperativo.<\/p>\n<\/div><\/div>\n\n\n\n<div class=\"wp-block-group\"><div class=\"wp-block-group__inner-container is-layout-flow wp-block-group-is-layout-flow\">\n<h2 class=\"wp-block-heading\">Keynotes e pain\u00e9is tem\u00e1ticos<\/h2>\n\n\n<div><iframe width=\"1280\" height=\"720\" src=\"\/\/www.youtube.com\/embed\/LB2AZnL0tN0?showinfo=0\" frameborder=\"0\" allowfullscreen data-uk-responsive loading=\"lazy\" referrerpolicy=\"no-referrer-when-downgrade\" title=\"CONTEXTO ACTUAL E IMPACTO SOBRE A SUSTENTABILIDADE<br\/>Paulo Portas\"><\/iframe><h4 class=\"uk-margin-top\">CONTEXTO ACTUAL E IMPACTO SOBRE A SUSTENTABILIDADE<br\/>Paulo Portas<\/h4><\/div>\n\n\n<div><iframe width=\"1280\" height=\"720\" src=\"\/\/www.youtube.com\/embed\/3ng9EoPJ4ac?showinfo=0\" frameborder=\"0\" allowfullscreen data-uk-responsive loading=\"lazy\" referrerpolicy=\"no-referrer-when-downgrade\" title=\"ABERTURA INSTITUCIONAL<br\/>M\u00e1rio Centeno\"><\/iframe><h4 class=\"uk-margin-top\">ABERTURA INSTITUCIONAL<br\/>M\u00e1rio Centeno<\/h4><\/div>\n\n\n<div><iframe width=\"1280\" height=\"720\" src=\"\/\/www.youtube.com\/embed\/hu4bTlv1gGo?showinfo=0\" frameborder=\"0\" allowfullscreen data-uk-responsive loading=\"lazy\" referrerpolicy=\"no-referrer-when-downgrade\" title=\"O PAPEL DAS GRANDES EMPRESAS NA SUSTENTABILIDADE<br\/>Line Hestvik\"><\/iframe><h4 class=\"uk-margin-top\">O PAPEL DAS GRANDES EMPRESAS NA SUSTENTABILIDADE<br\/>Line Hestvik<\/h4><\/div>\n\n\n<div><iframe width=\"1280\" height=\"720\" src=\"\/\/www.youtube.com\/embed\/7WgS43OXz2U?showinfo=0\" frameborder=\"0\" allowfullscreen data-uk-responsive loading=\"lazy\" referrerpolicy=\"no-referrer-when-downgrade\" title=\"PRESERVAR O CAPITAL NATURAL<br\/>Como protegem as empresas a sua mat\u00e9ria-prima?\"><\/iframe><h4 class=\"uk-margin-top\">PRESERVAR O CAPITAL NATURAL<br\/>Como protegem as empresas a sua mat\u00e9ria-prima?<\/h4><\/div>\n\n\n<div><iframe width=\"1280\" height=\"720\" src=\"\/\/www.youtube.com\/embed\/sCpdO0Y4b-8?showinfo=0\" frameborder=\"0\" allowfullscreen data-uk-responsive loading=\"lazy\" referrerpolicy=\"no-referrer-when-downgrade\" title=\"IGUALDADE E DIVERSIDADE<br\/>Como ter empresas mais inclusivas?\"><\/iframe><h4 class=\"uk-margin-top\">IGUALDADE E DIVERSIDADE<br\/>Como ter empresas mais inclusivas?<\/h4><\/div>\n\n\n<div><iframe width=\"1280\" height=\"720\" src=\"\/\/www.youtube.com\/embed\/pAKD5C764R8?showinfo=0\" frameborder=\"0\" allowfullscreen data-uk-responsive loading=\"lazy\" referrerpolicy=\"no-referrer-when-downgrade\" title=\"ECONOMIA CIRCULAR<br\/>Como tudo se transforma e muito se partilha\"><\/iframe><h4 class=\"uk-margin-top\">ECONOMIA CIRCULAR<br\/>Como tudo se transforma e muito se partilha<\/h4><\/div>\n\n\n<div><iframe width=\"1280\" height=\"720\" src=\"\/\/www.youtube.com\/embed\/O1HnrQqeuvg?showinfo=0\" frameborder=\"0\" allowfullscreen data-uk-responsive loading=\"lazy\" referrerpolicy=\"no-referrer-when-downgrade\" title=\"DESCARBONIZA\u00c7\u00c3O<br\/>Como vai diminuir a pegada de CO2?\"><\/iframe><h4 class=\"uk-margin-top\">DESCARBONIZA\u00c7\u00c3O<br\/>Como vai diminuir a pegada de CO2?<\/h4><\/div>\n\n\n<div><iframe width=\"1280\" height=\"720\" src=\"\/\/www.youtube.com\/embed\/JThNa-amo1k?showinfo=0\" frameborder=\"0\" allowfullscreen data-uk-responsive loading=\"lazy\" referrerpolicy=\"no-referrer-when-downgrade\" title=\"BEM-ESTAR E CIDADES SUSTENT\u00c1VEIS<br\/>Como s\u00e3o as cidades amigas do ambiente e das pessoas?\"><\/iframe><h4 class=\"uk-margin-top\">BEM-ESTAR E CIDADES SUSTENT\u00c1VEIS<br\/>Como s\u00e3o as cidades amigas do ambiente e das pessoas?<\/h4><\/div>\n\n\n<div><iframe width=\"1280\" height=\"720\" src=\"\/\/www.youtube.com\/embed\/XFRAALC7H7M?showinfo=0\" frameborder=\"0\" allowfullscreen data-uk-responsive loading=\"lazy\" referrerpolicy=\"no-referrer-when-downgrade\" title=\"Encerramento do 1\u00ba Dia<br\/>Ant\u00f3nio Pires de Lima\"><\/iframe><h4 class=\"uk-margin-top\">Encerramento do 1\u00ba Dia<br\/>Ant\u00f3nio Pires de Lima<\/h4><\/div>\n\n\n<div><iframe width=\"1280\" height=\"720\" src=\"\/\/www.youtube.com\/embed\/vE_-Ehi_s4U?showinfo=0\" frameborder=\"0\" allowfullscreen data-uk-responsive loading=\"lazy\" referrerpolicy=\"no-referrer-when-downgrade\" title=\"FINAN\u00c7AS SUSTENT\u00c1VEIS<br\/>Como a banca tra\u00e7a o caminho da sustentabilidade?\"><\/iframe><h4 class=\"uk-margin-top\">FINAN\u00c7AS SUSTENT\u00c1VEIS<br\/>Como a banca tra\u00e7a o caminho da sustentabilidade?<\/h4><\/div>\n\n\n<div><iframe width=\"1280\" height=\"720\" src=\"\/\/www.youtube.com\/embed\/iQM7DTzn4NQ?showinfo=0\" frameborder=\"0\" allowfullscreen data-uk-responsive loading=\"lazy\" referrerpolicy=\"no-referrer-when-downgrade\" title=\"TRANSFORMA\u00c7\u00c3O DIGITAL EM SUSTENTABILIDADE<br\/>\u00c0 espera dos robots e do 5G?\"><\/iframe><h4 class=\"uk-margin-top\">TRANSFORMA\u00c7\u00c3O DIGITAL EM SUSTENTABILIDADE<br\/>\u00c0 espera dos robots e do 5G?<\/h4><\/div>\n\n\n<div><iframe width=\"1280\" height=\"720\" src=\"\/\/www.youtube.com\/embed\/vsIwPjI_tDc?showinfo=0\" frameborder=\"0\" allowfullscreen data-uk-responsive loading=\"lazy\" referrerpolicy=\"no-referrer-when-downgrade\" title=\"COMUNICA\u00c7\u00c3O DE SUSTENTABILIDADE<br\/>Como envolver a comunidade?\"><\/iframe><h4 class=\"uk-margin-top\">COMUNICA\u00c7\u00c3O DE SUSTENTABILIDADE<br\/>Como envolver a comunidade?<\/h4><\/div>\n\n\n<div><iframe width=\"1280\" height=\"720\" src=\"\/\/www.youtube.com\/embed\/hQoPY9HsHl0?showinfo=0\" frameborder=\"0\" allowfullscreen data-uk-responsive loading=\"lazy\" referrerpolicy=\"no-referrer-when-downgrade\" title=\"Entrega de Pr\u00e9mios\"><\/iframe><h4 class=\"uk-margin-top\">Entrega de Pr\u00e9mios<\/h4><\/div>\n\n\n<div><iframe width=\"1280\" height=\"720\" src=\"\/\/www.youtube.com\/embed\/7LcYoIi5kGs?showinfo=0\" frameborder=\"0\" allowfullscreen data-uk-responsive loading=\"lazy\" referrerpolicy=\"no-referrer-when-downgrade\" title=\"Vencedora do Pr\u00e9mio Personalidade<br\/>Cl\u00e1udia Azevedo\"><\/iframe><h4 class=\"uk-margin-top\">Vencedora do Pr\u00e9mio Personalidade<br\/>Cl\u00e1udia Azevedo<\/h4><\/div>\n\n\n<div><iframe width=\"1280\" height=\"720\" src=\"\/\/www.youtube.com\/embed\/fowp2kTH-Eg?showinfo=0\" frameborder=\"0\" allowfullscreen data-uk-responsive loading=\"lazy\" referrerpolicy=\"no-referrer-when-downgrade\" title=\"Encerramento do 2\u00ba Dia<br\/>Carlos Carreiras\"><\/iframe><h4 class=\"uk-margin-top\">Encerramento do 2\u00ba Dia<br\/>Carlos Carreiras<\/h4><\/div>\n<\/div><\/div>\n\n\n\n<div class=\"wp-block-group\"><div class=\"wp-block-group__inner-container is-layout-flow wp-block-group-is-layout-flow\">\n<h5 class=\"wp-block-heading\">09h00<br>BOAS-VINDAS<\/h5>\n\n\n\n<p><strong>Diana Ramos<\/strong>, Diretora Jornal de Neg\u00f3cios<\/p>\n\n\n\n<h5 class=\"wp-block-heading\">09h15<br>CONTEXTO ACTUAL E IMPACTO SOBRE A SUSTENTABILIDADE<\/h5>\n\n\n\n<p><strong>Paulo Portas<\/strong>, Professor Convidado Nova SBE<\/p>\n\n\n\n<h5 class=\"wp-block-heading\">09h30<br>O PAPEL DAS GRANDES EMPRESAS NA SUSTENTABILIDADE<\/h5>\n\n\n\n<p><strong>Line Hestvik<\/strong>, Chief Sustainability Officer Allianz<\/p>\n\n\n\n<h3 class=\"wp-block-heading\">PRESERVAR O CAPITAL NATURAL<br>Como protegem as empresas a sua mat\u00e9ria-prima?<\/h3>\n\n\n\n<h5 class=\"wp-block-heading\">09h50<br>KEYNOTE SPEAKER<\/h5>\n\n\n\n<p><strong>Nuno Banza<\/strong>, Presidente do Conselho Diretivo ICNF<\/p>\n\n\n\n<h5 class=\"wp-block-heading\">10h00<br>CASE STUDY<\/h5>\n\n\n\n<p><strong>David Archer<\/strong>, CEO Savannah Resources PLC<\/p>\n\n\n\n<h5 class=\"wp-block-heading\">10h10<br>DEBATE<\/h5>\n\n\n\n<p><strong>Jos\u00e9 Pina<\/strong>, CEO Altri SGPS<br><strong>Jos\u00e9 Manuel Leit\u00e3o Sardinha<\/strong>, Presidente Conselho Administra\u00e7\u00e3o EPAL<br><strong>Nuno Lacasta<\/strong>, Presidente Ag\u00eancia Portuguesa do Ambiente<br><br>Modera\u00e7\u00e3o: <strong>Francisco Ferreira<\/strong>, Presidente Associa\u00e7\u00e3o Zero<\/p>\n\n\n\n<h5 class=\"wp-block-heading\">10h40<br>COFFE-BREAK<\/h5>\n\n\n\n<h3 class=\"wp-block-heading\">IGUALDADE E DIVERSIDADE<br>Como ter empresas mais inclusivas?<\/h3>\n\n\n\n<h5 class=\"wp-block-heading\">11h00<br>KEYNOTE SPEAKER<\/h5>\n\n\n\n<p><strong>Margarida Couto<\/strong>, Presidente GRACE<\/p>\n\n\n\n<h5 class=\"wp-block-heading\">11h15<br>CASE STUDY<\/h5>\n\n\n\n<p><strong>Jos\u00e9 Pena do Amaral<\/strong>, Membro da Comiss\u00e3o de Responsabilidade Social do BPI<\/p>\n\n\n\n<h5 class=\"wp-block-heading\">11h25 <br>DEBATE<\/h5>\n\n\n\n<p><strong>Teresa Brantuas<\/strong>, CEO Allianz<br><strong>Bruno Casadinho<\/strong>, Vice-Presidente Grupo Capgemini Engineering, Portugal &amp; Tun\u00edsia<br><strong>Marcelo Nico<\/strong>, Diretor-Geral Tabaqueira | PMI<br><br>Modera\u00e7\u00e3o: <strong>Isabel Barros<\/strong>, Administradora Executiva da Sonae MC<\/p>\n\n\n\n<h3 class=\"wp-block-heading\">ECONOMIA CIRCULAR<br>Como tudo se transforma e muito se partilha.<\/h3>\n\n\n\n<h5 class=\"wp-block-heading\">12h05 <br>KEYNOTE SPEAKER<\/h5>\n\n\n\n<p><strong>Joan Marc Simon<\/strong>, Diretor Executivo Zero Waste Europe<\/p>\n\n\n\n<h5 class=\"wp-block-heading\">12h20 <br>CASE STUDY<\/h5>\n\n\n\n<p><strong>Tiago Gama Silva, <\/strong>Head of ESG Relations \u2013 Social, Jer\u00f3nimo Martins<\/p>\n\n\n\n<h5 class=\"wp-block-heading\">12h30 <br>DEBATE<\/h5>\n\n\n\n<p><strong>Adriana Mano<\/strong>, CEO ZOURI Shoes<br><strong>Ana Trigo Morais<\/strong>, CEO Sociedade Ponto Verde<br><br>Modera\u00e7\u00e3o: <strong>Helena Pereira<\/strong>, Presidente Conselho Diretivo da FCT<\/p>\n\n\n\n<h5 class=\"wp-block-heading\">13h00 &#8211; 14h20 <br>ALMO\u00c7O LIVRE<\/h5>\n\n\n\n<h3 class=\"wp-block-heading\">DESCARBONIZA\u00c7\u00c3O<br>Como vai diminuir a pegada de CO2?<\/h3>\n\n\n\n<h5 class=\"wp-block-heading\">14h30 <br>KEYNOTE SPEAKER<\/h5>\n\n\n\n<p><strong>Filipe Duarte Santos<\/strong>, Presidente Cons. Nac. Ambiente e Desenvolvimento Sustent\u00e1vel<\/p>\n\n\n\n<h5 class=\"wp-block-heading\">14h45 <br>CASE STUDY<\/h5>\n\n\n\n<p><strong>Nuno Lago de Carvalho<\/strong>, Chief Commercial Officer, CaetanoBus<\/p>\n\n\n\n<h5 class=\"wp-block-heading\">15h00 <br>DEBATE<\/h5>\n\n\n\n<p><strong>Miguel Stilwell d\u2019Andrade<\/strong>, CEO EDP<br><strong>Pedro Norton<\/strong>, CEO Finerge<br><strong>Jos\u00e9 Martos<\/strong>, CEO Saint Gobain<br><br>Modera\u00e7\u00e3o: <strong>J\u00falia Seixas<\/strong>, Pr\u00f3-Reitora da Universidade Nova de Lisboa<\/p>\n\n\n\n<h3 class=\"wp-block-heading\">BEM-ESTAR E CIDADES SUSTENT\u00c1VEIS<br>Como s\u00e3o as cidades amigas do ambiente e das pessoas?<\/h3>\n\n\n\n<h5 class=\"wp-block-heading\">15h30 <br>KEYNOTE SPEAKER<\/h5>\n\n\n\n<p><strong>Miguel de Castro Neto<\/strong>, Subdiretor da NOVA Information Management School<\/p>\n\n\n\n<h5 class=\"wp-block-heading\">15h45 <br>CASE STUDY<\/h5>\n\n\n\n<p><strong><strong>Paulo Lopes Silva,<\/strong><\/strong> Vereador da C\u00e2mara Municipal Guimar\u00e3es<\/p>\n\n\n\n<h5 class=\"wp-block-heading\">15h55 <br>DEBATE<\/h5>\n\n\n\n<p><strong>Paulo Fernandes<\/strong>, Presidente C\u00e2mara Municipal do Fund\u00e3o<br><strong>Ricardo Rio<\/strong>, Presidente C\u00e2mara Municipal de Braga<br><br>Modera\u00e7\u00e3o: <strong><strong>Rui Gidro<\/strong><\/strong>, Partner, Deloitte<br><\/p>\n\n\n\n<h5 class=\"wp-block-heading\">16h25 <br>ENCERRAMENTO<\/h5>\n\n\n\n<p><strong>Ant\u00f3nio Pires de Lima<\/strong>, Presidente da Brisa e BCSD<\/p>\n\n\n\n<p> *a aguardar confirma\u00e7\u00e3o <\/p>\n<\/div><\/div>\n\n\n\n<div class=\"wp-block-group\"><div class=\"wp-block-group__inner-container is-layout-flow wp-block-group-is-layout-flow\">\n<h5 class=\"wp-block-heading\">09h00 <br>BOAS-VINDAS<\/h5>\n\n\n\n<p><strong>Diana Ramos<\/strong>, Diretora Jornal de Neg\u00f3cios<\/p>\n\n\n\n<h5 class=\"wp-block-heading\">09h10<br>ABERTURA INSTITUCIONAL<\/h5>\n\n\n\n<p><strong>M\u00e1rio Centeno<\/strong>, Governador Banco de Portugal<\/p>\n\n\n\n<h3 class=\"wp-block-heading\">FINAN\u00c7AS SUSTENT\u00c1VEIS<br>Como a banca tra\u00e7a o caminho da sustentabilidade?<\/h3>\n\n\n\n<h5 class=\"wp-block-heading\">09h40 <br>KEYNOTE SPEAKER<\/h5>\n\n\n\n<p><strong>Clara Raposo<\/strong>, Presidente ISEG<\/p>\n\n\n\n<h5 class=\"wp-block-heading\">09h55 <br>CASE STUDY<\/h5>\n\n\n\n<p><strong>Jos\u00e9 Theot\u00f3nio<\/strong>, CEO Grupo Pestana<\/p>\n\n\n\n<h5 class=\"wp-block-heading\">10h05 <br>DEBATE<\/h5>\n\n\n\n<p><strong>M\u00e1rio Bolota<\/strong>, Presidente Executivo Banco BiG<br><strong>Jo\u00e3o Pedro Oliveira e Costa<\/strong>, CEO BPI<br><strong>Nelson Machado<\/strong>, Membro da Comiss\u00e3o Executiva do Grupo Ageas Portugal<br><br>Modera\u00e7\u00e3o: <strong><strong><strong>Hugo Neutel<\/strong><\/strong><\/strong>, Jornalista, Jornal de Neg\u00f3cios<\/p>\n\n\n\n<h5 class=\"wp-block-heading\">10h30 <br>COFFEE BREAK<\/h5>\n\n\n\n<h3 class=\"wp-block-heading\">TRANSFORMA\u00c7\u00c3O DIGITAL EM SUSTENTABILIDADE<br>\u00c0 espera dos robots e do 5G?<\/h3>\n\n\n\n<h5 class=\"wp-block-heading\">10h50 <br>KEYNOTE SPEAKER<\/h5>\n\n\n\n<p><strong>Afonso Salema<\/strong>, Diretor-Geral Start Campus, Sines 4.0<\/p>\n\n\n\n<h5 class=\"wp-block-heading\">11h05 <br>CASE STUDY<\/h5>\n\n\n\n<p><strong>Em\u00eddio Pinheiro<\/strong>, CEO EGF<\/p>\n\n\n\n<h5 class=\"wp-block-heading\">11h15 <br>DEBATE<\/h5>\n\n\n\n<p><strong>Hugo Santos Pinto<\/strong>,&nbsp;Associate Partner da Deloitte<br><strong><strong>Nuno Saramago<\/strong><\/strong>, Chief Operating Officer | SAP<br><br>Modera\u00e7\u00e3o: <strong>Lu\u00edsa Ribeiro Lopes<\/strong>, Presidente .PT<\/p>\n\n\n\n<h3 class=\"wp-block-heading\">COMUNICA\u00c7\u00c3O DE SUSTENTABILIDADE<br>Como envolver a comunidade?<\/h3>\n\n\n\n<h5 class=\"wp-block-heading\">11h45 <br>KEYNOTE SPEAKER<\/h5>\n\n\n\n<p><strong>Lu\u00eds Mergulh\u00e3o<\/strong>, CEO Media Group Omnicom Portugal<\/p>\n\n\n\n<h5 class=\"wp-block-heading\">12h00 <br>CASE STUDY<\/h5>\n\n\n\n<p><strong>Ana Barbosa<\/strong>, Sustainability Manager IKEA<\/p>\n\n\n\n<h5 class=\"wp-block-heading\">12h10 <br>DEBATE<\/h5>\n\n\n\n<p><strong>Madalena Tom\u00e9<\/strong>, CEO SIBS<br><strong>Maria Rebelo<\/strong>, Diretora de Sustentabilidade, CTT<br><br>Modera\u00e7\u00e3o: <strong>Alexandra Abreu Loureiro<\/strong>, Head of Brunswick Portugal<\/p>\n\n\n\n<h5 class=\"wp-block-heading\">12h40 <br>ENCERRAMENTO<\/h5>\n\n\n\n<p><strong>Diana Ramos<\/strong>, Diretora, Jornal Neg\u00f3cios<br><strong>Carlos Carreiras,<\/strong> Presidente, C\u00e2mara Municipal de Cascais<\/p>\n\n\n\n<p>*a aguardar confirma\u00e7\u00e3o<\/p>\n<\/div><\/div>\n","protected":false},"excerpt":{"rendered":"<p>Grande Confer\u00eancia Neg\u00f3cios Sustentabilidade 20 | 30 O Jornal de Neg\u00f3cios lan\u00e7ou, em 2020, a sua maior iniciativa nos seus mais de 20 anos de exist\u00eancia: O&nbsp;\u201cNeg\u00f3cios Sustentabilidade 20 | 30\u201d. Nos dias&nbsp;7 e 8 de abril, no&nbsp;Pestana Cidadela Cascais&nbsp;promovemos a Grande Confer\u00eancia, bem como vamos anunciar os vencedores das 8 categorias ESG ao&nbsp;\u00abPr\u00e9mio Nacional [&hellip;]<\/p>\n","protected":false},"featured_media":0,"template":"","meta":[],"categories":[86,89],"tags":[247,124],"class_list":["post-2213","seminars","type-seminars","status-publish","hentry","category-conferencia-07abril","category-conferencia-08-abril","tag-edicao-2021-22","tag-edicoes-anteriores"],"_links":{"self":[{"href":"https:\/\/bs.xl.pt\/sustentabilidade-2030\/wp-json\/wp\/v2\/seminars\/2213","targetHints":{"allow":["GET"]}}],"collection":[{"href":"https:\/\/bs.xl.pt\/sustentabilidade-2030\/wp-json\/wp\/v2\/seminars"}],"about":[{"href":"https:\/\/bs.xl.pt\/sustentabilidade-2030\/wp-json\/wp\/v2\/types\/seminars"}],"wp:attachment":[{"href":"https:\/\/bs.xl.pt\/sustentabilidade-2030\/wp-json\/wp\/v2\/media?parent=2213"}],"wp:term":[{"taxonomy":"category","embeddable":true,"href":"https:\/\/bs.xl.pt\/sustentabilidade-2030\/wp-json\/wp\/v2\/categories?post=2213"},{"taxonomy":"post_tag","embeddable":true,"href":"https:\/\/bs.xl.pt\/sustentabilidade-2030\/wp-json\/wp\/v2\/tags?post=2213"}],"curies":[{"name":"wp","href":"https:\/\/api.w.org\/{rel}","templated":true}]}}