{"id":82,"date":"2022-12-06T19:02:01","date_gmt":"2022-12-06T19:02:01","guid":{"rendered":"https:\/\/bs.xl.pt\/transformar-vidas\/?page_id=82"},"modified":"2023-01-10T14:25:55","modified_gmt":"2023-01-10T14:25:55","slug":"intro","status":"publish","type":"page","link":"https:\/\/bs.xl.pt\/transformar-vidas\/intro\/","title":{"rendered":"Intro"},"content":{"rendered":"\n<h5 class=\"wp-block-heading\">Um \u00edmpeto de futuro<\/h5>\n\n\n\n<h1 class=\"wp-block-heading\">A Funda\u00e7\u00e3o Santander Portugal e o Correio da Manh\u00e3 mostram o verdadeiro sentido de Transformar Vidas, com hist\u00f3rias reais.\u00a0<\/h1>\n\n\n\n<p>S\u00e3o v\u00e1rios os eixos que guiam o futuro de um pa\u00eds: a educa\u00e7\u00e3o universal, a inclus\u00e3o social, as preocupa\u00e7\u00f5es ambientais, as emerg\u00eancias sociais s\u00e3o t\u00e3o ou mais importantes que fatores puramente econ\u00f3micos ou pol\u00edticos. A Funda\u00e7\u00e3o Santander Portugal surge para uma verdadeira <em>transforma\u00e7\u00e3o social, <\/em>apoiando nestes quatro eixos pessoas individuais ou coletivas, num esfor\u00e7o comum de contribui\u00e7\u00e3o para um futuro melhor. Mais do que n\u00fameros, o objetivo da funda\u00e7\u00e3o \u00e9 o de apoiar pessoas, numa an\u00e1lise detalhada das reais necessidades do pa\u00eds e de como poder\u00e1 contribuir para esbater desigualdades, equilibrar os pratos da balan\u00e7a e dar verdadeiras oportunidades de crescimento. No projeto Transformar Vidas, em parceria com o Correio da Manh\u00e3, vamos conhecer os rostos por tr\u00e1s da transforma\u00e7\u00e3o, hist\u00f3rias de pessoas que tiveram direito a uma oportunidade gra\u00e7as ao contributo da Funda\u00e7\u00e3o Santander Portugal.<\/p>\n\n\n<\/div><div class=\"featured-box-container uk-container uk-margin-medium\"><div data-uk-grid class=\"featured-box uk-card uk-grid-collapse uk-margin\"><div class=\"uk-width-1-1\"><div class=\"uk-card-body\"><h3 class=\"uk-card-title\">A Funda\u00e7\u00e3o Santander em n\u00fameros<\/h3>250 Institui\u00e7\u00f5es Apoiadas<br \/>\n134.237 Iniciativas de inclus\u00e3o e literacia financeira<br \/>\n112.462 Pessoas Apoiadas<br \/>\n<\/div><\/div><\/div><\/div><div class=\"uk-container uk-container-small\">\n\n\n\n<h4 class=\"wp-block-heading\">Educa\u00e7\u00e3o<\/h4>\n\n\n\n<p>\u00c9 um dos pilares b\u00e1sicos da evolu\u00e7\u00e3o, individual e coletiva, e um direito que se tem tentado universalizar em Portugal. Mas as desigualdades sociais, o contexto econ\u00f3mico de cada agregado familiar ou a pr\u00f3pria hist\u00f3ria e motiva\u00e7\u00e3o de cada crian\u00e7a e jovem pode determinar o sucesso ou insucesso escolar. \u00c9 por isso preciso n\u00e3o apenas apoiar a continuidade no ensino secund\u00e1rio e superior \u2013 que a Funda\u00e7\u00e3o Santander apoia atrav\u00e9s de v\u00e1rias iniciativas \u2013 mas tamb\u00e9m ir \u00e0 raiz do problema, promovendo a inclus\u00e3o e a literacia nas camadas mais jovens, criando estrat\u00e9gias de integra\u00e7\u00e3o e de apoio \u00e0s crian\u00e7as e \u00e0s suas fam\u00edlias. Iniciativas como a Academia do Johnson ou a Academia Ten mostram-se eficazes na prote\u00e7\u00e3o de crian\u00e7as desfavorecidas. &nbsp;<\/p>\n\n\n\n<h4 class=\"wp-block-heading\">Inclus\u00e3o social<\/h4>\n\n\n\n<p>Esbater assimetrias passa, muitas vezes, por criar oportunidades e abrir espa\u00e7o para o debate. Algumas minorias, como pessoas com defici\u00eancias f\u00edsicas ou motoras, imigrantes ou pessoas em situa\u00e7\u00e3o de vulnerabilidade social \u2013 pelo contexto socio-econ\u00f3mico \u2013 necessitam de a\u00e7\u00f5es concretas que se foquem em abrir portas que, de outra forma, poderiam nunca acontecer. A Funda\u00e7\u00e3o Santander Portugal apoia v\u00e1rias institui\u00e7\u00f5es cujo foco \u00e9 o acompanhamento de crian\u00e7as e jovens em situa\u00e7\u00e3o vulner\u00e1vel, bem como a promo\u00e7\u00e3o do bem estar e a inclus\u00e3o de pessoas com defici\u00eancia, de jovens a adultos, atrav\u00e9s de programas de empregabilidade que fomentam a autonomia.<\/p>\n\n\n\n<h4 class=\"wp-block-heading\">Emerg\u00eancia Social<\/h4>\n\n\n\n<p>A Funda\u00e7\u00e3o Santander Portugal n\u00e3o \u00e9 alheia a causas sociais emergentes, como as dificuldades que a pandemia trouxe a algumas fam\u00edlias, o apoio alimentar a pessoas carenciadas, campanhas de recolha de sangue ou, mais recentemente, uma mobiliza\u00e7\u00e3o para reunir fam\u00edlias ucranianas. Transformar Vidas, no presente e no futuro, \u00e9 tamb\u00e9m perceber as necessidades mais imediatas e urgentes como sociedade, e agir de forma r\u00e1pida e eficaz.<\/p>\n\n\n\n<h4 class=\"wp-block-heading\">Ambiente&nbsp;<\/h4>\n\n\n\n<p>A preocupa\u00e7\u00e3o ambiental \u00e9 um dos pilares da Funda\u00e7\u00e3o Santander Portugal, ciente de que o amanh\u00e3 s\u00f3 se poder\u00e1 construir com bases s\u00f3lidas e que o planeta precisa de ser preservado. A Funda\u00e7\u00e3o associa-se a v\u00e1rias a\u00e7\u00f5es de refloresta\u00e7\u00e3o, tendo um papel ativo e positivo no impacto ambiental do pa\u00eds. Destaca-se tamb\u00e9m o apoio no <em>Green fest Portugal, <\/em>o maior festival de sustentabilidade, &nbsp;que destaca as melhores a\u00e7\u00f5es nas vertentes social, econ\u00f3mica e ambiental.<\/p>\n","protected":false},"excerpt":{"rendered":"<p>Um \u00edmpeto de futuro A Funda\u00e7\u00e3o Santander Portugal e o Correio da Manh\u00e3 mostram o verdadeiro sentido de Transformar Vidas, com hist\u00f3rias reais.\u00a0 S\u00e3o v\u00e1rios os eixos que guiam o futuro de um pa\u00eds: a educa\u00e7\u00e3o universal, a inclus\u00e3o social, as preocupa\u00e7\u00f5es ambientais, as emerg\u00eancias sociais s\u00e3o t\u00e3o ou mais importantes que fatores puramente econ\u00f3micos [&hellip;]<\/p>\n","protected":false},"author":5,"featured_media":79,"parent":0,"menu_order":0,"comment_status":"closed","ping_status":"closed","template":"","meta":{"footnotes":""},"class_list":["post-82","page","type-page","status-publish","has-post-thumbnail","hentry"],"_links":{"self":[{"href":"https:\/\/bs.xl.pt\/transformar-vidas\/wp-json\/wp\/v2\/pages\/82","targetHints":{"allow":["GET"]}}],"collection":[{"href":"https:\/\/bs.xl.pt\/transformar-vidas\/wp-json\/wp\/v2\/pages"}],"about":[{"href":"https:\/\/bs.xl.pt\/transformar-vidas\/wp-json\/wp\/v2\/types\/page"}],"author":[{"embeddable":true,"href":"https:\/\/bs.xl.pt\/transformar-vidas\/wp-json\/wp\/v2\/users\/5"}],"replies":[{"embeddable":true,"href":"https:\/\/bs.xl.pt\/transformar-vidas\/wp-json\/wp\/v2\/comments?post=82"}],"version-history":[{"count":3,"href":"https:\/\/bs.xl.pt\/transformar-vidas\/wp-json\/wp\/v2\/pages\/82\/revisions"}],"predecessor-version":[{"id":166,"href":"https:\/\/bs.xl.pt\/transformar-vidas\/wp-json\/wp\/v2\/pages\/82\/revisions\/166"}],"wp:featuredmedia":[{"embeddable":true,"href":"https:\/\/bs.xl.pt\/transformar-vidas\/wp-json\/wp\/v2\/media\/79"}],"wp:attachment":[{"href":"https:\/\/bs.xl.pt\/transformar-vidas\/wp-json\/wp\/v2\/media?parent=82"}],"curies":[{"name":"wp","href":"https:\/\/api.w.org\/{rel}","templated":true}]}}