{"id":157,"date":"2025-05-23T10:27:05","date_gmt":"2025-05-23T09:27:05","guid":{"rendered":"https:\/\/bs.xl.pt\/uma-cidade-para-todos\/?post_type=seminars&#038;p=157"},"modified":"2025-05-28T09:24:59","modified_gmt":"2025-05-28T08:24:59","slug":"seguranca","status":"publish","type":"seminars","link":"https:\/\/bs.xl.pt\/uma-cidade-para-todos\/seminars\/seguranca\/","title":{"rendered":"Seguran\u00e7a"},"content":{"rendered":"\n<div class=\"wp-block-group\"><div class=\"wp-block-group__inner-container is-layout-constrained wp-block-group-is-layout-constrained\">\n<p class=\"uk-h4\">Junte-se \u00e0 confer\u00eancia &#8220;Seguran\u00e7a Urbana e Comunidades Locais&#8221; e descubra como construir cidades mais seguras e pr\u00f3ximas de quem nelas vive.<\/p>\n<\/div><\/div>\n\n\n\n<div class=\"wp-block-group\"><div class=\"wp-block-group__inner-container is-layout-constrained wp-block-group-is-layout-constrained\">\n<h2 class=\"wp-block-heading\">Seguran\u00e7a<\/h2>\n\n\n\n<p class=\"uk-h5\"><strong>09h30 | Sess\u00e3o de Abertura<\/strong><\/p>\n\n\n\n<p><strong>Carlos Rodrigues<\/strong>, Diretor Geral Editorial da MediaLivre<\/p>\n\n\n\n<p class=\"uk-h5\"><strong>09h40 | Interven\u00e7\u00e3o do Presidente da C\u00e2mara Municipal de Lisboa<\/strong><\/p>\n\n\n\n<p>&nbsp;<strong>Carlos Moedas<\/strong><\/p>\n\n\n\n<p class=\"uk-h5\"><strong>09h50 | Interven\u00e7\u00e3o do Comandante da Pol\u00edcia Municipal de Lisboa<\/strong>&nbsp;<\/p>\n\n\n\n<p><strong>Jos\u00e9 Carvalho Figueira<\/strong>, Superintendente<\/p>\n\n\n\n<p class=\"uk-h4 uk-text-center\"><strong>Primeira Mesa Redonda<\/strong><\/p>\n\n\n\n<p class=\"uk-h5\"><strong>10H00 | Policiamento Comunit\u00e1rio: construir confian\u00e7a, promover proximidade<\/strong><\/p>\n\n\n\n<p><strong>Miguel Belo Marques<\/strong>, Presidente da Junta de Freguesia de Campolide<br><strong>M\u00f3nica Diniz<\/strong>, Chefe de Divis\u00e3o do N\u00facleo de Preven\u00e7\u00e3o, Seguran\u00e7a e Rela\u00e7\u00f5es Internacionais, PML<br><strong>Andreia Gon\u00e7alves<\/strong>, Comiss\u00e1rio, Comandante da Esquadra Policial, PML<\/p>\n\n\n\n<p class=\"uk-h5\"><strong>11H15<\/strong> <strong>| Pausa para caf\u00e9<\/strong>&nbsp;<\/p>\n\n\n\n<p class=\"uk-h4 uk-text-center\"><strong>Segunda<\/strong> <strong>Mesa Redonda<\/strong><\/p>\n\n\n\n<p class=\"uk-h5\"><strong>11h30 | Seguran\u00e7a Urbana: Novos paradigmas para cidades do futuro<\/strong><\/p>\n\n\n\n<p><strong>Manuel Gon\u00e7alves<\/strong>, Servi\u00e7o de Informa\u00e7\u00f5es de Seguran\u00e7a<br><strong>Catarina Caria<\/strong>, Especialista\/analista em assuntos internacionais<br><strong>Pedro Sousa<\/strong>, Superintendente, Segundo Comandante, COMETLIS<\/p>\n\n\n\n<p class=\"uk-h5\"><strong>12H45 | Sess\u00e3o de Encerramento<\/strong><\/p>\n\n\n\n<p><strong>Rui Cordeiro<\/strong>, Vereador da C\u00e2mara Municipal de Lisboa<\/p>\n<\/div><\/div>\n","protected":false},"excerpt":{"rendered":"<p>Junte-se \u00e0 confer\u00eancia &#8220;Seguran\u00e7a Urbana e Comunidades Locais&#8221; e descubra como construir cidades mais seguras e pr\u00f3ximas de quem nelas vive. Seguran\u00e7a 09h30 | Sess\u00e3o de Abertura Carlos Rodrigues, Diretor Geral Editorial da MediaLivre 09h40 | Interven\u00e7\u00e3o do Presidente da C\u00e2mara Municipal de Lisboa &nbsp;Carlos Moedas 09h50 | Interven\u00e7\u00e3o do Comandante da Pol\u00edcia Municipal de [&hellip;]<\/p>\n","protected":false},"featured_media":160,"template":"","meta":[],"categories":[10],"tags":[],"class_list":["post-157","seminars","type-seminars","status-publish","has-post-thumbnail","hentry","category-seguranca"],"_links":{"self":[{"href":"https:\/\/bs.xl.pt\/uma-cidade-para-todos\/wp-json\/wp\/v2\/seminars\/157","targetHints":{"allow":["GET"]}}],"collection":[{"href":"https:\/\/bs.xl.pt\/uma-cidade-para-todos\/wp-json\/wp\/v2\/seminars"}],"about":[{"href":"https:\/\/bs.xl.pt\/uma-cidade-para-todos\/wp-json\/wp\/v2\/types\/seminars"}],"wp:featuredmedia":[{"embeddable":true,"href":"https:\/\/bs.xl.pt\/uma-cidade-para-todos\/wp-json\/wp\/v2\/media\/160"}],"wp:attachment":[{"href":"https:\/\/bs.xl.pt\/uma-cidade-para-todos\/wp-json\/wp\/v2\/media?parent=157"}],"wp:term":[{"taxonomy":"category","embeddable":true,"href":"https:\/\/bs.xl.pt\/uma-cidade-para-todos\/wp-json\/wp\/v2\/categories?post=157"},{"taxonomy":"post_tag","embeddable":true,"href":"https:\/\/bs.xl.pt\/uma-cidade-para-todos\/wp-json\/wp\/v2\/tags?post=157"}],"curies":[{"name":"wp","href":"https:\/\/api.w.org\/{rel}","templated":true}]}}