{"id":27,"date":"2026-04-21T18:21:49","date_gmt":"2026-04-21T17:21:49","guid":{"rendered":"https:\/\/bs.xl.pt\/voluntariado-tempo-conta\/?post_type=seminars&#038;p=27"},"modified":"2026-04-28T11:13:19","modified_gmt":"2026-04-28T10:13:19","slug":"voluntariado-o-tempo-que-conta","status":"publish","type":"seminars","link":"https:\/\/bs.xl.pt\/voluntariado-tempo-conta\/seminars\/voluntariado-o-tempo-que-conta\/","title":{"rendered":"Voluntariado, o Tempo que Conta"},"content":{"rendered":"\n<div class=\"wp-block-group\"><div class=\"wp-block-group__inner-container is-layout-constrained wp-block-group-is-layout-constrained\">\n<p>Num contexto de crescentes desafios sociais, esta confer\u00eancia convida \u00e0 reflex\u00e3o sobre o papel do voluntariado hoje: a sua relev\u00e2ncia para a coes\u00e3o social, o impacto real que gera e o valor que acrescenta \u00e0s pessoas e \u00e0s organiza\u00e7\u00f5es. Ao longo da manh\u00e3, l\u00edderes institucionais, aut\u00e1rquicos e empresariais partilham evid\u00eancia, experi\u00eancias e caminhos concretos para transformar compromisso em a\u00e7\u00e3o.<\/p>\n<\/div><\/div>\n\n\n\n<div class=\"wp-block-group\"><div class=\"wp-block-group__inner-container is-layout-constrained wp-block-group-is-layout-constrained\"><\/div><\/section><section class=\"slideshow uk-section uk-padding-remove-top uk-light\"><div class=\"uk-container uk-container-large\"><div class=\"uk-position-relative uk-visible-toggle uk-dark slideshow-wrapper\" tabindex=\"-1\" uk-slideshow><ul class=\"uk-slideshow-items\"><li><img decoding=\"async\" id=\"234\" src=\"https:\/\/cdn.xl.pt\/bs\/uploads\/sites\/255\/2026\/04\/Galp-1280x720.jpg\" alt=\"Cantor Diogo Pi\u00e7arra, que apoia as a\u00e7\u00f5es de voluntariado da Galp e esteve presente na confer\u00eancia. \" uk-cover loading=\"lazy\" \/><div class=\"caption uk-position-bottom-right uk-padding-small uk-padding-remove-vertical\"><p class=\"uk-text-small uk-margin-remove\">Cantor Diogo Pi\u00e7arra, que apoia as a\u00e7\u00f5es de voluntariado da Galp e esteve presente na confer\u00eancia. <\/p><\/div><\/li><li><img decoding=\"async\" id=\"237\" src=\"https:\/\/cdn.xl.pt\/bs\/uploads\/sites\/255\/2026\/04\/Galp1-1280x720.jpg\" alt=\"Sandra Apar\u00edcio, diretora executiva da Funda\u00e7\u00e3o Galp\" uk-cover loading=\"lazy\" \/><div class=\"caption uk-position-bottom-right uk-padding-small uk-padding-remove-vertical\"><p class=\"uk-text-small uk-margin-remove\">Sandra Apar\u00edcio, diretora executiva da Funda\u00e7\u00e3o Galp<\/p><\/div><\/li><li><img decoding=\"async\" id=\"240\" src=\"https:\/\/cdn.xl.pt\/bs\/uploads\/sites\/255\/2026\/04\/Galp2-1280x720.jpg\" alt=\"Sandra Apar\u00edcio e Diogo Pi\u00e7arra\" uk-cover loading=\"lazy\" \/><div class=\"caption uk-position-bottom-right uk-padding-small uk-padding-remove-vertical\"><p class=\"uk-text-small uk-margin-remove\">Sandra Apar\u00edcio e Diogo Pi\u00e7arra<\/p><\/div><\/li><li><img decoding=\"async\" id=\"243\" src=\"https:\/\/cdn.xl.pt\/bs\/uploads\/sites\/255\/2026\/04\/Galp3-1280x720.jpg\" alt=\"Ana Silveira durante a apresenta\u00e7\u00e3o da Proposta das 4 Iniciativas, que fechou a confer\u00eancia\" uk-cover loading=\"lazy\" \/><div class=\"caption uk-position-bottom-right uk-padding-small uk-padding-remove-vertical\"><p class=\"uk-text-small uk-margin-remove\">Ana Silveira durante a apresenta\u00e7\u00e3o da Proposta das 4 Iniciativas, que fechou a confer\u00eancia<\/p><\/div><\/li><li><img decoding=\"async\" id=\"246\" src=\"https:\/\/cdn.xl.pt\/bs\/uploads\/sites\/255\/2026\/04\/Galp4-1280x720.jpg\" alt=\"Joana Castro e Costa e Andreia Marques durante o segundo painel da confer\u00eancia, denominado \u20180 que o volunt\u00e1rio desenvolve em n\u00f3s \u2013 e por que isso interessa \u00e0s organiza\u00e7\u00f5es\u2019\" uk-cover loading=\"lazy\" \/><div class=\"caption uk-position-bottom-right uk-padding-small uk-padding-remove-vertical\"><p class=\"uk-text-small uk-margin-remove\">Joana Castro e Costa e Andreia Marques durante o segundo painel da confer\u00eancia, denominado \u20180 que o volunt\u00e1rio desenvolve em n\u00f3s \u2013 e por que isso interessa \u00e0s organiza\u00e7\u00f5es\u2019<\/p><\/div><\/li><li><img decoding=\"async\" id=\"249\" src=\"https:\/\/cdn.xl.pt\/bs\/uploads\/sites\/255\/2026\/04\/Galp5-1280x720.jpg\" alt=\"Sandra Apar\u00edcio e Daniel Fonseca durante o painel \u2018Quando o voluntariado funciona: 3 experi\u00eancias, 3 li\u00e7\u00f5es pr\u00e1ticas corporativas\u2019\" uk-cover loading=\"lazy\" \/><div class=\"caption uk-position-bottom-right uk-padding-small uk-padding-remove-vertical\"><p class=\"uk-text-small uk-margin-remove\">Sandra Apar\u00edcio e Daniel Fonseca durante o painel \u2018Quando o voluntariado funciona: 3 experi\u00eancias, 3 li\u00e7\u00f5es pr\u00e1ticas corporativas\u2019<\/p><\/div><\/li><li><img decoding=\"async\" id=\"252\" src=\"https:\/\/cdn.xl.pt\/bs\/uploads\/sites\/255\/2026\/04\/Galp6-1280x720.jpg\" alt=\"Adolfo Mesquita Nunes, keynote speaker\" uk-cover loading=\"lazy\" \/><div class=\"caption uk-position-bottom-right uk-padding-small uk-padding-remove-vertical\"><p class=\"uk-text-small uk-margin-remove\">Adolfo Mesquita Nunes, keynote speaker<\/p><\/div><\/li><li><img decoding=\"async\" id=\"255\" src=\"https:\/\/cdn.xl.pt\/bs\/uploads\/sites\/255\/2026\/04\/Galp7-1280x720.jpg\" alt=\"Pedro Morais Barbosa durante o painel \u2018Quando o voluntariado funciona: 3 experi\u00eancias, 3 li\u00e7\u00f5es pr\u00e1ticas corporativas\u2019\" uk-cover loading=\"lazy\" \/><div class=\"caption uk-position-bottom-right uk-padding-small uk-padding-remove-vertical\"><p class=\"uk-text-small uk-margin-remove\">Pedro Morais Barbosa durante o painel \u2018Quando o voluntariado funciona: 3 experi\u00eancias, 3 li\u00e7\u00f5es pr\u00e1ticas corporativas\u2019<\/p><\/div><\/li><li><img decoding=\"async\" id=\"258\" src=\"https:\/\/cdn.xl.pt\/bs\/uploads\/sites\/255\/2026\/04\/Galp8-1280x720.jpg\" alt=\"Filipe Mello, Joana Castro e Costa, Andreia Marques e Maria Jo\u00e3o Ruela durante o painel denominado \u20180 que o volunt\u00e1rio desenvolve em n\u00f3s \u2013 e por que isso interessa \u00e0s organiza\u00e7\u00f5es\u2019\" uk-cover loading=\"lazy\" \/><div class=\"caption uk-position-bottom-right uk-padding-small uk-padding-remove-vertical\"><p class=\"uk-text-small uk-margin-remove\">Filipe Mello, Joana Castro e Costa, Andreia Marques e Maria Jo\u00e3o Ruela durante o painel denominado \u20180 que o volunt\u00e1rio desenvolve em n\u00f3s \u2013 e por que isso interessa \u00e0s organiza\u00e7\u00f5es\u2019<\/p><\/div><\/li><li><img decoding=\"async\" id=\"261\" src=\"https:\/\/cdn.xl.pt\/bs\/uploads\/sites\/255\/2026\/04\/Galp9-1280x720.jpg\" alt=\"Mafalda Roriz, diretora do departamento da C\u00e2mara Municipal da Maia\" uk-cover loading=\"lazy\" \/><div class=\"caption uk-position-bottom-right uk-padding-small uk-padding-remove-vertical\"><p class=\"uk-text-small uk-margin-remove\">Mafalda Roriz, diretora do departamento da C\u00e2mara Municipal da Maia<\/p><\/div><\/li><li><img decoding=\"async\" id=\"264\" src=\"https:\/\/cdn.xl.pt\/bs\/uploads\/sites\/255\/2026\/04\/Galp10-1280x720.jpg\" alt=\"Elisabete Silva, vereadora da C\u00e2mara Municipal de Gaia\" uk-cover loading=\"lazy\" \/><div class=\"caption uk-position-bottom-right uk-padding-small uk-padding-remove-vertical\"><p class=\"uk-text-small uk-margin-remove\">Elisabete Silva, vereadora da C\u00e2mara Municipal de Gaia<\/p><\/div><\/li><li><img decoding=\"async\" id=\"180\" src=\"https:\/\/cdn.xl.pt\/bs\/uploads\/sites\/255\/2026\/04\/Galp11-1280x720.jpg\" alt=\"Momento do painel \u2018Voluntariado: a for\u00e7a invis\u00edvel que mant\u00e9m a miss\u00e3o social de p\u00e9\u2019, com Mafalda Roriz, Elisabete Silva, Lu\u00eds Almeida Cap\u00e3o, Carla Ventura e Isabel Jonet\" uk-cover loading=\"lazy\" \/><div class=\"caption uk-position-bottom-right uk-padding-small uk-padding-remove-vertical\"><p class=\"uk-text-small uk-margin-remove\">Momento do painel \u2018Voluntariado: a for\u00e7a invis\u00edvel que mant\u00e9m a miss\u00e3o social de p\u00e9\u2019, com Mafalda Roriz, Elisabete Silva, Lu\u00eds Almeida Cap\u00e3o, Carla Ventura e Isabel Jonet<\/p><\/div><\/li><li><img decoding=\"async\" id=\"183\" src=\"https:\/\/cdn.xl.pt\/bs\/uploads\/sites\/255\/2026\/04\/Galp12-1280x720.jpg\" alt=\"Os representantes das autarquias - Mafalda Roriz, Elisabete Silva, Lu\u00eds Almeida Cap\u00e3o \u2013, durante o painel \u2018Voluntariado: a for\u00e7a invis\u00edvel que mant\u00e9m a miss\u00e3o social de p\u00e9\u2019\" uk-cover loading=\"lazy\" \/><div class=\"caption uk-position-bottom-right uk-padding-small uk-padding-remove-vertical\"><p class=\"uk-text-small uk-margin-remove\">Os representantes das autarquias - Mafalda Roriz, Elisabete Silva, Lu\u00eds Almeida Cap\u00e3o \u2013, durante o painel \u2018Voluntariado: a for\u00e7a invis\u00edvel que mant\u00e9m a miss\u00e3o social de p\u00e9\u2019<\/p><\/div><\/li><li><img decoding=\"async\" id=\"186\" src=\"https:\/\/cdn.xl.pt\/bs\/uploads\/sites\/255\/2026\/04\/Galp13-1280x720.jpg\" alt=\"Galp13\" uk-cover loading=\"lazy\" \/><\/li><li><img decoding=\"async\" id=\"189\" src=\"https:\/\/cdn.xl.pt\/bs\/uploads\/sites\/255\/2026\/04\/Galp14-1280x720.jpg\" alt=\"Isabel Jonet\" uk-cover loading=\"lazy\" \/><div class=\"caption uk-position-bottom-right uk-padding-small uk-padding-remove-vertical\"><p class=\"uk-text-small uk-margin-remove\">Isabel Jonet<\/p><\/div><\/li><li><img decoding=\"async\" id=\"192\" src=\"https:\/\/cdn.xl.pt\/bs\/uploads\/sites\/255\/2026\/04\/Galp15-1280x720.jpg\" alt=\"Lu\u00eds Almeida Cap\u00e3o\" uk-cover loading=\"lazy\" \/><div class=\"caption uk-position-bottom-right uk-padding-small uk-padding-remove-vertical\"><p class=\"uk-text-small uk-margin-remove\">Lu\u00eds Almeida Cap\u00e3o<\/p><\/div><\/li><li><img decoding=\"async\" id=\"195\" src=\"https:\/\/cdn.xl.pt\/bs\/uploads\/sites\/255\/2026\/04\/Galp16-1280x720.jpg\" alt=\"Galp16\" uk-cover loading=\"lazy\" \/><\/li><li><img decoding=\"async\" id=\"198\" src=\"https:\/\/cdn.xl.pt\/bs\/uploads\/sites\/255\/2026\/04\/Galp17-1280x720.jpg\" alt=\"Lu\u00eds Almeida Cap\u00e3o durante o painel \u2018Voluntariado: a for\u00e7a invis\u00edvel que mant\u00e9m a miss\u00e3o social de p\u00e9\u2019, com Mafalda Roriz e Elisabete Silva\" uk-cover loading=\"lazy\" \/><div class=\"caption uk-position-bottom-right uk-padding-small uk-padding-remove-vertical\"><p class=\"uk-text-small uk-margin-remove\">Lu\u00eds Almeida Cap\u00e3o durante o painel \u2018Voluntariado: a for\u00e7a invis\u00edvel que mant\u00e9m a miss\u00e3o social de p\u00e9\u2019, com Mafalda Roriz e Elisabete Silva<\/p><\/div><\/li><li><img decoding=\"async\" id=\"201\" src=\"https:\/\/cdn.xl.pt\/bs\/uploads\/sites\/255\/2026\/04\/Galp18-1280x720.jpg\" alt=\"Mafalda Roriz e Elisabete Silva durante o painel \u2018Voluntariado: a for\u00e7a invis\u00edvel que mant\u00e9m a miss\u00e3o social de p\u00e9\u2019\" uk-cover loading=\"lazy\" \/><div class=\"caption uk-position-bottom-right uk-padding-small uk-padding-remove-vertical\"><p class=\"uk-text-small uk-margin-remove\">Mafalda Roriz e Elisabete Silva durante o painel \u2018Voluntariado: a for\u00e7a invis\u00edvel que mant\u00e9m a miss\u00e3o social de p\u00e9\u2019<\/p><\/div><\/li><li><img decoding=\"async\" id=\"204\" src=\"https:\/\/cdn.xl.pt\/bs\/uploads\/sites\/255\/2026\/04\/Galp19-1280x720.jpg\" alt=\"Galp19\" uk-cover loading=\"lazy\" \/><\/li><li><img decoding=\"async\" id=\"207\" src=\"https:\/\/cdn.xl.pt\/bs\/uploads\/sites\/255\/2026\/04\/Galp22-1280x720.jpg\" alt=\"Audit\u00f3rio Am\u00e9rico Amorim lotado\" uk-cover loading=\"lazy\" \/><div class=\"caption uk-position-bottom-right uk-padding-small uk-padding-remove-vertical\"><p class=\"uk-text-small uk-margin-remove\">Audit\u00f3rio Am\u00e9rico Amorim lotado<\/p><\/div><\/li><li><img decoding=\"async\" id=\"210\" src=\"https:\/\/cdn.xl.pt\/bs\/uploads\/sites\/255\/2026\/04\/Galp21-1280x720.jpg\" alt=\"Maria Jo\u00e3o Ruela \" uk-cover loading=\"lazy\" \/><div class=\"caption uk-position-bottom-right uk-padding-small uk-padding-remove-vertical\"><p class=\"uk-text-small uk-margin-remove\">Maria Jo\u00e3o Ruela <\/p><\/div><\/li><li><img decoding=\"async\" id=\"213\" src=\"https:\/\/cdn.xl.pt\/bs\/uploads\/sites\/255\/2026\/04\/Galp20-1280x720.jpg\" alt=\"Isabel Jonet durante o painel \u2018Voluntariado: a for\u00e7a invis\u00edvel que mant\u00e9m a miss\u00e3o social de p\u00e9\u2019, ladeada por Carla Ventura e Maria Jo\u00e3o Ruela \" uk-cover loading=\"lazy\" \/><div class=\"caption uk-position-bottom-right uk-padding-small uk-padding-remove-vertical\"><p class=\"uk-text-small uk-margin-remove\">Isabel Jonet durante o painel \u2018Voluntariado: a for\u00e7a invis\u00edvel que mant\u00e9m a miss\u00e3o social de p\u00e9\u2019, ladeada por Carla Ventura e Maria Jo\u00e3o Ruela <\/p><\/div><\/li><li><img decoding=\"async\" id=\"216\" src=\"https:\/\/cdn.xl.pt\/bs\/uploads\/sites\/255\/2026\/04\/Galp26-1280x720.jpg\" alt=\"Ana Silveira durante a apresenta\u00e7\u00e3o da Proposta das 4 Iniciativas, que fechou a confer\u00eancia\" uk-cover loading=\"lazy\" \/><div class=\"caption uk-position-bottom-right uk-padding-small uk-padding-remove-vertical\"><p class=\"uk-text-small uk-margin-remove\">Ana Silveira durante a apresenta\u00e7\u00e3o da Proposta das 4 Iniciativas, que fechou a confer\u00eancia<\/p><\/div><\/li><li><img decoding=\"async\" id=\"219\" src=\"https:\/\/cdn.xl.pt\/bs\/uploads\/sites\/255\/2026\/04\/Galp25-1280x720.jpg\" alt=\"Carla Ventura e Isabel Jonet durante o painel \u2018Voluntariado: a for\u00e7a invis\u00edvel que mant\u00e9m a miss\u00e3o social de p\u00e9\u2019\" uk-cover loading=\"lazy\" \/><div class=\"caption uk-position-bottom-right uk-padding-small uk-padding-remove-vertical\"><p class=\"uk-text-small uk-margin-remove\">Carla Ventura e Isabel Jonet durante o painel \u2018Voluntariado: a for\u00e7a invis\u00edvel que mant\u00e9m a miss\u00e3o social de p\u00e9\u2019<\/p><\/div><\/li><li><img decoding=\"async\" id=\"222\" src=\"https:\/\/cdn.xl.pt\/bs\/uploads\/sites\/255\/2026\/04\/Galp23-1280x720.jpg\" alt=\"Co-CEO da Galp, Jo\u00e3o Diogo Silva, fez as honras da casa na palestra \u2018Por que falar de voluntariado hoje\u2019\" uk-cover loading=\"lazy\" \/><div class=\"caption uk-position-bottom-right uk-padding-small uk-padding-remove-vertical\"><p class=\"uk-text-small uk-margin-remove\">Co-CEO da Galp, Jo\u00e3o Diogo Silva, fez as honras da casa na palestra \u2018Por que falar de voluntariado hoje\u2019<\/p><\/div><\/li><li><img decoding=\"async\" id=\"225\" src=\"https:\/\/cdn.xl.pt\/bs\/uploads\/sites\/255\/2026\/04\/Galp27-1280x720.jpg\" alt=\"Ricardo Ant\u00f3nio apresentou o Bloco Evid\u00eancia sobre a medi\u00e7\u00e3o do impacto do voluntariado\" uk-cover loading=\"lazy\" \/><div class=\"caption uk-position-bottom-right uk-padding-small uk-padding-remove-vertical\"><p class=\"uk-text-small uk-margin-remove\">Ricardo Ant\u00f3nio apresentou o Bloco Evid\u00eancia sobre a medi\u00e7\u00e3o do impacto do voluntariado<\/p><\/div><\/li><\/ul><a class=\"slidenav-previous uk-position-bottom-right-out uk-margin-small-right uk-position-small\" href=\"#\" uk-slidenav-previous uk-slideshow-item=\"previous\"><\/a><a class=\"slidenav-next uk-position-bottom-right-out uk-position-small\" href=\"#\" uk-slidenav-next uk-slideshow-item=\"next\"><\/a><\/div><\/div><\/section><section class=\"article-content uk-section uk-section-small\"><div class=\"uk-container uk-container-small\">\n<\/div><\/div>\n\n\n\n<div class=\"wp-block-group\"><div class=\"wp-block-group__inner-container is-layout-constrained wp-block-group-is-layout-constrained\">\n<p class=\"uk-h5\"><strong>09H30 &#8211; 09H40 | ABERTURA INSTITUCIONAL<\/strong><br>\u201cPor que falar de voluntariado hoje\u201d<\/p>\n\n\n\n<p><strong>Jo\u00e3o Diogo Silva<\/strong>, Co-CEO Galp<\/p>\n\n\n\n<p class=\"uk-h5\"><strong>09H40 &#8211; 10H30 | 1\u00ba PAINEL<\/strong><br>&#8220;Voluntariado: a for\u00e7a invisivel que mant\u00e9m a miss\u00e3o social de p\u00e9 | Sem voluntariado, o que fica por fazer?\u201d<\/p>\n\n\n\n<p><strong>Isabel Jonet<\/strong>, Presidente, ENTRAJUDA e da Federa\u00e7\u00e3o Portuguesa dos Bancos Alimentares<br><strong>Carla Ventura<\/strong>, Vice-Presidente, Cooperativa Ant\u00f3nio S\u00e9rgio para a Economia Social (CASES)<br><strong>Lu\u00eds Almeida Cap\u00e3o<\/strong>, Vice-Presidente, C\u00e2mara Municipal de Cascais<br><strong>Elizabete Silva<\/strong>, Vereadora da C\u00e2mara Municipal de Gaia<br><strong>Mafalda Roriz<\/strong>, Diretora do Departamento de Desenvolvimento Social, Desporto e Juventude da C\u00e2mara Municipal Maia<\/p>\n\n\n\n<p class=\"uk-h5\"><strong>10H30 &#8211; 10H50 | BLOCO EVID\u00caNCIA<\/strong><br>&#8220;Do entusiasmo \u00e0 evid\u00eancia: como medir o impacto do voluntariado\u201d<\/p>\n\n\n\n<p><strong>Ricardo Ant\u00f3nio<\/strong>, Founder Ethical &#8211; Doing Well By Doing Good.<\/p>\n\n\n\n<p class=\"uk-h5\"><strong>10H50 &#8211; 11H05 | <em>COFFEE BREAK<\/em><\/strong><\/p>\n\n\n\n<p class=\"uk-h5\"><strong>11H10 &#8211; 12H00 | 2\u00ba PAINEL<\/strong><br>&#8220;O que o voluntariado desenvolve em n\u00f3s &#8211; e por que isso interessa \u00e0s organiza\u00e7\u00f5es\u201d<\/p>\n\n\n\n<p><strong>Filipe Mello<\/strong>, Healthcare Manager, CUF &#8211; Hospitais e Cl\u00ednicas<br><strong>Joana Castro e Costa<\/strong>, Diretora Executiva, Nova SBE Leadership for Impact Knowledge Center<br><strong>Andreia Marques<\/strong>, People Experience, Galp<\/p>\n\n\n\n<p class=\"uk-h5\"><strong>12H00 &#8211; 12H20 | KEYNOTE SPEAKER<\/strong><br>&#8220;Voluntariado, cidadania e o tipo de sociedade que queremos construir\u201d<\/p>\n\n\n\n<p><strong>Adolfo Mesquita Nunes<\/strong>, Vice-presidente do Conselho de Administra\u00e7\u00e3o, Galp<\/p>\n\n\n\n<p class=\"uk-h5\"><strong>12H20 &#8211; 12H55 | 3\u00ba PAINEL<\/strong><br>&#8220;Quando o voluntariado funciona: 3 experi\u00eancias, 3 li\u00e7\u00f5es pr\u00e1ticas corporativas\u201d<\/p>\n\n\n\n<p><strong>Sandra Aparicio<\/strong>, Diretora Executiva, Funda\u00e7\u00e3o Galp<br><strong>Daniel Fonseca<\/strong>, Diretor de Marca e Comunica\u00e7\u00e3o, SONAE<br><strong>Pedro Morais Barbosa<\/strong>, Diretor de comunica\u00e7\u00e3o interna, BPI<\/p>\n\n\n\n<p class=\"uk-h5\"><strong>12H55 &#8211; 13H00 | ENCERRAMENTO<\/strong><br>&#8220;Da reflex\u00e3o \u00e0 a\u00e7\u00e3o &#8211; Proposta das 4 Iniciativas\u201d<\/p>\n\n\n\n<p><strong>Ana Silveira<\/strong>, Diretora de Rela\u00e7\u00f5es Externas e Comunica\u00e7\u00e3o, Galp<\/p>\n\n\n\n<p class=\"uk-h5\"><strong>13H30 | ALMO\u00c7O<\/strong><\/p>\n<\/div><\/div>\n\n\n\n<div class=\"wp-block-group\"><div class=\"wp-block-group__inner-container is-layout-constrained wp-block-group-is-layout-constrained\"><div class=\"uk-margin-medium\"><iframe width=\"1280\" height=\"720\" src=\"\/\/www.youtube.com\/embed\/aIG_h9KapH0?showinfo=0\" frameborder=\"0\" allowfullscreen data-uk-responsive loading=\"lazy\" referrerpolicy=\"no-referrer-when-downgrade\" title=\"\"><\/iframe><\/div>\n<\/div><\/div>\n","protected":false},"excerpt":{"rendered":"<p>Num contexto de crescentes desafios sociais, esta confer\u00eancia convida \u00e0 reflex\u00e3o sobre o papel do voluntariado hoje: a sua relev\u00e2ncia para a coes\u00e3o social, o impacto real que gera e o valor que acrescenta \u00e0s pessoas e \u00e0s organiza\u00e7\u00f5es. Ao longo da manh\u00e3, l\u00edderes institucionais, aut\u00e1rquicos e empresariais partilham evid\u00eancia, experi\u00eancias e caminhos concretos para [&hellip;]<\/p>\n","protected":false},"featured_media":267,"template":"","meta":[],"categories":[3],"tags":[],"class_list":["post-27","seminars","type-seminars","status-publish","has-post-thumbnail","hentry","category-conferencia"],"_links":{"self":[{"href":"https:\/\/bs.xl.pt\/voluntariado-tempo-conta\/wp-json\/wp\/v2\/seminars\/27","targetHints":{"allow":["GET"]}}],"collection":[{"href":"https:\/\/bs.xl.pt\/voluntariado-tempo-conta\/wp-json\/wp\/v2\/seminars"}],"about":[{"href":"https:\/\/bs.xl.pt\/voluntariado-tempo-conta\/wp-json\/wp\/v2\/types\/seminars"}],"wp:featuredmedia":[{"embeddable":true,"href":"https:\/\/bs.xl.pt\/voluntariado-tempo-conta\/wp-json\/wp\/v2\/media\/267"}],"wp:attachment":[{"href":"https:\/\/bs.xl.pt\/voluntariado-tempo-conta\/wp-json\/wp\/v2\/media?parent=27"}],"wp:term":[{"taxonomy":"category","embeddable":true,"href":"https:\/\/bs.xl.pt\/voluntariado-tempo-conta\/wp-json\/wp\/v2\/categories?post=27"},{"taxonomy":"post_tag","embeddable":true,"href":"https:\/\/bs.xl.pt\/voluntariado-tempo-conta\/wp-json\/wp\/v2\/tags?post=27"}],"curies":[{"name":"wp","href":"https:\/\/api.w.org\/{rel}","templated":true}]}}