{"id":171,"date":"2026-04-24T11:54:00","date_gmt":"2026-04-24T10:54:00","guid":{"rendered":"https:\/\/bs.xl.pt\/voluntariado-tempo-conta\/?post_type=volunteer_action&#038;p=171"},"modified":"2026-04-28T14:56:54","modified_gmt":"2026-04-28T13:56:54","slug":"requalificacao-de-um-espaco-publico","status":"publish","type":"volunteer_action","link":"https:\/\/bs.xl.pt\/voluntariado-tempo-conta\/volunteer-actions\/requalificacao-de-um-espaco-publico\/","title":{"rendered":"Requalifica\u00e7\u00e3o de um espa\u00e7o p\u00fablico"},"content":{"rendered":"\n<p>No \u00e2mbito da iniciativa&nbsp;<strong>\u201cVoluntariado. O tempo que Conta\u201d<\/strong>, a Funda\u00e7\u00e3o Galp convida-o(a) a participar na a\u00e7\u00e3o de voluntariado em&nbsp;<strong>Alc\u00e2ntara<\/strong>, no dia&nbsp;<strong>6 de maio<\/strong>, em parceria com aJunta de Freguesia de Alc\u00e2ntara e com a participa\u00e7\u00e3o da embaixadora&nbsp;<strong>Sara Correia<\/strong>.<\/p>\n\n\n\n<p>O objetivo desta a\u00e7\u00e3o ser\u00e1 a&nbsp;<strong>requalifica\u00e7\u00e3o de um espa\u00e7o p\u00fablico<\/strong>, incluindo edif\u00edcio, campo de jogos e parque infantil. A iniciativa refor\u00e7a a presen\u00e7a da Galp num territ\u00f3rio onde j\u00e1 investe socialmente, promovendo um impacto pr\u00f3ximo, vis\u00edvel e relevante para a comunidade local e para os seus colaboradores.<\/p>\n\n\n\n<p><strong>Atividades previstas:<\/strong><br>\u2022 Pintura de edif\u00edcio<br>\u2022 Pintura de campo de jogos<br>\u2022 Requalifica\u00e7\u00e3o de parque infantil vandalizado<br>\u2022 Pequenas repara\u00e7\u00f5es<\/p>\n\n\n\n<p>\ud83d\udccd&nbsp;<strong>Local:<\/strong>&nbsp;Parque Infantil da Quinta do Cabrinha | Alc\u00e2ntara<br>\ud83d\udd52&nbsp;<strong>Hor\u00e1rio:<\/strong>&nbsp;9h30 \u00e0s 16h00<br>\ud83d\udc65&nbsp;<strong>Capacidade m\u00e1xima:<\/strong>&nbsp;at\u00e9 210 volunt\u00e1rios<\/p>\n\n\n\n<p>A Funda\u00e7\u00e3o Galp disponibilizar\u00e1 uma t-shirt da iniciativa a todos os volunt\u00e1rios. Recomenda-se roupa confort\u00e1vel e cal\u00e7ado adequado.&nbsp;<\/p>\n\n\n\n<p>Integrada no Ano Internacional dos Volunt\u00e1rios, assinalado pelas Na\u00e7\u00f5es Unidas, esta iniciativa pretende transformar reflex\u00e3o em a\u00e7\u00e3o concreta, mobilizando colaboradores da Galp e participantes para responder a necessidades concretas nas comunidades.<\/p>\n\n\n\n<p>Caso tenha limita\u00e7\u00f5es de mobilidade ou restri\u00e7\u00f5es f\u00edsicas, recomendamos que avalie as caracter\u00edsticas desta a\u00e7\u00e3o antes de se inscrever, uma vez que poder\u00e1 envolver pintura, pequenas repara\u00e7\u00f5es e atividades ao ar livre.<\/p>\n","protected":false},"excerpt":{"rendered":"<p>No \u00e2mbito da iniciativa&nbsp;\u201cVoluntariado. O tempo que Conta\u201d, a Funda\u00e7\u00e3o Galp convida-o(a) a participar na a\u00e7\u00e3o de voluntariado em&nbsp;Alc\u00e2ntara, no dia&nbsp;6 de maio, em parceria com aJunta de Freguesia de Alc\u00e2ntara e com a participa\u00e7\u00e3o da embaixadora&nbsp;Sara Correia. O objetivo desta a\u00e7\u00e3o ser\u00e1 a&nbsp;requalifica\u00e7\u00e3o de um espa\u00e7o p\u00fablico, incluindo edif\u00edcio, campo de jogos e parque [&hellip;]<\/p>\n","protected":false},"featured_media":0,"template":"","meta":[],"class_list":["post-171","volunteer_action","type-volunteer_action","status-publish","hentry"],"_links":{"self":[{"href":"https:\/\/bs.xl.pt\/voluntariado-tempo-conta\/wp-json\/wp\/v2\/volunteer_action\/171","targetHints":{"allow":["GET"]}}],"collection":[{"href":"https:\/\/bs.xl.pt\/voluntariado-tempo-conta\/wp-json\/wp\/v2\/volunteer_action"}],"about":[{"href":"https:\/\/bs.xl.pt\/voluntariado-tempo-conta\/wp-json\/wp\/v2\/types\/volunteer_action"}],"wp:attachment":[{"href":"https:\/\/bs.xl.pt\/voluntariado-tempo-conta\/wp-json\/wp\/v2\/media?parent=171"}],"curies":[{"name":"wp","href":"https:\/\/api.w.org\/{rel}","templated":true}]}}